{"id":1179,"date":"2021-09-17T13:06:50","date_gmt":"2021-09-17T11:06:50","guid":{"rendered":"https:\/\/cri.it\/trentinonew\/?page_id=1179"},"modified":"2026-08-25T11:52:09","modified_gmt":"2026-08-25T09:52:09","slug":"bandi-avvisi-e-concorsi","status":"publish","type":"page","link":"https:\/\/cri.it\/trentino\/bandi-avvisi-e-concorsi\/","title":{"rendered":"Lavora con noi: bandi, avvisi e concorsi"},"content":{"rendered":"\t\t<div data-elementor-type=\"wp-page\" data-elementor-id=\"1179\" class=\"elementor elementor-1179\">\n\t\t\t\t\t\t<section class=\"elementor-section elementor-top-section elementor-element elementor-element-7eeaa0ab elementor-section-boxed elementor-section-height-default elementor-section-height-default\" data-id=\"7eeaa0ab\" data-element_type=\"section\" data-e-type=\"section\">\n\t\t\t\t\t\t<div class=\"elementor-container elementor-column-gap-default\">\n\t\t\t\t\t<div class=\"elementor-column elementor-col-100 elementor-top-column elementor-element elementor-element-61b120ef\" data-id=\"61b120ef\" data-element_type=\"column\" data-e-type=\"column\">\n\t\t\t<div class=\"elementor-widget-wrap elementor-element-populated\">\n\t\t\t\t\t\t<div class=\"elementor-element elementor-element-49758e2 elementor-widget elementor-widget-text-editor\" data-id=\"49758e2\" data-element_type=\"widget\" data-e-type=\"widget\" data-widget_type=\"text-editor.default\">\n\t\t\t\t<div class=\"elementor-widget-container\">\n\t\t\t\t\t\t\t\t\t<h1 class=\"viewTitolo viewTitolo1\"><em class=\"userFormat2\" style=\"font-family: Roboto, Helvetica, Arial, sans-serif; font-size: 18px;\">Nel rispetto del decreto legislativo n.5\/2010 e dei <\/em><a href=\"https:\/\/www.cri.it\/storiaeprincipi\" style=\"font-family: Roboto, Helvetica, Arial, sans-serif; font-size: 18px;\"><em class=\"userFormat2\">principi di Croce Rossa<\/em><\/a><em class=\"userFormat2\" style=\"font-family: Roboto, Helvetica, Arial, sans-serif; font-size: 18px;\">, le posizioni aperte in questa sezione sono rivolte a tutti gli interessati secondo il principio delle pari opportunit\u00e0 e della parit\u00e0 di trattamento fra uomini e donne in materia di occupazione e di impiego.<\/em><\/h1><div class=\"viewLineBreak\"><\/div><div><hr class=\"viewHR BLOBAlignLeft\" \/><\/div><h3 class=\"viewTitolo3\">Selezioni Aperte<\/h3>\t\t\t\t\t\t\t\t<\/div>\n\t\t\t\t<\/div>\n\t\t\t\t\t<\/div>\n\t\t<\/div>\n\t\t\t\t\t<\/div>\n\t\t<\/section>\n\t\t\t\t<section class=\"elementor-section elementor-top-section elementor-element elementor-element-150aad5 elementor-section-boxed elementor-section-height-default elementor-section-height-default\" data-id=\"150aad5\" data-element_type=\"section\" data-e-type=\"section\">\n\t\t\t\t\t\t<div class=\"elementor-container elementor-column-gap-default\">\n\t\t\t\t\t<div class=\"elementor-column elementor-col-100 elementor-top-column elementor-element elementor-element-8507b15\" data-id=\"8507b15\" data-element_type=\"column\" data-e-type=\"column\">\n\t\t\t<div class=\"elementor-widget-wrap elementor-element-populated\">\n\t\t\t\t\t\t<div class=\"elementor-element elementor-element-d4c5634 elementor-widget elementor-widget-toggle\" data-id=\"d4c5634\" data-element_type=\"widget\" data-e-type=\"widget\" data-widget_type=\"toggle.default\">\n\t\t\t\t<div class=\"elementor-widget-container\">\n\t\t\t\t\t\t\t<div class=\"elementor-toggle\">\n\t\t\t\t\t\t\t<div class=\"elementor-toggle-item\">\n\t\t\t\t\t<div id=\"elementor-tab-title-2231\" class=\"elementor-tab-title\" data-tab=\"1\" role=\"button\" aria-controls=\"elementor-tab-content-2231\" aria-expanded=\"false\">\n\t\t\t\t\t\t\t\t\t\t\t\t<span class=\"elementor-toggle-icon elementor-toggle-icon-left\" aria-hidden=\"true\">\n\t\t\t\t\t\t\t\t\t\t\t\t\t\t\t<span class=\"elementor-toggle-icon-closed\"><i class=\"fas fa-caret-right\"><\/i><\/span>\n\t\t\t\t\t\t\t\t<span class=\"elementor-toggle-icon-opened\"><i class=\"elementor-toggle-icon-opened fas fa-caret-up\"><\/i><\/span>\n\t\t\t\t\t\t\t\t\t\t\t\t\t<\/span>\n\t\t\t\t\t\t\t\t\t\t\t\t<a class=\"elementor-toggle-title\" tabindex=\"0\">Operatore Socio Sanitario (OSS)<\/a>\n\t\t\t\t\t<\/div>\n\n\t\t\t\t\t<div id=\"elementor-tab-content-2231\" class=\"elementor-tab-content elementor-clearfix\" data-tab=\"1\" role=\"region\" aria-labelledby=\"elementor-tab-title-2231\"><p>Supporta gli utenti di un centro di accoglienza nella gestione della vita quotidiana, contribuendo al loro benessere psico-fisico e al mantenimento dell\u2019autonomia personale, in collaborazione con l\u2019\u00e9quipe degli operatori della struttura.<\/p><p><strong>Qualifica ISTAT<\/strong>:\u00a0 PROFESSIONI QUALIFICATE NEI SERVIZI SANITARI E SOCIALI<\/p><p><strong>CCNL<\/strong>\u00a0applicato: Croce Rossa Italiana<br \/><strong>RAL<\/strong>: \u20ac 21.450<br \/><strong>Contratto: <\/strong>Lavoro dipendente TD<\/p><p><strong><u>Conoscenze linguistiche<\/u><\/strong><\/p><p><strong>ITALIANO<\/strong><\/p><ul><li><strong>Letto:\u00a0<\/strong>B2<\/li><li><strong>Parlato:\u00a0<\/strong>B2<\/li><li><strong>Scritto:\u00a0<\/strong>B2<\/li><\/ul><p><strong>Conoscenze informatiche:\u00a0 <\/strong>Buona conoscenza del Pacchetto Microsoft Office (Word, Excel, Outlook)<\/p><p><strong>Luogo di lavoro<\/strong>: Levico Terme (TN)<\/p><p>Titolo di studio: diploma di istruzione secondaria superiore<\/p><p><strong>Patente<\/strong>: B = auto e autocarri fino a 35 q.<\/p><\/div>\n\t\t\t\t<\/div>\n\t\t\t\t\t\t\t<div class=\"elementor-toggle-item\">\n\t\t\t\t\t<div id=\"elementor-tab-title-2232\" class=\"elementor-tab-title\" data-tab=\"2\" role=\"button\" aria-controls=\"elementor-tab-content-2232\" aria-expanded=\"false\">\n\t\t\t\t\t\t\t\t\t\t\t\t<span class=\"elementor-toggle-icon elementor-toggle-icon-left\" aria-hidden=\"true\">\n\t\t\t\t\t\t\t\t\t\t\t\t\t\t\t<span class=\"elementor-toggle-icon-closed\"><i class=\"fas fa-caret-right\"><\/i><\/span>\n\t\t\t\t\t\t\t\t<span class=\"elementor-toggle-icon-opened\"><i class=\"elementor-toggle-icon-opened fas fa-caret-up\"><\/i><\/span>\n\t\t\t\t\t\t\t\t\t\t\t\t\t<\/span>\n\t\t\t\t\t\t\t\t\t\t\t\t<a class=\"elementor-toggle-title\" tabindex=\"0\">Infermiere<\/a>\n\t\t\t\t\t<\/div>\n\n\t\t\t\t\t<div id=\"elementor-tab-content-2232\" class=\"elementor-tab-content elementor-clearfix\" data-tab=\"2\" role=\"region\" aria-labelledby=\"elementor-tab-title-2232\"><p>Selezione per l\u2019assunzione di personale infermieristico con contratto a tempo determinato, volto alla stabilizzazione e finalizzata al rafforzamento delle attivit\u00e0 sanitarie e assistenziali gestite dal Comitato sul territorio provinciale. Siamo alla ricerca di professionisti motivati, anche alla prima esperienza, da inserire all&#8217;interno dei nostri attuali servizi<br \/>sanitari e dei nuovi progetti di assistenza in fase di sviluppo. La figura ricercata operer\u00e0 in contesti eterogenei, garantendo standard qualitativi elevati, nel pieno rispetto del profilo professionale, codice deontologico e delle competenze acquisite tramite formazione base e post-base. Questa figura avr\u00e0 la responsabilit\u00e0 di valutare i bisogni assistenziali dei pazienti,<br \/>definendo e monitorando i relativi piani di cura per assicurarne l&#8217;efficacia nel tempo. Operer\u00e0 quotidianamente nella gestione clinica, occupandosi dell\u2019applicazione delle prescrizioni diagnostiche e terapeutiche, inclusa la somministrazione delle terapie, l&#8217;esecuzione di medicazioni e la gestione dei prelievi. All&#8217;infermiere\/a \u00e8 richiesta la capacit\u00e0 di operare con<br \/>autonomia decisionale e professionale, integrandosi attivamente nei team multidisciplinari della Croce Rossa e collaborando sinergicamente con il personale di supporto per garantire la continuit\u00e0 e la qualit\u00e0 dell&#8217;assistenza in tutti i setting operativi previsti dai nostri progetti.<\/p><p><strong>Qualifica ISTAT<\/strong>:\u00a0 PROFESSIONI SANITARIE INFERMIERISTICHE ED OSTETRICHE<\/p><p><o:p><\/o:p><\/p><p><strong>CCNL:<\/strong>\u00a0applicato: Croce Rossa Italiana<br \/><strong>RAL<\/strong>: \u20ac 27.000<br \/><strong>Contratto: <\/strong>Lavoro dipendente TD<\/p><p><strong><u>Requisiti indispensabili:<br \/><br \/>Conoscenze linguistiche<\/u><\/strong><\/p><p><strong>ITALIANO<\/strong><\/p><ul><li><strong>Letto: C1<\/strong><\/li><li><strong>Parlato: C1<\/strong><\/li><li><strong>Scritto: C1<\/strong><\/li><\/ul><p><strong>Conoscenze informatiche:\u00a0 <\/strong>Buona conoscenza del Pacchetto Microsoft Office (Word, Excel, Outlook)<\/p><p><strong>Luogo di lavoro<\/strong>: Levico Terme (TN)<\/p><p><b>Titolo di studio<\/b>: laurea di primo Livello (nuovo ordinamento, corsi di 3 anni) in scienze infermieristiche o diploma di infermiere equipollente.\u00a0<\/p><p><strong>Patente<\/strong>: B = auto e autocarri fino a 35 q.<br \/><br \/>Iscrizione <b>Ordine Professioni infermieristiche<\/b> OPI<br \/><br \/><\/p><\/div>\n\t\t\t\t<\/div>\n\t\t\t\t\t\t\t<div class=\"elementor-toggle-item\">\n\t\t\t\t\t<div id=\"elementor-tab-title-2233\" class=\"elementor-tab-title\" data-tab=\"3\" role=\"button\" aria-controls=\"elementor-tab-content-2233\" aria-expanded=\"false\">\n\t\t\t\t\t\t\t\t\t\t\t\t<span class=\"elementor-toggle-icon elementor-toggle-icon-left\" aria-hidden=\"true\">\n\t\t\t\t\t\t\t\t\t\t\t\t\t\t\t<span class=\"elementor-toggle-icon-closed\"><i class=\"fas fa-caret-right\"><\/i><\/span>\n\t\t\t\t\t\t\t\t<span class=\"elementor-toggle-icon-opened\"><i class=\"elementor-toggle-icon-opened fas fa-caret-up\"><\/i><\/span>\n\t\t\t\t\t\t\t\t\t\t\t\t\t<\/span>\n\t\t\t\t\t\t\t\t\t\t\t\t<a class=\"elementor-toggle-title\" tabindex=\"0\">Operatore di Centrale Operativa<\/a>\n\t\t\t\t\t<\/div>\n\n\t\t\t\t\t<div id=\"elementor-tab-content-2233\" class=\"elementor-tab-content elementor-clearfix\" data-tab=\"3\" role=\"region\" aria-labelledby=\"elementor-tab-title-2233\"><p>L\u2019Operatore di centrale avr\u00e0 il compito di gestire la presa in carico delle richieste dall\u2019inizio alla fine, sia tramite la risposta di primo livello, che attraverso la gestione di secondo livello (back office), assumendo il ruolo di punto di contatto fra la popolazione e la Croce Rossa del Trentino.<\/p><p>Nell\u2019ambito delle funzioni descritte, la risorsa si occuper\u00e0 delle seguenti attivit\u00e0:<\/p><p>* svolgere un\u2019analisi della domanda efficace nel minor tempo possibile, assicurandosi di ricavare tutte le informazioni utili a definire qual \u00e8 il problema e qual \u00e8 il contesto di riferimento per la persona che chiama;<\/p><p>* attivare nel rispetto delle Procedure Operative Standard e delle indicazioni ricevute dal Responsabile e coordinate con i soggetti competenti per la gestione delle richieste di secondo livello;<\/p><p>* comunicare in maniera esaustiva, precisa e funzionale rispetto agli atteggiamenti del chiamante, la risposta, attraverso il corretto utilizzo degli strumenti a disposizione;<\/p><p>* trasferire sensazioni di fiducia e positivit\u00e0 nel chiamante;<\/p><p>* risolvere eventuali problemi che dovessero insorgere durante una telefonata, assicurando il minor tempo d\u2019attesa possibile al chiamante;<\/p><p>* monitorare la gestione delle richieste di secondo livello da parte di diversi interlocutori;<\/p><p>* assicurare lo svolgimento ed il rispetto delle ulteriori attivit\u00e0 assegnate dal Responsabile e l\u2019applicazione delle Procedure Operative Standard del Numero Verde.<\/p><p><strong>Qualifica ISTAT<\/strong>:\u00a0 addetti all\u2019assistenza personale, settore sanit\u00e0 e assistenza alla persona<\/p><p><strong>CCNL<\/strong>\u00a0applicato: Croce Rossa Italiana<br \/><strong>RAL<\/strong>: \u20ac 21.000<br \/><strong>Contratto: <\/strong>Lavoro dipendente TD<\/p><p><strong><u>Conoscenze linguistiche<\/u><\/strong><\/p><p><strong>ITALIANO<\/strong><\/p><ul><li><strong>Letto:\u00a0<\/strong>C1<\/li><li><strong>Parlato:\u00a0<\/strong>C1<\/li><li><strong>Scritto:\u00a0<\/strong>C1<\/li><\/ul><p><strong>Conoscenze informatiche: <\/strong>ottima conoscenza del Pacchetto Microsoft Office (Word, Excel, Outlook)<\/p><p><strong>Luogo di lavoro<\/strong>: Trento<br \/><strong>Trasferte previste<\/strong>: Bolzano<br \/>Turni: il lavoro prevede una turnazione variabile mensile \u2013 compresi notturni e festivi<\/p><p>Titolo di studio: diploma di istruzione secondaria superiore<br \/>Requisito preferenziale: conoscenza della lingua tedesca, esperienza pregressa nel ruolo preferibilmente nel Terzo serttore, problem solving<\/p><p><strong>Patente<\/strong>: B = auto e autocarri fino a 35 q.<\/p><p><\/p><\/div>\n\t\t\t\t<\/div>\n\t\t\t\t\t\t\t\t<\/div>\n\t\t\t\t\t\t<\/div>\n\t\t\t\t<\/div>\n\t\t\t\t\t<\/div>\n\t\t<\/div>\n\t\t\t\t\t<\/div>\n\t\t<\/section>\n\t\t\t\t<section class=\"elementor-section elementor-top-section elementor-element elementor-element-f80fd52 elementor-section-boxed elementor-section-height-default elementor-section-height-default\" data-id=\"f80fd52\" data-element_type=\"section\" data-e-type=\"section\">\n\t\t\t\t\t\t<div class=\"elementor-container elementor-column-gap-default\">\n\t\t\t\t\t<div class=\"elementor-column elementor-col-100 elementor-top-column elementor-element elementor-element-8272a4a\" data-id=\"8272a4a\" data-element_type=\"column\" data-e-type=\"column\">\n\t\t\t<div class=\"elementor-widget-wrap elementor-element-populated\">\n\t\t\t\t\t\t<div class=\"elementor-element elementor-element-4ceb748 elementor-widget elementor-widget-text-editor\" data-id=\"4ceb748\" data-element_type=\"widget\" data-e-type=\"widget\" data-widget_type=\"text-editor.default\">\n\t\t\t\t<div class=\"elementor-widget-container\">\n\t\t\t\t\t\t\t\t\t<p><strong>Come candidarsi:<\/strong><br \/>Per candidarsi, \u00e8 necessario inviare il proprio <strong data-start=\"48\" data-end=\"68\">curriculum vitae<\/strong> all\u2019indirizzo <strong data-start=\"83\" data-end=\"114\"><a data-start=\"85\" data-end=\"112\" data-is-only-node=\"\" class=\"decorated-link cursor-pointer\" rel=\"noopener\">risorseumane@critrentino.it<\/a><\/strong>, indicando nell\u2019<strong data-start=\"131\" data-end=\"178\">oggetto dell\u2019e-mail il titolo dell\u2019annuncio<\/strong> per il quale si presenta la candidatura.<\/p>\t\t\t\t\t\t\t\t<\/div>\n\t\t\t\t<\/div>\n\t\t\t\t\t<\/div>\n\t\t<\/div>\n\t\t\t\t\t<\/div>\n\t\t<\/section>\n\t\t\t\t<section class=\"elementor-section elementor-top-section elementor-element elementor-element-d9650cb elementor-section-boxed elementor-section-height-default elementor-section-height-default\" data-id=\"d9650cb\" data-element_type=\"section\" data-e-type=\"section\">\n\t\t\t\t\t\t<div class=\"elementor-container elementor-column-gap-default\">\n\t\t\t\t\t<div class=\"elementor-column elementor-col-100 elementor-top-column elementor-element elementor-element-e1618b9\" data-id=\"e1618b9\" data-element_type=\"column\" data-e-type=\"column\">\n\t\t\t<div class=\"elementor-widget-wrap elementor-element-populated\">\n\t\t\t\t\t\t<div class=\"elementor-element elementor-element-c70af9e elementor-widget elementor-widget-text-editor\" data-id=\"c70af9e\" data-element_type=\"widget\" data-e-type=\"widget\" data-widget_type=\"text-editor.default\">\n\t\t\t\t<div class=\"elementor-widget-container\">\n\t\t\t\t\t\t\t\t\t<p><strong>Requisiti fondamentali richiesti a tutte le candidature<\/strong>: <br \/>la piena condivisione dei Principi Fondamentali, del Codice Etico e della Mission del Movimento Internazionale della Croce Rossa e della Mezzaluna Rossa e della Croce Rossa Italiana.<\/p><p>I candidati ritenuti idonei saranno ammessi a un colloquio tecnico-motivazionale, nel corso del quale saranno approfonditi il background professionale, le competenze e le esperienze maturate nello svolgimento di attivit\u00e0 attinenti al profilo ricercato, nonch\u00e9 la capacit\u00e0 di lavorare in team, le capacit\u00e0 comunicative e relazionali e l\u2019attitudine a operare efficacemente anche in situazioni di stress.<\/p>\t\t\t\t\t\t\t\t<\/div>\n\t\t\t\t<\/div>\n\t\t\t\t\t<\/div>\n\t\t<\/div>\n\t\t\t\t\t<\/div>\n\t\t<\/section>\n\t\t\t\t<\/div>\n\t\t","protected":false},"excerpt":{"rendered":"<p>Nel rispetto del decreto legislativo n.5\/2010 e dei principi di Croce Rossa, le posizioni aperte in questa sezione sono rivolte a tutti gli interessati secondo il principio delle pari opportunit\u00e0 e della parit\u00e0 di trattamento fra uomini e donne in materia di occupazione e di impiego. Selezioni Aperte Operatore Socio [&hellip;]<\/p>\n","protected":false},"author":66,"featured_media":1795,"parent":0,"menu_order":0,"comment_status":"closed","ping_status":"closed","template":"","meta":{"_themeisle_gutenberg_block_has_review":false,"footnotes":""},"categories":[],"tags":[],"class_list":["post-1179","page","type-page","status-publish","has-post-thumbnail","hentry"],"_links":{"self":[{"href":"https:\/\/cri.it\/trentino\/wp-json\/wp\/v2\/pages\/1179","targetHints":{"allow":["GET"]}}],"collection":[{"href":"https:\/\/cri.it\/trentino\/wp-json\/wp\/v2\/pages"}],"about":[{"href":"https:\/\/cri.it\/trentino\/wp-json\/wp\/v2\/types\/page"}],"author":[{"embeddable":true,"href":"https:\/\/cri.it\/trentino\/wp-json\/wp\/v2\/users\/66"}],"replies":[{"embeddable":true,"href":"https:\/\/cri.it\/trentino\/wp-json\/wp\/v2\/comments?post=1179"}],"version-history":[{"count":4,"href":"https:\/\/cri.it\/trentino\/wp-json\/wp\/v2\/pages\/1179\/revisions"}],"predecessor-version":[{"id":7843,"href":"https:\/\/cri.it\/trentino\/wp-json\/wp\/v2\/pages\/1179\/revisions\/7843"}],"wp:featuredmedia":[{"embeddable":true,"href":"https:\/\/cri.it\/trentino\/wp-json\/wp\/v2\/media\/1795"}],"wp:attachment":[{"href":"https:\/\/cri.it\/trentino\/wp-json\/wp\/v2\/media?parent=1179"}],"wp:term":[{"taxonomy":"category","embeddable":true,"href":"https:\/\/cri.it\/trentino\/wp-json\/wp\/v2\/categories?post=1179"},{"taxonomy":"post_tag","embeddable":true,"href":"https:\/\/cri.it\/trentino\/wp-json\/wp\/v2\/tags?post=1179"}],"curies":[{"name":"wp","href":"https:\/\/api.w.org\/{rel}","templated":true}]}}