{"id":1140,"date":"2021-09-17T12:15:07","date_gmt":"2021-09-17T10:15:07","guid":{"rendered":"https:\/\/cri.it\/trentinonew\/?page_id=1140"},"modified":"2025-04-17T11:19:17","modified_gmt":"2025-04-17T09:19:17","slug":"contatti-2","status":"publish","type":"page","link":"https:\/\/cri.it\/trentino\/contatti_critrentino\/","title":{"rendered":"Contatti CRI Trentino"},"content":{"rendered":"\t\t<div data-elementor-type=\"wp-page\" data-elementor-id=\"1140\" class=\"elementor elementor-1140\">\n\t\t\t\t\t\t<section class=\"elementor-section elementor-top-section elementor-element elementor-element-643abed elementor-section-boxed elementor-section-height-default elementor-section-height-default\" data-id=\"643abed\" data-element_type=\"section\" data-e-type=\"section\">\n\t\t\t\t\t\t<div class=\"elementor-container elementor-column-gap-default\">\n\t\t\t\t\t<div class=\"elementor-column elementor-col-50 elementor-top-column elementor-element elementor-element-9269c1c\" data-id=\"9269c1c\" data-element_type=\"column\" data-e-type=\"column\">\n\t\t\t<div class=\"elementor-widget-wrap elementor-element-populated\">\n\t\t\t\t\t\t<div class=\"elementor-element elementor-element-0d3167a elementor-widget__width-initial elementor-widget elementor-widget-text-editor\" data-id=\"0d3167a\" data-element_type=\"widget\" data-e-type=\"widget\" data-widget_type=\"text-editor.default\">\n\t\t\t\t<div class=\"elementor-widget-container\">\n\t\t\t\t\t\t\t\t\t<h3>Croce Rossa Italiana<br \/>Comitato Provinciale del Trentino<\/h3><div><div><div><div><div><div><div aria-label=\"Map\" role=\"group\"><div><div><div><\/div><\/div><div><\/div><\/div><div><div><div role=\"button\"><p><img decoding=\"async\" alt=\"\" src=\"https:\/\/maps.gstatic.com\/mapfiles\/transparent.png\" usemap=\"#gmimap0\" \/><b>SEDE LEGALE e OPERATIVA<br \/><\/b>Via Lunelli, 47<br \/>38121 Trento (TN)<\/p><p>Telefono +39 0461 82 97 35<br \/>Whatsapp +39 334 66 20 182<\/p><p>Email:\u00a0<a href=\"mailto:trentino@cri.it\" style=\"background-color: #ffffff;\">trentino@cri.it<\/a><br \/>P.I. e C.F. 02410380220<\/p><\/div><\/div><div><div><div><div role=\"dialog\"><div><div><strong>ORARI di APERTURA<\/strong><\/div><\/div><\/div><\/div><\/div><\/div><\/div><\/div><\/div><\/div><\/div><\/div><div><div><p>Da luned\u00ec a gioved\u00ec 8.00 &#8211; 17.00 (orario continuato)<br \/>Venerd\u00ec 8.00 &#8211; 14.00<\/p><\/div><\/div><\/div><\/div>\t\t\t\t\t\t\t\t<\/div>\n\t\t\t\t<\/div>\n\t\t\t\t\t<\/div>\n\t\t<\/div>\n\t\t\t\t<div class=\"elementor-column elementor-col-50 elementor-top-column elementor-element elementor-element-cd6e7e1\" data-id=\"cd6e7e1\" data-element_type=\"column\" data-e-type=\"column\">\n\t\t\t<div class=\"elementor-widget-wrap elementor-element-populated\">\n\t\t\t\t\t\t<div class=\"elementor-element elementor-element-95334c8 elementor-widget elementor-widget-google_maps\" data-id=\"95334c8\" data-element_type=\"widget\" data-e-type=\"widget\" data-widget_type=\"google_maps.default\">\n\t\t\t\t<div class=\"elementor-widget-container\">\n\t\t\t\t\t\t\t<div class=\"elementor-custom-embed\">\n\t\t\t<iframe loading=\"lazy\"\n\t\t\t\t\tsrc=\"https:\/\/maps.google.com\/maps?q=Trento%2C%20Via%20Lunelli%2047&#038;t=m&#038;z=16&#038;output=embed&#038;iwloc=near\"\n\t\t\t\t\ttitle=\"Trento, Via Lunelli 47\"\n\t\t\t\t\taria-label=\"Trento, Via Lunelli 47\"\n\t\t\t><\/iframe>\n\t\t<\/div>\n\t\t\t\t\t\t<\/div>\n\t\t\t\t<\/div>\n\t\t\t\t\t<\/div>\n\t\t<\/div>\n\t\t\t\t\t<\/div>\n\t\t<\/section>\n\t\t\t\t<section class=\"elementor-section elementor-top-section elementor-element elementor-element-9013669 elementor-section-boxed elementor-section-height-default elementor-section-height-default\" data-id=\"9013669\" data-element_type=\"section\" data-e-type=\"section\">\n\t\t\t\t\t\t<div class=\"elementor-container elementor-column-gap-default\">\n\t\t\t\t\t<div class=\"elementor-column elementor-col-100 elementor-top-column elementor-element elementor-element-47b8e3a\" data-id=\"47b8e3a\" data-element_type=\"column\" data-e-type=\"column\">\n\t\t\t<div class=\"elementor-widget-wrap elementor-element-populated\">\n\t\t\t\t\t\t<div class=\"elementor-element elementor-element-8f1a5f5 elementor-widget elementor-widget-spacer\" data-id=\"8f1a5f5\" data-element_type=\"widget\" data-e-type=\"widget\" data-widget_type=\"spacer.default\">\n\t\t\t\t<div class=\"elementor-widget-container\">\n\t\t\t\t\t\t\t<div class=\"elementor-spacer\">\n\t\t\t<div class=\"elementor-spacer-inner\"><\/div>\n\t\t<\/div>\n\t\t\t\t\t\t<\/div>\n\t\t\t\t<\/div>\n\t\t\t\t\t<\/div>\n\t\t<\/div>\n\t\t\t\t\t<\/div>\n\t\t<\/section>\n\t\t\t\t<section class=\"elementor-section elementor-top-section elementor-element elementor-element-7a669875 elementor-section-boxed elementor-section-height-default elementor-section-height-default\" data-id=\"7a669875\" data-element_type=\"section\" data-e-type=\"section\">\n\t\t\t\t\t\t<div class=\"elementor-container elementor-column-gap-default\">\n\t\t\t\t\t<div class=\"elementor-column elementor-col-100 elementor-top-column elementor-element elementor-element-4edee320\" data-id=\"4edee320\" data-element_type=\"column\" data-e-type=\"column\">\n\t\t\t<div class=\"elementor-widget-wrap elementor-element-populated\">\n\t\t\t\t\t\t<div class=\"elementor-element elementor-element-1894969a elementor-widget__width-initial elementor-widget elementor-widget-text-editor\" data-id=\"1894969a\" data-element_type=\"widget\" data-e-type=\"widget\" data-widget_type=\"text-editor.default\">\n\t\t\t\t<div class=\"elementor-widget-container\">\n\t\t\t\t\t\t\t\t\t<div><div><div><div><p><b>PRIVACY<\/b><\/p><\/div><p><b>Nomina data protection officer<br \/><\/b><span>Il responsabile DPO dell&#8217; Associazione Croce Rossa Italiana &#8211; Comitato Provinciale di Trento \u00e8 il dott. Giovanni POLETTO. <\/span><span><br \/><\/span><\/p><p><span><b>Responsabile della protezione dei dati<br \/><u><\/u><u><\/u><\/b><\/span>Il Responsabile della protezione dei dati (RPD) designato \u00e8\u00a0Studio Gadler s.r.l\u00a0&#8211; referente\u00a0Giovanni Poletto.\u00a0I dati di contatto dell\u2019RPD sono: Tel.\u00a00461-512522\u00a0| E-mail: |\u00a0<a href=\"mailto:dpo@studiogadler.it\" target=\"_blank\" rel=\"noopener\">dpo@studiogadler.it<\/a><\/p><p><strong>Titolare del trattamento<\/strong><\/p><p>CROCE ROSSA ITALIANA &#8211; COMITATO PROVINCIALE DEL TRENTINO<\/p><p>Via Lunelli, 47 &#8211;\u00a038121 Trento\u00a0(TN) &#8211; E-mail:\u00a0<a href=\"mailto:trentino@cri.it\">trentino@cri.it<\/a>, PEC:\u00a0<a href=\"mailto:cr.trento@cert.cri.it\">cr.trento@cert.cri.it<\/a>, telefono +39\u00a00461 82 97 35<\/p><\/div><\/div><div><\/div><\/div><div><\/div>\t\t\t\t\t\t\t\t<\/div>\n\t\t\t\t<\/div>\n\t\t\t\t\t<\/div>\n\t\t<\/div>\n\t\t\t\t\t<\/div>\n\t\t<\/section>\n\t\t\t\t<\/div>\n\t\t","protected":false},"excerpt":{"rendered":"<p>Croce Rossa Italiana Comitato Provinciale del Trentino SEDE LEGALE e OPERATIVA Via Lunelli, 47 38121 Trento (TN) Telefono +39 0461 82 97 35 Whatsapp +39 334 66 20 182 Email:\u00a0trentino@cri.it P.I. e C.F. 02410380220 ORARI di APERTURA Da luned\u00ec a gioved\u00ec 8.00 &#8211; 17.00 (orario continuato) Venerd\u00ec 8.00 &#8211; 14.00 [&hellip;]<\/p>\n","protected":false},"author":66,"featured_media":2144,"parent":0,"menu_order":0,"comment_status":"closed","ping_status":"closed","template":"","meta":{"_themeisle_gutenberg_block_has_review":false,"footnotes":""},"categories":[],"tags":[],"class_list":["post-1140","page","type-page","status-publish","has-post-thumbnail","hentry"],"_links":{"self":[{"href":"https:\/\/cri.it\/trentino\/wp-json\/wp\/v2\/pages\/1140","targetHints":{"allow":["GET"]}}],"collection":[{"href":"https:\/\/cri.it\/trentino\/wp-json\/wp\/v2\/pages"}],"about":[{"href":"https:\/\/cri.it\/trentino\/wp-json\/wp\/v2\/types\/page"}],"author":[{"embeddable":true,"href":"https:\/\/cri.it\/trentino\/wp-json\/wp\/v2\/users\/66"}],"replies":[{"embeddable":true,"href":"https:\/\/cri.it\/trentino\/wp-json\/wp\/v2\/comments?post=1140"}],"version-history":[{"count":4,"href":"https:\/\/cri.it\/trentino\/wp-json\/wp\/v2\/pages\/1140\/revisions"}],"predecessor-version":[{"id":6316,"href":"https:\/\/cri.it\/trentino\/wp-json\/wp\/v2\/pages\/1140\/revisions\/6316"}],"wp:featuredmedia":[{"embeddable":true,"href":"https:\/\/cri.it\/trentino\/wp-json\/wp\/v2\/media\/2144"}],"wp:attachment":[{"href":"https:\/\/cri.it\/trentino\/wp-json\/wp\/v2\/media?parent=1140"}],"wp:term":[{"taxonomy":"category","embeddable":true,"href":"https:\/\/cri.it\/trentino\/wp-json\/wp\/v2\/categories?post=1140"},{"taxonomy":"post_tag","embeddable":true,"href":"https:\/\/cri.it\/trentino\/wp-json\/wp\/v2\/tags?post=1140"}],"curies":[{"name":"wp","href":"https:\/\/api.w.org\/{rel}","templated":true}]}}