{"id":2346,"date":"2022-01-31T17:27:05","date_gmt":"2022-01-31T16:27:05","guid":{"rendered":"https:\/\/cri.it\/toscana\/?page_id=2346"},"modified":"2022-01-31T17:27:28","modified_gmt":"2022-01-31T16:27:28","slug":"servizio-civile-universale-bando-2020","status":"publish","type":"page","link":"https:\/\/cri.it\/toscana\/servizio-civile-universale-bando-2020\/","title":{"rendered":"Servizio Civile Universale &#8211; Bando 2020"},"content":{"rendered":"\t\t<div data-elementor-type=\"wp-page\" data-elementor-id=\"2346\" class=\"elementor elementor-2346\">\n\t\t\t\t\t\t<section class=\"elementor-section elementor-top-section elementor-element elementor-element-dd5fb7d elementor-section-boxed elementor-section-height-default elementor-section-height-default\" data-id=\"dd5fb7d\" data-element_type=\"section\" data-e-type=\"section\">\n\t\t\t\t\t\t<div class=\"elementor-container elementor-column-gap-default\">\n\t\t\t\t\t<div class=\"elementor-column elementor-col-100 elementor-top-column elementor-element elementor-element-c02f204\" data-id=\"c02f204\" data-element_type=\"column\" data-e-type=\"column\">\n\t\t\t<div class=\"elementor-widget-wrap elementor-element-populated\">\n\t\t\t\t\t\t<div class=\"elementor-element elementor-element-f5860ce elementor-widget elementor-widget-heading\" data-id=\"f5860ce\" data-element_type=\"widget\" data-e-type=\"widget\" data-widget_type=\"heading.default\">\n\t\t\t\t<div class=\"elementor-widget-container\">\n\t\t\t\t\t<h2 class=\"elementor-heading-title elementor-size-large\">Bando ordinario 2020<\/h2>\t\t\t\t<\/div>\n\t\t\t\t<\/div>\n\t\t\t\t\t<\/div>\n\t\t<\/div>\n\t\t\t\t\t<\/div>\n\t\t<\/section>\n\t\t\t\t<section class=\"elementor-section elementor-top-section elementor-element elementor-element-1cbd22f elementor-section-boxed elementor-section-height-default elementor-section-height-default\" data-id=\"1cbd22f\" data-element_type=\"section\" data-e-type=\"section\">\n\t\t\t\t\t\t<div class=\"elementor-container elementor-column-gap-default\">\n\t\t\t\t\t<div class=\"elementor-column elementor-col-100 elementor-top-column elementor-element elementor-element-dda7a9a\" data-id=\"dda7a9a\" data-element_type=\"column\" data-e-type=\"column\">\n\t\t\t<div class=\"elementor-widget-wrap elementor-element-populated\">\n\t\t\t\t\t\t<div class=\"elementor-element elementor-element-396c428 elementor-widget elementor-widget-text-editor\" data-id=\"396c428\" data-element_type=\"widget\" data-e-type=\"widget\" data-widget_type=\"text-editor.default\">\n\t\t\t\t<div class=\"elementor-widget-container\">\n\t\t\t\t\t\t\t\t\t<section class=\"elementor-element elementor-element-8e1250e elementor-section-boxed elementor-section-height-default elementor-section-height-default elementor-section elementor-top-section\" data-id=\"8e1250e\"><div class=\"elementor-container elementor-column-gap-default\"><div class=\"elementor-row\"><div class=\"elementor-element elementor-element-d3200ef elementor-column elementor-col-100 elementor-top-column\" data-id=\"d3200ef\"><div class=\"elementor-column-wrap  elementor-element-populated\"><div class=\"elementor-widget-wrap\"><div class=\"elementor-element elementor-element-beed6dc elementor-widget elementor-widget-text-editor\" data-id=\"beed6dc\"><div class=\"elementor-widget-container\"><div class=\"elementor-text-editor elementor-clearfix\"><p><span>La Presidenza del Consiglio dei Ministri \u2013 Dipartimento per le Politiche Giovanili e il Servizio Civile Universale \u2013 ha pubblicato il Bando per la selezione di 46.891 operatori volontari da impiegare in progetti afferenti a programmi di intervento di Servizio civile universale da realizzarsi in Italia, all\u2019estero e nei territori delle regioni interessate dal Programma Operativo Nazionale Iniziativa Occupazione Giovani (PON-IOG \u201cGaranzia Giovani\u201d \u2013 Misura 6).<\/span><br \/><span>Le domande di partecipazione dovranno essere inviate nelle modalit\u00e0 indicate di seguito\u00a0<\/span><strong class=\"userFormat1\">entro e non oltre le ore 14.00 del giorno 15 febbraio 2021<\/strong><span>.<\/span><\/p><\/div><\/div><\/div><\/div><\/div><\/div><\/div><\/div><\/section>\t\t\t\t\t\t\t\t<\/div>\n\t\t\t\t<\/div>\n\t\t\t\t\t<\/div>\n\t\t<\/div>\n\t\t\t\t\t<\/div>\n\t\t<\/section>\n\t\t\t\t<section class=\"elementor-section elementor-top-section elementor-element elementor-element-1828c1d elementor-section-boxed elementor-section-height-default elementor-section-height-default\" data-id=\"1828c1d\" data-element_type=\"section\" data-e-type=\"section\">\n\t\t\t\t\t\t<div class=\"elementor-container elementor-column-gap-default\">\n\t\t\t\t\t<div class=\"elementor-column elementor-col-100 elementor-top-column elementor-element elementor-element-6b4a38c\" data-id=\"6b4a38c\" data-element_type=\"column\" data-e-type=\"column\">\n\t\t\t<div class=\"elementor-widget-wrap elementor-element-populated\">\n\t\t\t\t\t\t<div class=\"elementor-element elementor-element-2062ab1 elementor-widget elementor-widget-image\" data-id=\"2062ab1\" data-element_type=\"widget\" data-e-type=\"widget\" data-widget_type=\"image.default\">\n\t\t\t\t<div class=\"elementor-widget-container\">\n\t\t\t\t\t\t\t\t\t\t\t\t\t\t\t<img fetchpriority=\"high\" decoding=\"async\" width=\"700\" height=\"236\" src=\"https:\/\/cri.it\/toscana\/wp-content\/uploads\/sites\/18\/2022\/01\/scu2020.jpg\" class=\"attachment-large size-large wp-image-2347\" alt=\"\" srcset=\"https:\/\/cri.it\/toscana\/wp-content\/uploads\/sites\/18\/2022\/01\/scu2020.jpg 700w, https:\/\/cri.it\/toscana\/wp-content\/uploads\/sites\/18\/2022\/01\/scu2020-300x101.jpg 300w\" sizes=\"(max-width: 700px) 100vw, 700px\" \/>\t\t\t\t\t\t\t\t\t\t\t\t\t\t\t<\/div>\n\t\t\t\t<\/div>\n\t\t\t\t\t<\/div>\n\t\t<\/div>\n\t\t\t\t\t<\/div>\n\t\t<\/section>\n\t\t\t\t<section class=\"elementor-section elementor-top-section elementor-element elementor-element-7b70615 elementor-section-boxed elementor-section-height-default elementor-section-height-default\" data-id=\"7b70615\" data-element_type=\"section\" data-e-type=\"section\">\n\t\t\t\t\t\t<div class=\"elementor-container elementor-column-gap-default\">\n\t\t\t\t\t<div class=\"elementor-column elementor-col-100 elementor-top-column elementor-element elementor-element-0c775dd\" data-id=\"0c775dd\" data-element_type=\"column\" data-e-type=\"column\">\n\t\t\t<div class=\"elementor-widget-wrap elementor-element-populated\">\n\t\t\t\t\t\t<div class=\"elementor-element elementor-element-bc00fc8 elementor-widget-divider--view-line elementor-widget elementor-widget-divider\" data-id=\"bc00fc8\" data-element_type=\"widget\" data-e-type=\"widget\" data-widget_type=\"divider.default\">\n\t\t\t\t<div class=\"elementor-widget-container\">\n\t\t\t\t\t\t\t<div class=\"elementor-divider\">\n\t\t\t<span class=\"elementor-divider-separator\">\n\t\t\t\t\t\t<\/span>\n\t\t<\/div>\n\t\t\t\t\t\t<\/div>\n\t\t\t\t<\/div>\n\t\t\t\t\t<\/div>\n\t\t<\/div>\n\t\t\t\t\t<\/div>\n\t\t<\/section>\n\t\t\t\t<section class=\"elementor-section elementor-top-section elementor-element elementor-element-fbbb03b elementor-section-boxed elementor-section-height-default elementor-section-height-default\" data-id=\"fbbb03b\" data-element_type=\"section\" data-e-type=\"section\">\n\t\t\t\t\t\t<div class=\"elementor-container elementor-column-gap-default\">\n\t\t\t\t\t<div class=\"elementor-column elementor-col-100 elementor-top-column elementor-element elementor-element-c8863a8\" data-id=\"c8863a8\" data-element_type=\"column\" data-e-type=\"column\">\n\t\t\t<div class=\"elementor-widget-wrap elementor-element-populated\">\n\t\t\t\t\t\t<div class=\"elementor-element elementor-element-b1ac232 elementor-widget elementor-widget-text-editor\" data-id=\"b1ac232\" data-element_type=\"widget\" data-e-type=\"widget\" data-widget_type=\"text-editor.default\">\n\t\t\t\t<div class=\"elementor-widget-container\">\n\t\t\t\t\t\t\t\t\t<section class=\"elementor-element elementor-element-34a1c92 elementor-section-boxed elementor-section-height-default elementor-section-height-default elementor-section elementor-top-section\" data-id=\"34a1c92\"><div class=\"elementor-container elementor-column-gap-default\"><div class=\"elementor-row\"><div class=\"elementor-element elementor-element-6896d7e elementor-column elementor-col-100 elementor-top-column\" data-id=\"6896d7e\"><div class=\"elementor-column-wrap elementor-element-populated\"><div class=\"elementor-widget-wrap\"><div class=\"elementor-element elementor-element-a29fcff elementor-widget elementor-widget-heading\" data-id=\"a29fcff\"><div class=\"elementor-widget-container\"><h2 class=\"elementor-heading-title elementor-size-medium\">Requisiti<\/h2><\/div><\/div><\/div><\/div><\/div><\/div><\/div><\/section><section class=\"elementor-element elementor-element-b941518 elementor-section-boxed elementor-section-height-default elementor-section-height-default elementor-section elementor-top-section\" data-id=\"b941518\"><div class=\"elementor-container elementor-column-gap-default\"><div class=\"elementor-row\"><div class=\"elementor-element elementor-element-0bc23dd elementor-column elementor-col-100 elementor-top-column\" data-id=\"0bc23dd\"><div class=\"elementor-column-wrap elementor-element-populated\"><div class=\"elementor-widget-wrap\"><div class=\"elementor-element elementor-element-8fb1787 elementor-widget elementor-widget-text-editor\" data-id=\"8fb1787\"><div class=\"elementor-widget-container\"><div class=\"elementor-text-editor elementor-clearfix\"><p><span>Per partecipare alla selezione, come previsto dall\u2019art. 14 del decreto legislativo 6 marzo 2017, n. 40, \u00e8 richiesto al giovane il possesso dei seguenti requisiti:<\/span><\/p><p><span>a) cittadinanza italiana, oppure di uno degli altri Stati membri dell\u2019Unione Europea, oppure di un Paese extra Unione Europea purch\u00e9 il candidato sia regolarmente soggiornante in Italia;<\/span><br \/><span>b) aver compiuto il diciottesimo anno di et\u00e0 e non aver superato il ventottesimo anno di et\u00e0 (28 anni e 364 giorni) alla data di presentazione della domanda;<\/span><br \/><span>c) non aver riportato condanna, anche non definitiva, alla pena della reclusione superiore ad un anno per delitto non colposo oppure ad una pena, anche di entit\u00e0 inferiore, per un delitto contro la persona o concernente detenzione, uso, porto, trasporto, importazione o esportazione illecita di armi o materie esplodenti, oppure per delitti riguardanti l\u2019appartenenza o il favoreggiamento a gruppi eversivi, terroristici o di criminalit\u00e0 organizzata.<\/span><\/p><p><strong class=\"userFormat1\">Non possono presentare domanda i giovani che<\/strong><span>:<\/span><br \/><span>\u2022 appartengano ai corpi militari e alle forze di polizia;<\/span><br \/><span>\u2022 abbiano interrotto il servizio civile nazionale o universale prima della scadenza prevista;<\/span><br \/><span>\u2022 intrattengano, all\u2019atto della pubblicazione del presente bando, con l\u2019ente titolare del progetto rapporti di lavoro\/di collaborazione retribuita a qualunque titolo, oppure abbiano avuto tali rapporti di durata superiore a tre mesi nei 12 mesi precedenti la data di pubblicazione del bando; in tali fattispecie sono ricompresi anche gli stage retribuiti.<\/span><\/p><p><strong class=\"userFormat1\">Possono presentare domanda di Servizio civile i giovani che, fermo restando il possesso dei requisiti di cui al presente articolo<\/strong><span>:<\/span><br \/><span>\u2022 nel corso del 2020, a causa degli effetti dell\u2019emergenza epidemiologica da Covid-19,\u00a0abbiano interrotto il servizio volontariamente o perch\u00e9 il progetto in cui erano impegnati \u00e8 stato definitivamente interrotto dall\u2019ente;<\/span><br \/><span>\u2022 abbiano interrotto il Servizio civile a conclusione di un procedimento sanzionatorio a carico dell\u2019ente che ha causato la revoca del progetto, oppure a causa di chiusura del progetto o della sede di attuazione su richiesta motivata dell\u2019ente, a condizione che, in tutti i casi, il periodo del sevizio prestato non sia stato superiore a sei mesi;<\/span><br \/><span>\u2022 abbiano interrotto il Servizio civile nazionale o universale a causa del superamento dei giorni di malattia previsti, a condizione che il periodo del servizio prestato non sia stato superiore a sei mesi;<\/span><br \/><span>\u2022 abbiano gi\u00e0 svolto il Servizio civile nell\u2019ambito del progetto sperimentale europeo\u00a0International Volunteering Opportunities for All e nell\u2019ambito dei progetti per i Corpi civili di pace;<\/span><br \/><span>\u2022 abbiano gi\u00e0 svolto il \u201cservizio civile regionale\u201d ossia un servizio istituito con una legge regionale o di una provincia autonoma.<\/span><\/p><p><strong class=\"userFormat1\">Possono inoltre presentare domanda<\/strong><span>\u00a0di Servizio le operatrici volontarie ammesse al Servizio civile in occasione di precedenti selezioni e successivamente poste in astensione per gravidanza e maternit\u00e0, che non hanno completato i sei mesi di servizio, al netto del periodo di astensione, purch\u00e9 in possesso dei requisiti di cui al presente articolo.<\/span><br \/><span>Infine, in deroga a quanto previsto all\u2019articolo 14 del decreto legislativo 6 marzo 2017, n. 40, possono presentare domanda anche i giovani che, alla data della presentazione della stessa, abbiano compiuto il ventottesimo e non superato il ventinovesimo anno di et\u00e0, a condizione che abbiano interrotto lo svolgimento del servizio civile nell\u2019anno 2020 a causa dell\u2019emergenza epidemiologica da COVID-19. Tale possibilit\u00e0 \u00e8 prevista dall\u2019art. 12-quater del decreto-legge 28 ottobre 2020, n. 137, recante ulteriori misure urgenti in materia di tutela della salute, sostegno ai lavoratori e alle imprese, giustizia e sicurezza, connesse all\u2019emergenza epidemiologica da COVID-19, introdotto dal<\/span><br \/><span>disegno di legge di conversione approvato dalla Camera dei deputati in data 18 dicembre 2020 ed attualmente in corso di pubblicazione nella Gazzetta Ufficiale. Sar\u00e0 per\u00f2 possibile presentare domanda solo a seguito dell\u2019entrata in vigore nei prossimi giorni della legge di conversione, che coincider\u00e0 con il giorno successivo a quello della sua pubblicazione nella Gazzetta.<\/span><\/p><p><strong class=\"userFormat1\">Si ricorda che \u00e8 possibile presentare una sola domanda di partecipazione per un unico progetto del Servizio Civile Universale<\/strong><span>, da scegliere tra quelli inseriti nei bandi pubblicati.<\/span><br \/><strong class=\"userFormat1\">La presentazione di pi\u00f9 domande comporta l\u2019esclusione dalla partecipazione a tutti i progetti inseriti nei bandi pubblicati sul sito del Servizio Civile.<\/strong><\/p><\/div><\/div><\/div><\/div><\/div><\/div><\/div><\/div><\/section>\t\t\t\t\t\t\t\t<\/div>\n\t\t\t\t<\/div>\n\t\t\t\t\t<\/div>\n\t\t<\/div>\n\t\t\t\t\t<\/div>\n\t\t<\/section>\n\t\t\t\t<section class=\"elementor-section elementor-top-section elementor-element elementor-element-ff22817 elementor-section-boxed elementor-section-height-default elementor-section-height-default\" data-id=\"ff22817\" data-element_type=\"section\" data-e-type=\"section\">\n\t\t\t\t\t\t<div class=\"elementor-container elementor-column-gap-default\">\n\t\t\t\t\t<div class=\"elementor-column elementor-col-100 elementor-top-column elementor-element elementor-element-b65cd76\" data-id=\"b65cd76\" data-element_type=\"column\" data-e-type=\"column\">\n\t\t\t<div class=\"elementor-widget-wrap elementor-element-populated\">\n\t\t\t\t\t\t<div class=\"elementor-element elementor-element-f3fb57d elementor-widget elementor-widget-text-editor\" data-id=\"f3fb57d\" data-element_type=\"widget\" data-e-type=\"widget\" data-widget_type=\"text-editor.default\">\n\t\t\t\t<div class=\"elementor-widget-container\">\n\t\t\t\t\t\t\t\t\t<section class=\"elementor-element elementor-element-7084ce2 elementor-section-boxed elementor-section-height-default elementor-section-height-default elementor-section elementor-top-section\" data-id=\"7084ce2\"><div class=\"elementor-container elementor-column-gap-default\"><div class=\"elementor-row\"><div class=\"elementor-element elementor-element-03abf17 elementor-column elementor-col-100 elementor-top-column\" data-id=\"03abf17\"><div class=\"elementor-column-wrap elementor-element-populated\"><div class=\"elementor-widget-wrap\"><div class=\"elementor-element elementor-element-39ad629 elementor-widget elementor-widget-heading\" data-id=\"39ad629\"><div class=\"elementor-widget-container\"><h2 class=\"elementor-heading-title elementor-size-medium\">Termini e modalit\u00e0<\/h2><\/div><\/div><\/div><\/div><\/div><\/div><\/div><\/section><section class=\"elementor-element elementor-element-ae51ff1 elementor-section-boxed elementor-section-height-default elementor-section-height-default elementor-section elementor-top-section\" data-id=\"ae51ff1\"><div class=\"elementor-container elementor-column-gap-default\"><div class=\"elementor-row\"><div class=\"elementor-element elementor-element-d8686ca elementor-column elementor-col-100 elementor-top-column\" data-id=\"d8686ca\"><div class=\"elementor-column-wrap elementor-element-populated\"><div class=\"elementor-widget-wrap\"><div class=\"elementor-element elementor-element-d87a0d5 elementor-widget elementor-widget-text-editor\" data-id=\"d87a0d5\"><div class=\"elementor-widget-container\"><div class=\"elementor-text-editor elementor-clearfix\"><p><strong class=\"userFormat1\">Il termine per presentare la domanda di partecipazione \u00e8 fissato\u00a0<\/strong><span class=\"userFormat1\"><strong class=\"userFormat1\">alle ore 14:00 del 15 febbraio 2021.<\/strong><\/span><\/p><p><span>La consegna della domanda di partecipazione\u00a0<\/span><span class=\"userFormat1\"><strong class=\"userFormat1\">dovr\u00e0 avvenire esclusivamente<\/strong><\/span><strong class=\"userFormat1\">\u00a0attraverso la<\/strong><span>:<\/span><br \/><span>\u2022 piattaforma DOL raggiungibile tramite PC, tablet e smartphone all\u2019indirizzo\u00a0<\/span><a href=\"https:\/\/domandaonline.serviziocivile.it\/\" target=\"_blank\" rel=\"noopener\">https:\/\/domandaonline.serviziocivile.it<\/a><span>\u00a0Per accedere ai servizi di compilazione e presentazione domanda sulla piattaforma DOL occorre che il candidato sia riconosciuto dal sistema.<\/span><\/p><p><span>ATTENZIONE: I cittadini italiani residenti in Italia o all\u2019estero e i cittadini di Paesi extra Unione Europea regolarmente soggiornanti in Italia\u00a0<\/span><span class=\"userFormat1\"><strong class=\"userFormat1\">possono accedervi esclusivamente con SPID<\/strong><\/span><span>, il Sistema Pubblico di Identit\u00e0 Digitale. Sul sito dell\u2019Agenzia per l\u2019Italia Digitale\u00a0<\/span><a href=\"http:\/\/www.agid.gov.it\/it\/piattaforme\/spid\" target=\"_blank\" rel=\"noopener\">www.agid.gov.it\/it\/piattaforme\/spid<\/a><span>\u00a0 sono disponibili tutte le informazioni su cosa \u00e8 SPID, quali servizi offre e come si richiede.\u00a0<\/span><span class=\"userFormat1\"><strong class=\"userFormat1\">Per la Domanda On-Line di Servizio civile occorrono credenziali SPID di livello di sicurezza 2<\/strong><\/span><strong class=\"userFormat1\">.<\/strong><\/p><p><span>Invece, i cittadini appartenenti ad un Paese dell\u2019Unione Europea diverso dall\u2019Italia o a Svizzera, Islanda, Norvegia e Liechtenstein, che ancora non possono disporre dello SPID, e i cittadini di Paesi extra Unione Europea in attesa di rilascio di permesso di soggiorno, possono accedere ai servizi della piattaforma DOL previa richiesta di apposite credenziali al Dipartimento, secondo una procedura disponibile sulla\u00a0<\/span><span lang=\"en\">home<\/span><span>\u00a0page della piattaforma stessa.<\/span><\/p><p><span class=\"userFormat1\"><strong class=\"userFormat1\">Le domande trasmesse con modalit\u00e0 diverse da quelle indicate all\u2019art. 5 del Bando non saranno prese in considerazione.<\/strong><\/span><\/p><section class=\"elementor-element elementor-element-a52e965 elementor-section-boxed elementor-section-height-default elementor-section-height-default elementor-section elementor-top-section\" data-id=\"a52e965\"><\/section><\/div><\/div><\/div><\/div><\/div><\/div><\/div><\/div><\/section>\t\t\t\t\t\t\t\t<\/div>\n\t\t\t\t<\/div>\n\t\t\t\t\t<\/div>\n\t\t<\/div>\n\t\t\t\t\t<\/div>\n\t\t<\/section>\n\t\t\t\t<section class=\"elementor-section elementor-top-section elementor-element elementor-element-20d792b elementor-section-boxed elementor-section-height-default elementor-section-height-default\" data-id=\"20d792b\" data-element_type=\"section\" data-e-type=\"section\">\n\t\t\t\t\t\t<div class=\"elementor-container elementor-column-gap-default\">\n\t\t\t\t\t<div class=\"elementor-column elementor-col-100 elementor-top-column elementor-element elementor-element-e502435\" data-id=\"e502435\" data-element_type=\"column\" data-e-type=\"column\">\n\t\t\t<div class=\"elementor-widget-wrap elementor-element-populated\">\n\t\t\t\t\t\t<div class=\"elementor-element elementor-element-4d9c11e elementor-widget elementor-widget-text-editor\" data-id=\"4d9c11e\" data-element_type=\"widget\" data-e-type=\"widget\" data-widget_type=\"text-editor.default\">\n\t\t\t\t<div class=\"elementor-widget-container\">\n\t\t\t\t\t\t\t\t\t<section class=\"elementor-element elementor-element-a52e965 elementor-section-boxed elementor-section-height-default elementor-section-height-default elementor-section elementor-top-section\" data-id=\"a52e965\"><div class=\"elementor-container elementor-column-gap-default\"><div class=\"elementor-row\"><div class=\"elementor-element elementor-element-4cf1ea9 elementor-column elementor-col-100 elementor-top-column\" data-id=\"4cf1ea9\"><div class=\"elementor-column-wrap elementor-element-populated\"><div class=\"elementor-widget-wrap\"><div class=\"elementor-element elementor-element-0a05afc elementor-widget elementor-widget-heading\" data-id=\"0a05afc\"><div class=\"elementor-widget-container\"><h2 class=\"elementor-heading-title elementor-size-medium\">Che cosa \u00e8 SPID e come ottenerla<\/h2><\/div><\/div><\/div><\/div><\/div><\/div><\/div><\/section><section class=\"elementor-element elementor-element-884a842 elementor-section-boxed elementor-section-height-default elementor-section-height-default elementor-section elementor-top-section\" data-id=\"884a842\"><div class=\"elementor-container elementor-column-gap-default\"><div class=\"elementor-row\"><div class=\"elementor-element elementor-element-a2664a2 elementor-column elementor-col-100 elementor-top-column\" data-id=\"a2664a2\"><div class=\"elementor-column-wrap elementor-element-populated\"><div class=\"elementor-widget-wrap\"><div class=\"elementor-element elementor-element-dee099e elementor-widget elementor-widget-text-editor\" data-id=\"dee099e\"><div class=\"elementor-widget-container\"><div class=\"elementor-text-editor elementor-clearfix\"><p><span>Per ottenere le informazioni necessarie per ottenere la tua identit\u00e0 SPID\u00a0<\/span><a href=\"https:\/\/www.agid.gov.it\/it\/piattaforme\/spid\" target=\"_blank\" rel=\"noopener\">clicca qui<\/a><\/p><\/div><\/div><\/div><\/div><\/div><\/div><\/div><\/div><\/section><section class=\"elementor-element elementor-element-bb66858 elementor-section-boxed elementor-section-height-default elementor-section-height-default elementor-section elementor-top-section\" data-id=\"bb66858\"><div class=\"elementor-container elementor-column-gap-default\"><div class=\"elementor-row\"><div class=\"elementor-element elementor-element-c817f30 elementor-column elementor-col-100 elementor-top-column\" data-id=\"c817f30\"><div class=\"elementor-column-wrap elementor-element-populated\"><div class=\"elementor-widget-wrap\"><div class=\"elementor-element elementor-element-9c1393d elementor-widget elementor-widget-heading\" data-id=\"9c1393d\"><div class=\"elementor-widget-container\"><h2 class=\"elementor-heading-title elementor-size-medium\">Adempimenti e comunicazioni<\/h2><\/div><\/div><\/div><\/div><\/div><\/div><\/div><\/section><section class=\"elementor-element elementor-element-ec382a5 elementor-section-boxed elementor-section-height-default elementor-section-height-default elementor-section elementor-top-section\" data-id=\"ec382a5\"><div class=\"elementor-container elementor-column-gap-default\"><div class=\"elementor-row\"><div class=\"elementor-element elementor-element-926e5f2 elementor-column elementor-col-100 elementor-top-column\" data-id=\"926e5f2\"><div class=\"elementor-column-wrap elementor-element-populated\"><div class=\"elementor-widget-wrap\"><div class=\"elementor-element elementor-element-dc1c334 elementor-widget elementor-widget-text-editor\" data-id=\"dc1c334\"><div class=\"elementor-widget-container\"><div class=\"elementor-text-editor elementor-clearfix\"><p><span>Si comunica a tutti i candidati che tutte le informazioni relative al progetto del Servizio Civile, in particolare l\u2019elenco ammessi ed esclusi alla selezione, il calendario dei colloqui di selezione, le graduatorie del progetto, saranno pubblicate esclusivamente sul sito internet\u00a0<\/span><a href=\"https:\/\/www.cri.it\/serviziocivile\">https:\/\/www.cri.it\/serviziocivile<\/a><\/p><p><span>Non si proceder\u00e0 ad alcun ulteriore avviso o comunicazione.\u00a0 I colloqui ai sensi dell\u2019art. 5 \u2013 Procedure selettive \u2013 avverranno presso la sede indicata almeno 10 giorni dopo la pubblicazione del calendario.<\/span><br \/><span>Ai sensi dell\u2019art. 3 \u2013 Obblighi di pubblicazione a carico degli Enti \u2013 si comunica che, a causa dell\u2019emergenza COVID-19 l\u2019ente ha istituito uno sportello telefonico per fornire informazioni o supporto ai giovani che ne avessero necessit\u00e0. Tale sportello \u00e8 raggiungibile telefonicamente chiamando dal luned\u00ec al venerd\u00ec dalle 10.00 alle 13.00 e dalle 14.00 alle 17.30 il numero 06-55100577<\/span><\/p><\/div><\/div><\/div><\/div><\/div><\/div><\/div><\/div><\/section><section class=\"elementor-element elementor-element-a8e7dd4 elementor-section-boxed elementor-section-height-default elementor-section-height-default elementor-section elementor-top-section\" data-id=\"a8e7dd4\"><div class=\"elementor-container elementor-column-gap-default\"><div class=\"elementor-row\"><div class=\"elementor-element elementor-element-5b79bd4 elementor-column elementor-col-100 elementor-top-column\" data-id=\"5b79bd4\"><div class=\"elementor-column-wrap elementor-element-populated\"><div class=\"elementor-widget-wrap\"><div class=\"elementor-element elementor-element-a853f4b elementor-widget elementor-widget-heading\" data-id=\"a853f4b\"><div class=\"elementor-widget-container\"><h2 class=\"elementor-heading-title elementor-size-medium\">Rimandi<\/h2><\/div><\/div><\/div><\/div><\/div><\/div><\/div><\/section><section class=\"elementor-element elementor-element-b783091 elementor-section-boxed elementor-section-height-default elementor-section-height-default elementor-section elementor-top-section\" data-id=\"b783091\"><div class=\"elementor-container elementor-column-gap-default\"><div class=\"elementor-row\"><div class=\"elementor-element elementor-element-0c1b6e0 elementor-column elementor-col-100 elementor-top-column\" data-id=\"0c1b6e0\"><div class=\"elementor-column-wrap elementor-element-populated\"><div class=\"elementor-widget-wrap\"><div class=\"elementor-element elementor-element-9838b44 elementor-widget elementor-widget-text-editor\" data-id=\"9838b44\"><div class=\"elementor-widget-container\"><div class=\"elementor-text-editor elementor-clearfix\"><p><span>Per ulteriori approfondimenti \u00e8 possibile consultare il sito web del Servizio Civile Nazionale\u00a0<\/span><a href=\"http:\/\/www.serviziocivile.gov.it\/\" target=\"_blank\" rel=\"noopener\">http:\/\/www.serviziocivile.gov.it\/<\/a><span>\u00a0 oppure il sito\u00a0<\/span><a href=\"https:\/\/www.scelgoilserviziocivile.gov.it\/\" target=\"_blank\" rel=\"noopener\">https:\/\/www.scelgoilserviziocivile.gov.it\/<\/a><span>\u00a0.<\/span><\/p><p><span>Si prega di prendere visione del testo integrale del Bando pubblicato unitamente agli allegati da presentare.\u00a0<\/span><\/p><p><span>Per ogni ulteriore informazione e\/o chiarimento sar\u00e0 possibile inviare una e-mail a\u00a0<\/span><a href=\"mailto:servizio.civile@cri.it\">servizio.civile@cri.it<\/a><span>\u00a0oppure contattare direttamente i Comitati attuatori dei progetti per cui gli aspiranti volontari vogliono presentare la loro candidatura.<\/span><br \/><span>I numeri dei Comitati sono disponibili sul sito\u00a0<\/span><a href=\"https:\/\/gaia.cri.it\/informazioni\/sedi\/?embed=False\">https:\/\/gaia.cri.it\/informazioni\/sedi\/?embed=False<\/a><span>, cliccando sulla regione del progetto e successivamente sul Comitato di interesse.<\/span><\/p><p><a href=\"https:\/\/domandaonline.serviziocivile.it\/\" class=\"viewLink viewLinkIMG\" title=\"Clicca qui per inviare la tua candidatura\" target=\"_blank\" rel=\"noopener\">Clicca qui per inviare la tua candidatura<\/a><\/p><\/div><\/div><\/div><\/div><\/div><\/div><\/div><\/div><\/section>\t\t\t\t\t\t\t\t<\/div>\n\t\t\t\t<\/div>\n\t\t\t\t\t<\/div>\n\t\t<\/div>\n\t\t\t\t\t<\/div>\n\t\t<\/section>\n\t\t\t\t<section class=\"elementor-section elementor-top-section elementor-element elementor-element-8b7c489 elementor-section-boxed elementor-section-height-default elementor-section-height-default\" data-id=\"8b7c489\" data-element_type=\"section\" data-e-type=\"section\">\n\t\t\t\t\t\t<div class=\"elementor-container elementor-column-gap-default\">\n\t\t\t\t\t<div class=\"elementor-column elementor-col-100 elementor-top-column elementor-element elementor-element-f8c97d5\" data-id=\"f8c97d5\" data-element_type=\"column\" data-e-type=\"column\">\n\t\t\t<div class=\"elementor-widget-wrap elementor-element-populated\">\n\t\t\t\t\t\t<div class=\"elementor-element elementor-element-c24434a elementor-widget-divider--view-line elementor-widget elementor-widget-divider\" data-id=\"c24434a\" data-element_type=\"widget\" data-e-type=\"widget\" data-widget_type=\"divider.default\">\n\t\t\t\t<div class=\"elementor-widget-container\">\n\t\t\t\t\t\t\t<div class=\"elementor-divider\">\n\t\t\t<span class=\"elementor-divider-separator\">\n\t\t\t\t\t\t<\/span>\n\t\t<\/div>\n\t\t\t\t\t\t<\/div>\n\t\t\t\t<\/div>\n\t\t\t\t\t<\/div>\n\t\t<\/div>\n\t\t\t\t\t<\/div>\n\t\t<\/section>\n\t\t\t\t<section class=\"elementor-section elementor-top-section elementor-element elementor-element-8bb6007 elementor-section-boxed elementor-section-height-default elementor-section-height-default\" data-id=\"8bb6007\" data-element_type=\"section\" data-e-type=\"section\">\n\t\t\t\t\t\t<div class=\"elementor-container elementor-column-gap-default\">\n\t\t\t\t\t<div class=\"elementor-column elementor-col-100 elementor-top-column elementor-element elementor-element-e6d89d0\" data-id=\"e6d89d0\" data-element_type=\"column\" data-e-type=\"column\">\n\t\t\t<div class=\"elementor-widget-wrap elementor-element-populated\">\n\t\t\t\t\t\t<div class=\"elementor-element elementor-element-9235ee5 elementor-widget elementor-widget-text-editor\" data-id=\"9235ee5\" data-element_type=\"widget\" data-e-type=\"widget\" data-widget_type=\"text-editor.default\">\n\t\t\t\t<div class=\"elementor-widget-container\">\n\t\t\t\t\t\t\t\t\t<section class=\"elementor-element elementor-element-2af6272 elementor-section-boxed elementor-section-height-default elementor-section-height-default elementor-section elementor-top-section\" data-id=\"2af6272\"><div class=\"elementor-container elementor-column-gap-default\"><div class=\"elementor-row\"><div class=\"elementor-element elementor-element-a01a0d3 elementor-column elementor-col-100 elementor-top-column\" data-id=\"a01a0d3\"><div class=\"elementor-column-wrap  elementor-element-populated\"><div class=\"elementor-widget-wrap\"><div class=\"elementor-element elementor-element-908ab5b elementor-widget elementor-widget-heading\" data-id=\"908ab5b\"><div class=\"elementor-widget-container\"><h2 class=\"elementor-heading-title elementor-size-large\">I Progetti in Toscana<\/h2><\/div><\/div><\/div><\/div><\/div><\/div><\/div><\/section><section class=\"elementor-element elementor-element-c2a8d99 elementor-section-boxed elementor-section-height-default elementor-section-height-default elementor-section elementor-top-section\" data-id=\"c2a8d99\"><div class=\"elementor-container elementor-column-gap-default\"><div class=\"elementor-row\"><div class=\"elementor-element elementor-element-807e7d1 elementor-column elementor-col-100 elementor-top-column\" data-id=\"807e7d1\"><div class=\"elementor-column-wrap  elementor-element-populated\"><div class=\"elementor-widget-wrap\"><div class=\"elementor-element elementor-element-34703ee elementor-widget elementor-widget-text-editor\" data-id=\"34703ee\"><div class=\"elementor-widget-container\"><div class=\"elementor-text-editor elementor-clearfix\"><div class=\"viewPar BLOBAlignJustify\"><p>Clicca sul nome del progetto di tuo interesse per scaricare la documentazione completa<\/p><\/div><table id=\"blobTable-30\" summary=\"This table contains Data.\" class=\"viewTable viewExtendedTable\"><tbody><tr class=\"even\"><td class=\"viewTableTD BLOBWidthTDN3\" valign=\"top\"><div class=\"viewTableCellText\"><strong class=\"userFormat1\">COMITATO<\/strong><\/div><\/td><td class=\"viewTableTD BLOBWidthTDN3\" valign=\"top\"><div class=\"viewTableCellText\"><strong class=\"userFormat1\">NUMERO POSTI DISPONIBILI<\/strong><\/div><\/td><td class=\"viewTableTD BLOBWidthTDN3\" valign=\"top\"><div class=\"viewTableCellText\"><strong class=\"userFormat1\">PROGETTO<\/strong><\/div><\/td><\/tr><tr class=\"odd\"><td class=\"viewTableTD\" valign=\"top\"><div class=\"viewTableCellText\">Comitato di Bagni di Lucca<\/div><\/td><td class=\"viewTableTD\" valign=\"top\"><div class=\"viewTableCellText\">8<\/div><\/td><td class=\"viewTableTD\" valign=\"top\"><div class=\"viewTableCellText\"><a href=\"https:\/\/cri.it\/toscana\/wp-content\/uploads\/sites\/18\/2022\/01\/Con_Voi_ci_siamo_Noi_-1.pdf\" class=\"mtli_attachment mtli_pdf\" class=\"mtli_attachment mtli_pdf\">Con Voi ci siamo Noi<\/a><\/div><\/td><\/tr><tr class=\"even\"><td class=\"viewTableTD\" valign=\"top\"><div class=\"viewTableCellText\">Comitati di Certaldo, Pescia, Empoli, Strada in Chianti, Bagni a Ripoli, Firenze, Incisa, Piana Pistoiese, Prato<\/div><\/td><td class=\"viewTableTD\" valign=\"top\"><div class=\"viewTableCellText\">27<\/div><\/td><td class=\"viewTableTD\" valign=\"top\"><div class=\"viewTableCellText\"><a href=\"https:\/\/cri.it\/toscana\/wp-content\/uploads\/sites\/18\/2022\/01\/I_CARE.pdf\" class=\"mtli_attachment mtli_pdf\" class=\"mtli_attachment mtli_pdf\">I care<\/a><\/div><\/td><\/tr><tr class=\"odd\"><td class=\"viewTableTD\" valign=\"top\"><div class=\"viewTableCellText\">CODAM \u2013 Centro addestramento militare MARINA DI MASSA<\/div><\/td><td class=\"viewTableTD\" valign=\"top\"><div class=\"viewTableCellText\">4<\/div><\/td><td class=\"viewTableTD\" valign=\"top\"><div class=\"viewTableCellText\"><a href=\"https:\/\/cri.it\/toscana\/wp-content\/uploads\/sites\/18\/2022\/01\/INFORMARE_PER_FORMARE.pdf\" class=\"mtli_attachment mtli_pdf\" class=\"mtli_attachment mtli_pdf\">INFORMARE PER FORMARE<\/a><\/div><\/td><\/tr><tr class=\"even\"><td class=\"viewTableTD\" valign=\"top\"><div class=\"viewTableCellText\">Comitato di Uliveto Terme<\/div><\/td><td class=\"viewTableTD\" valign=\"top\"><div class=\"viewTableCellText\">4<\/div><\/td><td class=\"viewTableTD\" valign=\"top\"><div class=\"viewTableCellText\"><a href=\"https:\/\/cri.it\/toscana\/wp-content\/uploads\/sites\/18\/2022\/01\/La_Salute_prima_di_tutto.pdf\" class=\"mtli_attachment mtli_pdf\" class=\"mtli_attachment mtli_pdf\">LA SALUTE PRIMA DI TUTTO<\/a><\/div><\/td><\/tr><tr class=\"odd\"><td class=\"viewTableTD\" valign=\"top\"><div class=\"viewTableCellText\">Comitato di Follonica<\/div><\/td><td class=\"viewTableTD\" valign=\"top\"><div class=\"viewTableCellText\">4<\/div><\/td><td class=\"viewTableTD\" valign=\"top\"><div class=\"viewTableCellText\"><a href=\"https:\/\/cri.it\/toscana\/wp-content\/uploads\/sites\/18\/2022\/01\/La_solidariet___viaggia_con_Noi.pdf\" class=\"mtli_attachment mtli_pdf\" class=\"mtli_attachment mtli_pdf\">La solidariet\u00e0 viaggia con Noi<\/a><\/div><\/td><\/tr><tr class=\"even\"><td class=\"viewTableTD\" valign=\"top\"><div class=\"viewTableCellText\">Comitati di Certaldo, Pescia, Empoli, Fucecchio, San Marcello Pistoiese, Rignano sull\u2019Arno, Strada in Chianti, Ripoli, Firenze, Incisa, Piana Pistoiese, Prato, Scandicci<\/div><\/td><td class=\"viewTableTD\" valign=\"top\"><div class=\"viewTableCellText\">50<\/div><\/td><td class=\"viewTableTD\" valign=\"top\"><div class=\"viewTableCellText\"><a href=\"https:\/\/cri.it\/toscana\/wp-content\/uploads\/sites\/18\/2022\/01\/NEVER_ALONE.pdf\" class=\"mtli_attachment mtli_pdf\" class=\"mtli_attachment mtli_pdf\">NEVER ALONE<\/a><\/div><\/td><\/tr><tr class=\"odd\"><td class=\"viewTableTD\" valign=\"top\"><div class=\"viewTableCellText\">Comitato di Arezzo<\/div><\/td><td class=\"viewTableTD\" valign=\"top\"><div class=\"viewTableCellText\">8<\/div><\/td><td class=\"viewTableTD\" valign=\"top\"><div class=\"viewTableCellText\"><a href=\"https:\/\/cri.it\/toscana\/wp-content\/uploads\/sites\/18\/2022\/01\/PUOI_AIUTARE_ANCHE_TU.pdf\" class=\"mtli_attachment mtli_pdf\" class=\"mtli_attachment mtli_pdf\">PUOI AIUTARE ANCHE TU<\/a><\/div><\/td><\/tr><tr class=\"even\"><td class=\"viewTableTD\" valign=\"top\"><div class=\"viewTableCellText\">Comitato di Pisa<\/div><\/td><td class=\"viewTableTD\" valign=\"top\"><div class=\"viewTableCellText\">16<\/div><\/td><td class=\"viewTableTD\" valign=\"top\"><div class=\"viewTableCellText\"><a href=\"https:\/\/cri.it\/toscana\/wp-content\/uploads\/sites\/18\/2022\/01\/Sette_principi_per_una_missione.pdf\" class=\"mtli_attachment mtli_pdf\" class=\"mtli_attachment mtli_pdf\">SETTE PRINCIPI PER UNA MISSIONE<\/a><\/div><\/td><\/tr><tr class=\"odd\"><td class=\"viewTableTD\" valign=\"top\"><div class=\"viewTableCellText\">Comitati di Certaldo, Pescia, Empoli, Firenze, Incisa, Piana Pistoiese, Prato<\/div><\/td><td class=\"viewTableTD\" valign=\"top\"><div class=\"viewTableCellText\">15<\/div><\/td><td class=\"viewTableTD\" valign=\"top\"><div class=\"viewTableCellText\"><a href=\"https:\/\/cri.it\/toscana\/wp-content\/uploads\/sites\/18\/2022\/01\/youth_empowerment.pdf\" class=\"mtli_attachment mtli_pdf\" class=\"mtli_attachment mtli_pdf\">Youth empowerment<\/a><\/div><\/td><\/tr><tr class=\"even\"><td class=\"viewTableTD\" valign=\"top\"><div class=\"viewTableCellText\">Comitato di Rosignano Solvay<\/div><\/td><td class=\"viewTableTD\" valign=\"top\"><div class=\"viewTableCellText\">12<\/div><\/td><td class=\"viewTableTD\" valign=\"top\"><div class=\"viewTableCellText\"><a href=\"https:\/\/cri.it\/criperlepersone\/\">Ovunque e per chiunque, Croce Rossa c\u2019\u00e8<\/a><\/div><\/td><\/tr><\/tbody><\/table><\/div><\/div><\/div><\/div><\/div><\/div><\/div><\/div><\/section>\t\t\t\t\t\t\t\t<\/div>\n\t\t\t\t<\/div>\n\t\t\t\t\t<\/div>\n\t\t<\/div>\n\t\t\t\t\t<\/div>\n\t\t<\/section>\n\t\t\t\t<section class=\"elementor-section elementor-top-section elementor-element elementor-element-171631d elementor-section-boxed elementor-section-height-default elementor-section-height-default\" data-id=\"171631d\" data-element_type=\"section\" data-e-type=\"section\">\n\t\t\t\t\t\t<div class=\"elementor-container elementor-column-gap-default\">\n\t\t\t\t\t<div class=\"elementor-column elementor-col-100 elementor-top-column elementor-element elementor-element-41ea475\" data-id=\"41ea475\" data-element_type=\"column\" data-e-type=\"column\">\n\t\t\t<div class=\"elementor-widget-wrap elementor-element-populated\">\n\t\t\t\t\t\t<div class=\"elementor-element elementor-element-ab39a73 elementor-widget-divider--view-line elementor-widget elementor-widget-divider\" data-id=\"ab39a73\" data-element_type=\"widget\" data-e-type=\"widget\" data-widget_type=\"divider.default\">\n\t\t\t\t<div class=\"elementor-widget-container\">\n\t\t\t\t\t\t\t<div class=\"elementor-divider\">\n\t\t\t<span class=\"elementor-divider-separator\">\n\t\t\t\t\t\t<\/span>\n\t\t<\/div>\n\t\t\t\t\t\t<\/div>\n\t\t\t\t<\/div>\n\t\t\t\t\t<\/div>\n\t\t<\/div>\n\t\t\t\t\t<\/div>\n\t\t<\/section>\n\t\t\t\t<section class=\"elementor-section elementor-top-section elementor-element elementor-element-f30a01c elementor-section-boxed elementor-section-height-default elementor-section-height-default\" data-id=\"f30a01c\" data-element_type=\"section\" data-e-type=\"section\">\n\t\t\t\t\t\t<div class=\"elementor-container elementor-column-gap-default\">\n\t\t\t\t\t<div class=\"elementor-column elementor-col-100 elementor-top-column elementor-element elementor-element-faee915\" data-id=\"faee915\" data-element_type=\"column\" data-e-type=\"column\">\n\t\t\t<div class=\"elementor-widget-wrap elementor-element-populated\">\n\t\t\t\t\t\t<div class=\"elementor-element elementor-element-f4fc92f elementor-widget elementor-widget-text-editor\" data-id=\"f4fc92f\" data-element_type=\"widget\" data-e-type=\"widget\" data-widget_type=\"text-editor.default\">\n\t\t\t\t<div class=\"elementor-widget-container\">\n\t\t\t\t\t\t\t\t\t<section class=\"elementor-element elementor-element-d5cb7ae elementor-section-boxed elementor-section-height-default elementor-section-height-default elementor-section elementor-top-section\" data-id=\"d5cb7ae\"><div class=\"elementor-container elementor-column-gap-default\"><div class=\"elementor-row\"><div class=\"elementor-element elementor-element-bb2c87b elementor-column elementor-col-100 elementor-top-column\" data-id=\"bb2c87b\"><div class=\"elementor-column-wrap  elementor-element-populated\"><div class=\"elementor-widget-wrap\"><div class=\"elementor-element elementor-element-a7f2379 elementor-widget elementor-widget-heading\" data-id=\"a7f2379\"><div class=\"elementor-widget-container\"><h2 class=\"elementor-heading-title elementor-size-large\">Progetti sul territorio nazionale in regioni diverse dalla Toscana<\/h2><\/div><\/div><\/div><\/div><\/div><\/div><\/div><\/section><section class=\"elementor-element elementor-element-8ae9e20 elementor-section-boxed elementor-section-height-default elementor-section-height-default elementor-section elementor-top-section\" data-id=\"8ae9e20\"><div class=\"elementor-container elementor-column-gap-default\"><div class=\"elementor-row\"><div class=\"elementor-element elementor-element-6d3f606 elementor-column elementor-col-100 elementor-top-column\" data-id=\"6d3f606\"><div class=\"elementor-column-wrap  elementor-element-populated\"><div class=\"elementor-widget-wrap\"><div class=\"elementor-element elementor-element-a6bd968 elementor-widget elementor-widget-text-editor\" data-id=\"a6bd968\"><div class=\"elementor-widget-container\"><div class=\"elementor-text-editor elementor-clearfix\"><p><span>Per progetti in regioni diverse dalla Toscana\u00a0<\/span><a href=\"https:\/\/www.cri.it\/bando-ordinario-2020-servizio-civile-croce-rossa\">clicca qui<\/a><span>\u00a0e visita il sito della Croce Rossa Italiana.<\/span><\/p><\/div><\/div><\/div><\/div><\/div><\/div><\/div><\/div><\/section>\t\t\t\t\t\t\t\t<\/div>\n\t\t\t\t<\/div>\n\t\t\t\t\t<\/div>\n\t\t<\/div>\n\t\t\t\t\t<\/div>\n\t\t<\/section>\n\t\t\t\t<\/div>\n\t\t","protected":false},"excerpt":{"rendered":"<p>Bando ordinario 2020 La Presidenza del Consiglio dei Ministri \u2013 Dipartimento per le Politiche Giovanili e il Servizio Civile Universale \u2013 ha pubblicato il Bando per la selezione di 46.891 operatori volontari da impiegare in progetti afferenti a programmi di intervento di Servizio civile universale da realizzarsi in Italia, all\u2019estero [&hellip;]<\/p>\n","protected":false},"author":106,"featured_media":0,"parent":0,"menu_order":0,"comment_status":"closed","ping_status":"closed","template":"page-templates\/template-pagebuilder-full-width.php","meta":{"_themeisle_gutenberg_block_has_review":false,"footnotes":""},"categories":[],"tags":[],"class_list":["post-2346","page","type-page","status-publish","hentry"],"_links":{"self":[{"href":"https:\/\/cri.it\/toscana\/wp-json\/wp\/v2\/pages\/2346","targetHints":{"allow":["GET"]}}],"collection":[{"href":"https:\/\/cri.it\/toscana\/wp-json\/wp\/v2\/pages"}],"about":[{"href":"https:\/\/cri.it\/toscana\/wp-json\/wp\/v2\/types\/page"}],"author":[{"embeddable":true,"href":"https:\/\/cri.it\/toscana\/wp-json\/wp\/v2\/users\/106"}],"replies":[{"embeddable":true,"href":"https:\/\/cri.it\/toscana\/wp-json\/wp\/v2\/comments?post=2346"}],"version-history":[{"count":2,"href":"https:\/\/cri.it\/toscana\/wp-json\/wp\/v2\/pages\/2346\/revisions"}],"predecessor-version":[{"id":2349,"href":"https:\/\/cri.it\/toscana\/wp-json\/wp\/v2\/pages\/2346\/revisions\/2349"}],"wp:attachment":[{"href":"https:\/\/cri.it\/toscana\/wp-json\/wp\/v2\/media?parent=2346"}],"wp:term":[{"taxonomy":"category","embeddable":true,"href":"https:\/\/cri.it\/toscana\/wp-json\/wp\/v2\/categories?post=2346"},{"taxonomy":"post_tag","embeddable":true,"href":"https:\/\/cri.it\/toscana\/wp-json\/wp\/v2\/tags?post=2346"}],"curies":[{"name":"wp","href":"https:\/\/api.w.org\/{rel}","templated":true}]}}