{"id":1690,"date":"2021-11-14T12:06:25","date_gmt":"2021-11-14T11:06:25","guid":{"rendered":"https:\/\/cri.it\/toscana\/?page_id=1690"},"modified":"2021-11-14T16:07:33","modified_gmt":"2021-11-14T15:07:33","slug":"servizio-civile-regionale-bando-2018","status":"publish","type":"page","link":"https:\/\/cri.it\/toscana\/servizio-civile-regionale-bando-2018\/","title":{"rendered":"Servizio Civile Regionale &#8211; Bando 2018"},"content":{"rendered":"\t\t<div data-elementor-type=\"wp-page\" data-elementor-id=\"1690\" class=\"elementor elementor-1690\">\n\t\t\t\t\t\t<section class=\"elementor-section elementor-top-section elementor-element elementor-element-5c7258f elementor-section-boxed elementor-section-height-default elementor-section-height-default\" data-id=\"5c7258f\" data-element_type=\"section\" data-e-type=\"section\">\n\t\t\t\t\t\t<div class=\"elementor-container elementor-column-gap-default\">\n\t\t\t\t\t<div class=\"elementor-column elementor-col-100 elementor-top-column elementor-element elementor-element-49aa520\" data-id=\"49aa520\" data-element_type=\"column\" data-e-type=\"column\">\n\t\t\t<div class=\"elementor-widget-wrap elementor-element-populated\">\n\t\t\t\t\t\t<div class=\"elementor-element elementor-element-b112f74 elementor-widget elementor-widget-heading\" data-id=\"b112f74\" data-element_type=\"widget\" data-e-type=\"widget\" data-widget_type=\"heading.default\">\n\t\t\t\t<div class=\"elementor-widget-container\">\n\t\t\t\t\t<h2 class=\"elementor-heading-title elementor-size-large\">CHI PU\u00d2 PRESENTARE DOMANDA<\/h2>\t\t\t\t<\/div>\n\t\t\t\t<\/div>\n\t\t\t\t\t<\/div>\n\t\t<\/div>\n\t\t\t\t\t<\/div>\n\t\t<\/section>\n\t\t\t\t<section class=\"elementor-section elementor-top-section elementor-element elementor-element-878d174 elementor-section-boxed elementor-section-height-default elementor-section-height-default\" data-id=\"878d174\" data-element_type=\"section\" data-e-type=\"section\">\n\t\t\t\t\t\t<div class=\"elementor-container elementor-column-gap-default\">\n\t\t\t\t\t<div class=\"elementor-column elementor-col-100 elementor-top-column elementor-element elementor-element-5f7a21c\" data-id=\"5f7a21c\" data-element_type=\"column\" data-e-type=\"column\">\n\t\t\t<div class=\"elementor-widget-wrap elementor-element-populated\">\n\t\t\t\t\t\t<div class=\"elementor-element elementor-element-888964a elementor-widget elementor-widget-text-editor\" data-id=\"888964a\" data-element_type=\"widget\" data-e-type=\"widget\" data-widget_type=\"text-editor.default\">\n\t\t\t\t<div class=\"elementor-widget-container\">\n\t\t\t\t\t\t\t\t\t<p><span>Possono presentare la propria candidatura i giovani che, alla data di presentazione della domanda:<\/span><br \/><span>&#8211; siano regolarmente residenti o domiciliati in Toscana per motivi di studio propri o per motivi di studio o di lavoro di almeno uno dei genitori;<\/span><br \/><span>&#8211; siano in et\u00e0 compresa fra i 18 e 29 anni (compiuti);<\/span><br \/><span>&#8211; siano non occupati, disoccupati, inattivi;<\/span><br \/><span>&#8211; siano in possesso di idoneit\u00e0 fisica;<\/span><br \/><span>&#8211; non abbiano riportato condanna penale anche non definitiva alla pena della reclusione superiore ad un anno per delitto non colposo.<\/span><strong class=\"userFormat1\"><br \/><\/strong><br \/><strong class=\"userFormat1\">Pu\u00f2 fare domanda<\/strong><span>\u00a0chi sta frequentando un\u00a0<\/span><strong class=\"userFormat1\">corso di studi<\/strong><span>\u00a0di qualunque tipologia.<\/span><br \/><span>Tutti i requisiti, ad eccezione del limite di et\u00e0, devono essere mantenuti sino al termine del servizio.<\/span><br \/><br \/><strong class=\"userFormat1\">Non possono presentare domanda<\/strong><span>\u00a0coloro che abbiano\u00a0<\/span><strong class=\"userFormat1\">gi\u00e0 svolto o stiano svolgendo il Servizio Civile<\/strong><br \/><span>(regionale o nazionale) o che abbiano avuto nell\u2019ultimo anno e per almeno sei mesi rapporti di lavoro o di collaborazione retribuita a qualunque titolo con l\u2019ente che realizza il progetto.<\/span><\/p>\t\t\t\t\t\t\t\t<\/div>\n\t\t\t\t<\/div>\n\t\t\t\t\t<\/div>\n\t\t<\/div>\n\t\t\t\t\t<\/div>\n\t\t<\/section>\n\t\t\t\t<section class=\"elementor-section elementor-top-section elementor-element elementor-element-4c2166e elementor-section-boxed elementor-section-height-default elementor-section-height-default\" data-id=\"4c2166e\" data-element_type=\"section\" data-e-type=\"section\">\n\t\t\t\t\t\t<div class=\"elementor-container elementor-column-gap-default\">\n\t\t\t\t\t<div class=\"elementor-column elementor-col-100 elementor-top-column elementor-element elementor-element-0d7a065\" data-id=\"0d7a065\" data-element_type=\"column\" data-e-type=\"column\">\n\t\t\t<div class=\"elementor-widget-wrap elementor-element-populated\">\n\t\t\t\t\t\t<div class=\"elementor-element elementor-element-3e896cf elementor-widget elementor-widget-heading\" data-id=\"3e896cf\" data-element_type=\"widget\" data-e-type=\"widget\" data-widget_type=\"heading.default\">\n\t\t\t\t<div class=\"elementor-widget-container\">\n\t\t\t\t\t<h2 class=\"elementor-heading-title elementor-size-large\">PRESENTAZIONE DELLA DOMANDA: ISTRUZIONI PER L\u2019USO<\/h2>\t\t\t\t<\/div>\n\t\t\t\t<\/div>\n\t\t\t\t\t<\/div>\n\t\t<\/div>\n\t\t\t\t\t<\/div>\n\t\t<\/section>\n\t\t\t\t<section class=\"elementor-section elementor-top-section elementor-element elementor-element-ac3d864 elementor-section-boxed elementor-section-height-default elementor-section-height-default\" data-id=\"ac3d864\" data-element_type=\"section\" data-e-type=\"section\">\n\t\t\t\t\t\t<div class=\"elementor-container elementor-column-gap-default\">\n\t\t\t\t\t<div class=\"elementor-column elementor-col-100 elementor-top-column elementor-element elementor-element-e3d426a\" data-id=\"e3d426a\" data-element_type=\"column\" data-e-type=\"column\">\n\t\t\t<div class=\"elementor-widget-wrap elementor-element-populated\">\n\t\t\t\t\t\t<div class=\"elementor-element elementor-element-e02e7f5 elementor-widget elementor-widget-text-editor\" data-id=\"e02e7f5\" data-element_type=\"widget\" data-e-type=\"widget\" data-widget_type=\"text-editor.default\">\n\t\t\t\t<div class=\"elementor-widget-container\">\n\t\t\t\t\t\t\t\t\t<p><em class=\"userFormat2\"><strong class=\"userFormat1\">Come presentare la domanda?<\/strong><\/em><br \/><span>La domanda, corredata dal curriculum vitae (datato e firmato in forma autografa), pu\u00f2 essere presentata esclusivamente on-line, collegandosi alla pagina dove \u00e8 possibile candidarsi selezionando nel men\u00f9 a tendina \u201c\u00a0<\/span><em class=\"userFormat2\">Bando progetti 2018 finanziato con risorse POR FSE 2014\/2020<\/em><span>\u00a0\u201c.<\/span><br \/><br \/><em class=\"userFormat2\"><strong class=\"userFormat1\">Come compilare la domanda?<\/strong><\/em><br \/><span>\u00c8 possibile compilare la domanda attraverso due modalit\u00e0:<\/span><br \/><span>1. collegandosi al\u00a0<\/span><a href=\"https:\/\/www.cri.it\/flex\/cm\/pages\/adm.v2\/blobEdit.php\/L\/IT\/IDPagina\/37694\/BL\/[[https:\/\/servizi.toscana.it\/sis\/DASC\/#\/]]\">link<\/a><span>\u00a0tramite carta sanitaria elettronica rilasciata da Regione Toscana (CNS) e un lettore smart card;<\/span><br \/><span>2. accedendo al\u00a0<\/span><a href=\"https:\/\/www.cri.it\/flex\/cm\/pages\/adm.v2\/blobEdit.php\/L\/IT\/IDPagina\/37694\/BL\/[[https:\/\/servizi.toscana.it\/sis\/DASC\/#\/]]\">link<\/a><span>\u00a0senza carta sanitaria e seguendo le istruzioni per la compilazione (in questo caso \u00e8 necessario allegare alla domanda copia fronte retro di un documento di identit\u00e0 in corso di validit\u00e0).<\/span><br \/><span>Per informazioni su come presentare domanda, \u00e8 possibile consultare le\u00a0<\/span><a href=\"https:\/\/www.cri.it\/flex\/cm\/pages\/adm.v2\/blobEdit.php\/L\/IT\/IDPagina\/37694\/BL\/[[http:\/\/www.regione.toscana.it\/documents\/10180\/23572\/Istruzioni+domanda+on+line+scr.pdf\/f458ec94-2ffb-4815-93ff-2cc6cfac1098]]\">\u201cIstruzioni per la Compilazione Online Domanda Servizio Civile\u201d<\/a><span>\u00a0.<\/span><br \/><span>Una volta inviata la domanda, il giovane ricever\u00e0, all\u2019indirizzo di posta elettronica indicato in fase di presentazione della candidatura, una mail di conferma dell\u2019invio della domanda e conseguente ricezione della stessa da parte dell\u2019ente titolare del progetto selezionato.<\/span><br \/><br \/><span>\u00c8 possibile presentare\u00a0<\/span><strong class=\"userFormat1\">una sola domanda<\/strong><span>\u00a0di partecipazione per\u00a0<\/span><strong class=\"userFormat1\">un solo progetto<\/strong><span>\u00a0di Servizio Civile.<\/span><br \/><br \/><em class=\"userFormat2\"><strong class=\"userFormat1\">Termini di presentazione della domanda<\/strong><\/em><br \/><span>La candidatura pu\u00f2 essere inviata dal 9 maggio\u00a0<\/span><strong class=\"userFormat1\">fino al 7 giugno 2019 (ore 14:00)<\/strong><span>\u00a0.<\/span><\/p>\t\t\t\t\t\t\t\t<\/div>\n\t\t\t\t<\/div>\n\t\t\t\t\t<\/div>\n\t\t<\/div>\n\t\t\t\t\t<\/div>\n\t\t<\/section>\n\t\t\t\t<section class=\"elementor-section elementor-top-section elementor-element elementor-element-140712f elementor-section-boxed elementor-section-height-default elementor-section-height-default\" data-id=\"140712f\" data-element_type=\"section\" data-e-type=\"section\">\n\t\t\t\t\t\t<div class=\"elementor-container elementor-column-gap-default\">\n\t\t\t\t\t<div class=\"elementor-column elementor-col-100 elementor-top-column elementor-element elementor-element-173ec7a\" data-id=\"173ec7a\" data-element_type=\"column\" data-e-type=\"column\">\n\t\t\t<div class=\"elementor-widget-wrap elementor-element-populated\">\n\t\t\t\t\t\t<div class=\"elementor-element elementor-element-0c93ca1 elementor-widget elementor-widget-heading\" data-id=\"0c93ca1\" data-element_type=\"widget\" data-e-type=\"widget\" data-widget_type=\"heading.default\">\n\t\t\t\t<div class=\"elementor-widget-container\">\n\t\t\t\t\t<h2 class=\"elementor-heading-title elementor-size-large\">documentazione<\/h2>\t\t\t\t<\/div>\n\t\t\t\t<\/div>\n\t\t\t\t\t<\/div>\n\t\t<\/div>\n\t\t\t\t\t<\/div>\n\t\t<\/section>\n\t\t\t\t<section class=\"elementor-section elementor-top-section elementor-element elementor-element-17ed8e9 elementor-section-boxed elementor-section-height-default elementor-section-height-default\" data-id=\"17ed8e9\" data-element_type=\"section\" data-e-type=\"section\">\n\t\t\t\t\t\t<div class=\"elementor-container elementor-column-gap-default\">\n\t\t\t\t\t<div class=\"elementor-column elementor-col-100 elementor-top-column elementor-element elementor-element-ac2484e\" data-id=\"ac2484e\" data-element_type=\"column\" data-e-type=\"column\">\n\t\t\t<div class=\"elementor-widget-wrap elementor-element-populated\">\n\t\t\t\t\t\t<div class=\"elementor-element elementor-element-f101e29 elementor-widget elementor-widget-text-editor\" data-id=\"f101e29\" data-element_type=\"widget\" data-e-type=\"widget\" data-widget_type=\"text-editor.default\">\n\t\t\t\t<div class=\"elementor-widget-container\">\n\t\t\t\t\t\t\t\t\t<p><a href=\"https:\/\/www.cri.it\/flex\/cm\/pages\/adm.v2\/blobEdit.php\/L\/IT\/IDPagina\/37694\/BL\/[[http:\/\/www.regione.toscana.it\/bancadati\/atti\/DettaglioAttiD.xml?codprat=2019AD00000007493]]\" title=\"Link: [[http:\/\/www.regione.toscana.it\/bancadati\/atti\/DettaglioAttiD.xml?codprat=2019AD00000007493]]\">Decreto n.6584 del 29-04-2019<\/a><br \/><a href=\"https:\/\/www.cri.it\/flex\/cm\/pages\/adm.v2\/blobEdit.php\/L\/IT\/IDPagina\/37694\/BL\/[[http:\/\/www.regione.toscana.it\/bancadati\/atti\/Contenuto.xml?id=5215156&amp;nomeFile=Decreto_n.6584_del_29-04-2019-Allegato-D]]\" title=\"Link: [[http:\/\/www.regione.toscana.it\/bancadati\/atti\/Contenuto.xml?id=5215156&amp;nomeFile=Decreto_n.6584_del_29-04-2019-Allegato-D]]\">Avviso pubblico<\/a><span>\u00a0(Allegato D)<\/span><\/p>\t\t\t\t\t\t\t\t<\/div>\n\t\t\t\t<\/div>\n\t\t\t\t\t<\/div>\n\t\t<\/div>\n\t\t\t\t\t<\/div>\n\t\t<\/section>\n\t\t\t\t<section class=\"elementor-section elementor-top-section elementor-element elementor-element-8985c35 elementor-section-boxed elementor-section-height-default elementor-section-height-default\" data-id=\"8985c35\" data-element_type=\"section\" data-e-type=\"section\">\n\t\t\t\t\t\t<div class=\"elementor-container elementor-column-gap-default\">\n\t\t\t\t\t<div class=\"elementor-column elementor-col-100 elementor-top-column elementor-element elementor-element-37f946a\" data-id=\"37f946a\" data-element_type=\"column\" data-e-type=\"column\">\n\t\t\t<div class=\"elementor-widget-wrap elementor-element-populated\">\n\t\t\t\t\t\t<div class=\"elementor-element elementor-element-5d26c57 elementor-widget elementor-widget-heading\" data-id=\"5d26c57\" data-element_type=\"widget\" data-e-type=\"widget\" data-widget_type=\"heading.default\">\n\t\t\t\t<div class=\"elementor-widget-container\">\n\t\t\t\t\t<h2 class=\"elementor-heading-title elementor-size-medium\">ALLEGATI da Consultare<\/h2>\t\t\t\t<\/div>\n\t\t\t\t<\/div>\n\t\t\t\t\t<\/div>\n\t\t<\/div>\n\t\t\t\t\t<\/div>\n\t\t<\/section>\n\t\t\t\t<section class=\"elementor-section elementor-top-section elementor-element elementor-element-a732696 elementor-section-boxed elementor-section-height-default elementor-section-height-default\" data-id=\"a732696\" data-element_type=\"section\" data-e-type=\"section\">\n\t\t\t\t\t\t<div class=\"elementor-container elementor-column-gap-default\">\n\t\t\t\t\t<div class=\"elementor-column elementor-col-100 elementor-top-column elementor-element elementor-element-41a3830\" data-id=\"41a3830\" data-element_type=\"column\" data-e-type=\"column\">\n\t\t\t<div class=\"elementor-widget-wrap elementor-element-populated\">\n\t\t\t\t\t\t<div class=\"elementor-element elementor-element-11e3dfe elementor-widget elementor-widget-text-editor\" data-id=\"11e3dfe\" data-element_type=\"widget\" data-e-type=\"widget\" data-widget_type=\"text-editor.default\">\n\t\t\t\t<div class=\"elementor-widget-container\">\n\t\t\t\t\t\t\t\t\t<p><span>\u2013\u00a0<\/span><a href=\"https:\/\/www.cri.it\/flex\/cm\/pages\/adm.v2\/blobEdit.php\/L\/IT\/IDPagina\/37694\/BL\/[[http:\/\/www.regione.toscana.it\/bancadati\/atti\/Contenuto.xml?id=5215162&amp;nomeFile=Decreto_n.6584_del_29-04-2019-Allegato-L]]\">Contratto<\/a><span>\u00a0(Allegato L)<\/span><br \/><span>\u2013\u00a0<\/span><a href=\"https:\/\/www.cri.it\/flex\/cm\/pages\/adm.v2\/blobEdit.php\/L\/IT\/IDPagina\/37694\/BL\/[[http:\/\/www.regione.toscana.it\/bancadati\/atti\/Contenuto.xml?id=5215157&amp;nomeFile=Decreto_n.6584_del_29-04-2019-Allegato-E]]\" title=\"Link: [[http:\/\/www.regione.toscana.it\/bancadati\/atti\/Contenuto.xml?id=5215157&amp;nomeFile=Decreto_n.6584_del_29-04-2019-Allegato-E]]\">Criteri di selezione<\/a><span>\u00a0(Allegato E)<\/span><br \/><span>\u2013\u00a0<\/span><a href=\"https:\/\/www.cri.it\/flex\/cm\/pages\/adm.v2\/blobEdit.php\/L\/IT\/IDPagina\/37694\/BL\/[[http:\/\/www.regione.toscana.it\/documents\/10180\/23572\/Istruzioni+domanda+on+line+scr.pdf\/f458ec94-2ffb-4815-93ff-2cc6cfac1098]]\" title=\"Link: [[http:\/\/www.regione.toscana.it\/documents\/10180\/23572\/Istruzioni+domanda+on+line+scr.pdf\/f458ec94-2ffb-4815-93ff-2cc6cfac1098]]\">Istruzioni per la Compilazione Online Domanda Servizio Civile<\/a><\/p>\t\t\t\t\t\t\t\t<\/div>\n\t\t\t\t<\/div>\n\t\t\t\t\t<\/div>\n\t\t<\/div>\n\t\t\t\t\t<\/div>\n\t\t<\/section>\n\t\t\t\t<section class=\"elementor-section elementor-top-section elementor-element elementor-element-34e861f elementor-section-boxed elementor-section-height-default elementor-section-height-default\" data-id=\"34e861f\" data-element_type=\"section\" data-e-type=\"section\">\n\t\t\t\t\t\t<div class=\"elementor-container elementor-column-gap-default\">\n\t\t\t\t\t<div class=\"elementor-column elementor-col-100 elementor-top-column elementor-element elementor-element-d0dbc31\" data-id=\"d0dbc31\" data-element_type=\"column\" data-e-type=\"column\">\n\t\t\t<div class=\"elementor-widget-wrap elementor-element-populated\">\n\t\t\t\t\t\t<div class=\"elementor-element elementor-element-ca3b3a5 elementor-widget elementor-widget-heading\" data-id=\"ca3b3a5\" data-element_type=\"widget\" data-e-type=\"widget\" data-widget_type=\"heading.default\">\n\t\t\t\t<div class=\"elementor-widget-container\">\n\t\t\t\t\t<h2 class=\"elementor-heading-title elementor-size-medium\">INFORMAZIONI<\/h2>\t\t\t\t<\/div>\n\t\t\t\t<\/div>\n\t\t\t\t\t<\/div>\n\t\t<\/div>\n\t\t\t\t\t<\/div>\n\t\t<\/section>\n\t\t\t\t<section class=\"elementor-section elementor-top-section elementor-element elementor-element-49f8cbc elementor-section-boxed elementor-section-height-default elementor-section-height-default\" data-id=\"49f8cbc\" data-element_type=\"section\" data-e-type=\"section\">\n\t\t\t\t\t\t<div class=\"elementor-container elementor-column-gap-default\">\n\t\t\t\t\t<div class=\"elementor-column elementor-col-100 elementor-top-column elementor-element elementor-element-d9c48d6\" data-id=\"d9c48d6\" data-element_type=\"column\" data-e-type=\"column\">\n\t\t\t<div class=\"elementor-widget-wrap elementor-element-populated\">\n\t\t\t\t\t\t<div class=\"elementor-element elementor-element-9d766c1 elementor-widget elementor-widget-text-editor\" data-id=\"9d766c1\" data-element_type=\"widget\" data-e-type=\"widget\" data-widget_type=\"text-editor.default\">\n\t\t\t\t<div class=\"elementor-widget-container\">\n\t\t\t\t\t\t\t\t\t<p><span>Ufficio Servizio Civile CRI \u2013 Area Vasta Centro<\/span><br \/><span>Lungarno Soderini, 11 \u2013 Primo Piano \u2013 Firenze<\/span><br \/><span>mail:\u00a0<\/span><a href=\"https:\/\/www.cri.it\/flex\/cm\/pages\/adm.v2\/blobEdit.php\/L\/IT\/IDPagina\/37694\/BL\/[[mailto:servizio.civile@crifirenze.it]]\" title=\"Link: [[mailto:servizio.civile@crifirenze.it]]\">servizio.civile@crifirenze.it<\/a><br \/><span>telefono: 055\/2744207<\/span><br \/><span>Responsabile:\u00a0<\/span><strong class=\"userFormat1\">Consiglia Calvieri<\/strong><\/p>\t\t\t\t\t\t\t\t<\/div>\n\t\t\t\t<\/div>\n\t\t\t\t\t<\/div>\n\t\t<\/div>\n\t\t\t\t\t<\/div>\n\t\t<\/section>\n\t\t\t\t<section class=\"elementor-section elementor-top-section elementor-element elementor-element-3d4c260 elementor-section-boxed elementor-section-height-default elementor-section-height-default\" data-id=\"3d4c260\" data-element_type=\"section\" data-e-type=\"section\">\n\t\t\t\t\t\t<div class=\"elementor-container elementor-column-gap-default\">\n\t\t\t\t\t<div class=\"elementor-column elementor-col-100 elementor-top-column elementor-element elementor-element-a197e9e\" data-id=\"a197e9e\" data-element_type=\"column\" data-e-type=\"column\">\n\t\t\t<div class=\"elementor-widget-wrap elementor-element-populated\">\n\t\t\t\t\t\t<div class=\"elementor-element elementor-element-30d2335 elementor-widget-divider--view-line elementor-widget elementor-widget-divider\" data-id=\"30d2335\" data-element_type=\"widget\" data-e-type=\"widget\" data-widget_type=\"divider.default\">\n\t\t\t\t<div class=\"elementor-widget-container\">\n\t\t\t\t\t\t\t<div class=\"elementor-divider\">\n\t\t\t<span class=\"elementor-divider-separator\">\n\t\t\t\t\t\t<\/span>\n\t\t<\/div>\n\t\t\t\t\t\t<\/div>\n\t\t\t\t<\/div>\n\t\t\t\t\t<\/div>\n\t\t<\/div>\n\t\t\t\t\t<\/div>\n\t\t<\/section>\n\t\t\t\t<section class=\"elementor-section elementor-top-section elementor-element elementor-element-99a7277 elementor-section-boxed elementor-section-height-default elementor-section-height-default\" data-id=\"99a7277\" data-element_type=\"section\" data-e-type=\"section\">\n\t\t\t\t\t\t<div class=\"elementor-container elementor-column-gap-default\">\n\t\t\t\t\t<div class=\"elementor-column elementor-col-100 elementor-top-column elementor-element elementor-element-21f642d\" data-id=\"21f642d\" data-element_type=\"column\" data-e-type=\"column\">\n\t\t\t<div class=\"elementor-widget-wrap elementor-element-populated\">\n\t\t\t\t\t\t<div class=\"elementor-element elementor-element-5c9e57c elementor-widget elementor-widget-heading\" data-id=\"5c9e57c\" data-element_type=\"widget\" data-e-type=\"widget\" data-widget_type=\"heading.default\">\n\t\t\t\t<div class=\"elementor-widget-container\">\n\t\t\t\t\t<h2 class=\"elementor-heading-title elementor-size-large\">I progetti, le selezioni e le graduatorie finali<\/h2>\t\t\t\t<\/div>\n\t\t\t\t<\/div>\n\t\t\t\t\t<\/div>\n\t\t<\/div>\n\t\t\t\t\t<\/div>\n\t\t<\/section>\n\t\t\t\t<section class=\"elementor-section elementor-top-section elementor-element elementor-element-96ec905 elementor-section-boxed elementor-section-height-default elementor-section-height-default\" data-id=\"96ec905\" data-element_type=\"section\" data-e-type=\"section\">\n\t\t\t\t\t\t<div class=\"elementor-container elementor-column-gap-default\">\n\t\t\t\t\t<div class=\"elementor-column elementor-col-100 elementor-top-column elementor-element elementor-element-2dbe99b\" data-id=\"2dbe99b\" data-element_type=\"column\" data-e-type=\"column\">\n\t\t\t<div class=\"elementor-widget-wrap elementor-element-populated\">\n\t\t\t\t\t\t<div class=\"elementor-element elementor-element-23b0af3 elementor-widget elementor-widget-text-editor\" data-id=\"23b0af3\" data-element_type=\"widget\" data-e-type=\"widget\" data-widget_type=\"text-editor.default\">\n\t\t\t\t<div class=\"elementor-widget-container\">\n\t\t\t\t\t\t\t\t\t<p><strong class=\"userFormat1\">Comitato di Bagno a Ripoli<\/strong><br \/><span>Progetto: NON LASCIAMOLI A CASA<\/span><br \/><span>Sede: Via Fratelli Orsi, 19 &#8211; Bagno a Ripoli<\/span><br \/><strong class=\"userFormat1\">Posti: 4<\/strong><\/p><p><a href=\"https:\/\/cri.it\/toscana\/wp-content\/uploads\/sites\/18\/2021\/11\/SCR_SCHEDA_PROGETTO_CRI_BAGNO_A_RIPOLI.pdf\" class=\"mtli_attachment mtli_pdf\">SCHEDA_PROGETTO_CRI_BAGNO_A_RIPOLI<\/a><\/p><p><a href=\"https:\/\/cri.it\/toscana\/wp-content\/uploads\/sites\/18\/2021\/11\/Selezione-CRI-Bagno-a-Ripoli.pdf\" class=\"mtli_attachment mtli_pdf\">Selezione CRI Bagno a Ripoli<\/a><\/p><p><a href=\"https:\/\/cri.it\/toscana\/wp-content\/uploads\/sites\/18\/2021\/11\/Graduatoria_BAGNO_A_RIPOLI.pdf\" class=\"mtli_attachment mtli_pdf\">Graduatoria_BAGNO_A_RIPOLI<\/a><\/p><p><\/p>\t\t\t\t\t\t\t\t<\/div>\n\t\t\t\t<\/div>\n\t\t\t\t\t<\/div>\n\t\t<\/div>\n\t\t\t\t\t<\/div>\n\t\t<\/section>\n\t\t\t\t<section class=\"elementor-section elementor-top-section elementor-element elementor-element-e88f9a8 elementor-section-boxed elementor-section-height-default elementor-section-height-default\" data-id=\"e88f9a8\" data-element_type=\"section\" data-e-type=\"section\">\n\t\t\t\t\t\t<div class=\"elementor-container elementor-column-gap-default\">\n\t\t\t\t\t<div class=\"elementor-column elementor-col-100 elementor-top-column elementor-element elementor-element-40f9d7e\" data-id=\"40f9d7e\" data-element_type=\"column\" data-e-type=\"column\">\n\t\t\t<div class=\"elementor-widget-wrap\">\n\t\t\t\t\t\t\t<\/div>\n\t\t<\/div>\n\t\t\t\t\t<\/div>\n\t\t<\/section>\n\t\t\t\t<section class=\"elementor-section elementor-top-section elementor-element elementor-element-cb40b59 elementor-section-boxed elementor-section-height-default elementor-section-height-default\" data-id=\"cb40b59\" data-element_type=\"section\" data-e-type=\"section\">\n\t\t\t\t\t\t<div class=\"elementor-container elementor-column-gap-default\">\n\t\t\t\t\t<div class=\"elementor-column elementor-col-100 elementor-top-column elementor-element elementor-element-c68d258\" data-id=\"c68d258\" data-element_type=\"column\" data-e-type=\"column\">\n\t\t\t<div class=\"elementor-widget-wrap elementor-element-populated\">\n\t\t\t\t\t\t<div class=\"elementor-element elementor-element-f21c7ff elementor-widget elementor-widget-text-editor\" data-id=\"f21c7ff\" data-element_type=\"widget\" data-e-type=\"widget\" data-widget_type=\"text-editor.default\">\n\t\t\t\t<div class=\"elementor-widget-container\">\n\t\t\t\t\t\t\t\t\t<p><strong class=\"userFormat1\">Comitato di Firenze<\/strong><span><\/span><br \/><span>Progetto: Ovunque, per chiunque<\/span><br \/><span>Sede: Lungarno Soderini n. 11 \u2013 Firenze<\/span><br \/><strong class=\"userFormat1\">Posti: 6<\/strong><\/p><p><a href=\"https:\/\/cri.it\/toscana\/wp-content\/uploads\/sites\/18\/2021\/11\/SCR_SCHEDA_PROGETTO_CRI_FIRENZE.pdf\" class=\"mtli_attachment mtli_pdf\">SCHEDA_PROGETTO_CRI_FIRENZE<\/a><\/p><p><a href=\"https:\/\/cri.it\/toscana\/wp-content\/uploads\/sites\/18\/2021\/11\/Selezione-CRI-Firenze.pdf\" class=\"mtli_attachment mtli_pdf\">Selezione CRI Firenze<\/a><\/p><p><a href=\"https:\/\/cri.it\/toscana\/wp-content\/uploads\/sites\/18\/2021\/11\/Graduatoria_CRI_FIRENZE.pdf\" class=\"mtli_attachment mtli_pdf\">Graduatoria_CRI_FIRENZE<\/a><\/p>\t\t\t\t\t\t\t\t<\/div>\n\t\t\t\t<\/div>\n\t\t\t\t\t<\/div>\n\t\t<\/div>\n\t\t\t\t\t<\/div>\n\t\t<\/section>\n\t\t\t\t<section class=\"elementor-section elementor-top-section elementor-element elementor-element-cfe0b96 elementor-section-boxed elementor-section-height-default elementor-section-height-default\" data-id=\"cfe0b96\" data-element_type=\"section\" data-e-type=\"section\">\n\t\t\t\t\t\t<div class=\"elementor-container elementor-column-gap-default\">\n\t\t\t\t\t<div class=\"elementor-column elementor-col-100 elementor-top-column elementor-element elementor-element-754e4d4\" data-id=\"754e4d4\" data-element_type=\"column\" data-e-type=\"column\">\n\t\t\t<div class=\"elementor-widget-wrap\">\n\t\t\t\t\t\t\t<\/div>\n\t\t<\/div>\n\t\t\t\t\t<\/div>\n\t\t<\/section>\n\t\t\t\t<section class=\"elementor-section elementor-top-section elementor-element elementor-element-4ee31c9 elementor-section-boxed elementor-section-height-default elementor-section-height-default\" data-id=\"4ee31c9\" data-element_type=\"section\" data-e-type=\"section\">\n\t\t\t\t\t\t<div class=\"elementor-container elementor-column-gap-default\">\n\t\t\t\t\t<div class=\"elementor-column elementor-col-100 elementor-top-column elementor-element elementor-element-24d8181\" data-id=\"24d8181\" data-element_type=\"column\" data-e-type=\"column\">\n\t\t\t<div class=\"elementor-widget-wrap elementor-element-populated\">\n\t\t\t\t\t\t<div class=\"elementor-element elementor-element-62387c1 elementor-widget elementor-widget-text-editor\" data-id=\"62387c1\" data-element_type=\"widget\" data-e-type=\"widget\" data-widget_type=\"text-editor.default\">\n\t\t\t\t<div class=\"elementor-widget-container\">\n\t\t\t\t\t\t\t\t\t<p><strong class=\"userFormat1\">Comitato di Fucecchio<\/strong><br \/><span>Progetto: PRONTO? CRI AIUTA!<\/span><br \/><span>Sede: Via Arturo Checchi, 17, Fucecchio<\/span><br \/><strong class=\"userFormat1\">Posti: 2<\/strong><\/p><p><a href=\"https:\/\/cri.it\/toscana\/wp-content\/uploads\/sites\/18\/2021\/11\/SCR_SCHEDA_PROGETTO_CRI_FUCECCHIO.pdf\" class=\"mtli_attachment mtli_pdf\">SCHEDA_PROGETTO_CRI_FUCECCHIO<\/a><\/p><p><a href=\"https:\/\/cri.it\/toscana\/wp-content\/uploads\/sites\/18\/2021\/11\/Selezione-Cri-Fucecchio.pdf\" class=\"mtli_attachment mtli_pdf\">Selezione Cri Fucecchio<\/a><\/p><p><a href=\"https:\/\/cri.it\/toscana\/wp-content\/uploads\/sites\/18\/2021\/11\/Graduatoria__Fucecchio.pdf\" class=\"mtli_attachment mtli_pdf\">Graduatoria__Fucecchio<\/a><\/p>\t\t\t\t\t\t\t\t<\/div>\n\t\t\t\t<\/div>\n\t\t\t\t\t<\/div>\n\t\t<\/div>\n\t\t\t\t\t<\/div>\n\t\t<\/section>\n\t\t\t\t<section class=\"elementor-section elementor-top-section elementor-element elementor-element-8aabae5 elementor-section-boxed elementor-section-height-default elementor-section-height-default\" data-id=\"8aabae5\" data-element_type=\"section\" data-e-type=\"section\">\n\t\t\t\t\t\t<div class=\"elementor-container elementor-column-gap-default\">\n\t\t\t\t\t<div class=\"elementor-column elementor-col-100 elementor-top-column elementor-element elementor-element-b15fbb0\" data-id=\"b15fbb0\" data-element_type=\"column\" data-e-type=\"column\">\n\t\t\t<div class=\"elementor-widget-wrap\">\n\t\t\t\t\t\t\t<\/div>\n\t\t<\/div>\n\t\t\t\t\t<\/div>\n\t\t<\/section>\n\t\t\t\t<section class=\"elementor-section elementor-top-section elementor-element elementor-element-cf05179 elementor-section-boxed elementor-section-height-default elementor-section-height-default\" data-id=\"cf05179\" data-element_type=\"section\" data-e-type=\"section\">\n\t\t\t\t\t\t<div class=\"elementor-container elementor-column-gap-default\">\n\t\t\t\t\t<div class=\"elementor-column elementor-col-100 elementor-top-column elementor-element elementor-element-1b3a1d2\" data-id=\"1b3a1d2\" data-element_type=\"column\" data-e-type=\"column\">\n\t\t\t<div class=\"elementor-widget-wrap elementor-element-populated\">\n\t\t\t\t\t\t<div class=\"elementor-element elementor-element-9c0e249 elementor-widget elementor-widget-text-editor\" data-id=\"9c0e249\" data-element_type=\"widget\" data-e-type=\"widget\" data-widget_type=\"text-editor.default\">\n\t\t\t\t<div class=\"elementor-widget-container\">\n\t\t\t\t\t\t\t\t\t<p><strong class=\"userFormat1\">Comitato di Incisa Valdarno<\/strong><br \/><span>Progetto: Agiamo per il cambiamento<\/span><br \/><span>Sede: Piazza Manuele Auzzi, 4 &#8211; Figline e Incisa Valdarno<\/span><br \/><strong class=\"userFormat1\">Posti: 4<\/strong><\/p><p><a href=\"https:\/\/cri.it\/toscana\/wp-content\/uploads\/sites\/18\/2021\/11\/SCR_SCHEDA_PROGETTO_CRI_INCISA.pdf\" class=\"mtli_attachment mtli_pdf\">SCHEDA_PROGETTO_CRI_INCISA<\/a><\/p><p><a href=\"https:\/\/cri.it\/toscana\/wp-content\/uploads\/sites\/18\/2021\/11\/Selezioni-Cri-Incisa.pdf\" class=\"mtli_attachment mtli_pdf\">Selezioni Cri Incisa<\/a><\/p><p><a href=\"https:\/\/cri.it\/toscana\/wp-content\/uploads\/sites\/18\/2021\/11\/Graduatoria_CRI_INCISA.pdf\" class=\"mtli_attachment mtli_pdf\">Graduatoria_CRI_INCISA<\/a><\/p>\t\t\t\t\t\t\t\t<\/div>\n\t\t\t\t<\/div>\n\t\t\t\t\t<\/div>\n\t\t<\/div>\n\t\t\t\t\t<\/div>\n\t\t<\/section>\n\t\t\t\t<section class=\"elementor-section elementor-top-section elementor-element elementor-element-b65b9fb elementor-section-boxed elementor-section-height-default elementor-section-height-default\" data-id=\"b65b9fb\" data-element_type=\"section\" data-e-type=\"section\">\n\t\t\t\t\t\t<div class=\"elementor-container elementor-column-gap-default\">\n\t\t\t\t\t<div class=\"elementor-column elementor-col-100 elementor-top-column elementor-element elementor-element-e072ddc\" data-id=\"e072ddc\" data-element_type=\"column\" data-e-type=\"column\">\n\t\t\t<div class=\"elementor-widget-wrap\">\n\t\t\t\t\t\t\t<\/div>\n\t\t<\/div>\n\t\t\t\t\t<\/div>\n\t\t<\/section>\n\t\t\t\t<section class=\"elementor-section elementor-top-section elementor-element elementor-element-db1ce54 elementor-section-boxed elementor-section-height-default elementor-section-height-default\" data-id=\"db1ce54\" data-element_type=\"section\" data-e-type=\"section\">\n\t\t\t\t\t\t<div class=\"elementor-container elementor-column-gap-default\">\n\t\t\t\t\t<div class=\"elementor-column elementor-col-100 elementor-top-column elementor-element elementor-element-9fcd0fa\" data-id=\"9fcd0fa\" data-element_type=\"column\" data-e-type=\"column\">\n\t\t\t<div class=\"elementor-widget-wrap elementor-element-populated\">\n\t\t\t\t\t\t<div class=\"elementor-element elementor-element-646cf24 elementor-widget elementor-widget-text-editor\" data-id=\"646cf24\" data-element_type=\"widget\" data-e-type=\"widget\" data-widget_type=\"text-editor.default\">\n\t\t\t\t<div class=\"elementor-widget-container\">\n\t\t\t\t\t\t\t\t\t<p><strong class=\"userFormat1\">Comitato della Piana Pistoiese<\/strong><br \/><span>Progetto: CRI Assistenza e Solidariet\u00e0<\/span><br \/><span>Sede: Via Bocca di Gora e Tinaia, 67, Quarrata<\/span><br \/><strong class=\"userFormat1\">Posti: 4<\/strong><\/p><p><a href=\"https:\/\/cri.it\/toscana\/wp-content\/uploads\/sites\/18\/2021\/11\/SCR_SCHEDA_PROGETTO_PIANA_PISTOIESE.pdf\" class=\"mtli_attachment mtli_pdf\">SCHEDA_PROGETTO_PIANA_PISTOIESE<\/a><\/p><p><a href=\"https:\/\/cri.it\/toscana\/wp-content\/uploads\/sites\/18\/2021\/11\/Selezione-CRI-Piana-Pistoiese.pdf\" class=\"mtli_attachment mtli_pdf\">Selezione CRI Piana Pistoiese<\/a><\/p><p><a href=\"https:\/\/cri.it\/toscana\/wp-content\/uploads\/sites\/18\/2021\/11\/Graduatoria_CRI_PIANA_PISTOIESE.pdf\" class=\"mtli_attachment mtli_pdf\">Graduatoria_CRI_PIANA_PISTOIESE<\/a><\/p><p><\/p>\t\t\t\t\t\t\t\t<\/div>\n\t\t\t\t<\/div>\n\t\t\t\t\t<\/div>\n\t\t<\/div>\n\t\t\t\t\t<\/div>\n\t\t<\/section>\n\t\t\t\t<section class=\"elementor-section elementor-top-section elementor-element elementor-element-d1ce9de elementor-section-boxed elementor-section-height-default elementor-section-height-default\" data-id=\"d1ce9de\" data-element_type=\"section\" data-e-type=\"section\">\n\t\t\t\t\t\t<div class=\"elementor-container elementor-column-gap-default\">\n\t\t\t\t\t<div class=\"elementor-column elementor-col-100 elementor-top-column elementor-element elementor-element-28b791c\" data-id=\"28b791c\" data-element_type=\"column\" data-e-type=\"column\">\n\t\t\t<div class=\"elementor-widget-wrap\">\n\t\t\t\t\t\t\t<\/div>\n\t\t<\/div>\n\t\t\t\t\t<\/div>\n\t\t<\/section>\n\t\t\t\t<section class=\"elementor-section elementor-top-section elementor-element elementor-element-d2a1fdf elementor-section-boxed elementor-section-height-default elementor-section-height-default\" data-id=\"d2a1fdf\" data-element_type=\"section\" data-e-type=\"section\">\n\t\t\t\t\t\t<div class=\"elementor-container elementor-column-gap-default\">\n\t\t\t\t\t<div class=\"elementor-column elementor-col-100 elementor-top-column elementor-element elementor-element-656d167\" data-id=\"656d167\" data-element_type=\"column\" data-e-type=\"column\">\n\t\t\t<div class=\"elementor-widget-wrap elementor-element-populated\">\n\t\t\t\t\t\t<div class=\"elementor-element elementor-element-c75626e elementor-widget elementor-widget-text-editor\" data-id=\"c75626e\" data-element_type=\"widget\" data-e-type=\"widget\" data-widget_type=\"text-editor.default\">\n\t\t\t\t<div class=\"elementor-widget-container\">\n\t\t\t\t\t\t\t\t\t<p><strong class=\"userFormat1\">Comitato di Prato<\/strong><br \/><span>Progetto: LA CRI PER LA POPOLAZIONE<\/span><br \/><span>Sede: Via dei Ciliani, 51 \u2013 Prato<\/span><br \/><strong class=\"userFormat1\">Posti: 4<\/strong><\/p><p><a href=\"https:\/\/cri.it\/toscana\/wp-content\/uploads\/sites\/18\/2021\/11\/SCR_SCHEDA_PROGETTO_CRI_PRATO.pdf\" class=\"mtli_attachment mtli_pdf\">SCHEDA_PROGETTO_CRI_PRATO<\/a><\/p><p><a href=\"https:\/\/cri.it\/toscana\/wp-content\/uploads\/sites\/18\/2021\/11\/Selezioni-CRI-Prato.pdf\" class=\"mtli_attachment mtli_pdf\">Selezioni CRI Prato<\/a><\/p><p><a href=\"https:\/\/cri.it\/toscana\/wp-content\/uploads\/sites\/18\/2021\/11\/Graduatoria_CRI_PRATO.pdf\" class=\"mtli_attachment mtli_pdf\">Graduatoria_CRI_PRATO<\/a><\/p>\t\t\t\t\t\t\t\t<\/div>\n\t\t\t\t<\/div>\n\t\t\t\t\t<\/div>\n\t\t<\/div>\n\t\t\t\t\t<\/div>\n\t\t<\/section>\n\t\t\t\t<section class=\"elementor-section elementor-top-section elementor-element elementor-element-fd9380f elementor-section-boxed elementor-section-height-default elementor-section-height-default\" data-id=\"fd9380f\" data-element_type=\"section\" data-e-type=\"section\">\n\t\t\t\t\t\t<div class=\"elementor-container elementor-column-gap-default\">\n\t\t\t\t\t<div class=\"elementor-column elementor-col-100 elementor-top-column elementor-element elementor-element-5031122\" data-id=\"5031122\" data-element_type=\"column\" data-e-type=\"column\">\n\t\t\t<div class=\"elementor-widget-wrap\">\n\t\t\t\t\t\t\t<\/div>\n\t\t<\/div>\n\t\t\t\t\t<\/div>\n\t\t<\/section>\n\t\t\t\t<section class=\"elementor-section elementor-top-section elementor-element elementor-element-8723ab5 elementor-section-boxed elementor-section-height-default elementor-section-height-default\" data-id=\"8723ab5\" data-element_type=\"section\" data-e-type=\"section\">\n\t\t\t\t\t\t<div class=\"elementor-container elementor-column-gap-default\">\n\t\t\t\t\t<div class=\"elementor-column elementor-col-100 elementor-top-column elementor-element elementor-element-96f723d\" data-id=\"96f723d\" data-element_type=\"column\" data-e-type=\"column\">\n\t\t\t<div class=\"elementor-widget-wrap elementor-element-populated\">\n\t\t\t\t\t\t<div class=\"elementor-element elementor-element-0777002 elementor-widget elementor-widget-text-editor\" data-id=\"0777002\" data-element_type=\"widget\" data-e-type=\"widget\" data-widget_type=\"text-editor.default\">\n\t\t\t\t<div class=\"elementor-widget-container\">\n\t\t\t\t\t\t\t\t\t<p><strong class=\"userFormat1\">Comitato Regionale della Toscana<\/strong><br \/><span>Progetto: CON IL COMITATO PER IL TERRITORIO<\/span><br \/><span>Sede: Via della Concezione,17\u2013 Firenze<\/span><br \/><strong class=\"userFormat1\">Posti: 2<\/strong><\/p><p><a href=\"https:\/\/cri.it\/toscana\/wp-content\/uploads\/sites\/18\/2021\/11\/SCR_SCHEDA_PROGETTO_CRI_REGIONALE.pdf\" class=\"mtli_attachment mtli_pdf\">SCHEDA_PROGETTO_CRI_REGIONALE<\/a><\/p><p><a href=\"https:\/\/cri.it\/toscana\/wp-content\/uploads\/sites\/18\/2021\/11\/GraduatoriaSCR_REGIONALE.pdf\" class=\"mtli_attachment mtli_pdf\">GraduatoriaSCR_REGIONALE<\/a><\/p>\t\t\t\t\t\t\t\t<\/div>\n\t\t\t\t<\/div>\n\t\t\t\t\t<\/div>\n\t\t<\/div>\n\t\t\t\t\t<\/div>\n\t\t<\/section>\n\t\t\t\t<section class=\"elementor-section elementor-top-section elementor-element elementor-element-9ee5553 elementor-section-boxed elementor-section-height-default elementor-section-height-default\" data-id=\"9ee5553\" data-element_type=\"section\" data-e-type=\"section\">\n\t\t\t\t\t\t<div class=\"elementor-container elementor-column-gap-default\">\n\t\t\t\t\t<div class=\"elementor-column elementor-col-100 elementor-top-column elementor-element elementor-element-e03f1e5\" data-id=\"e03f1e5\" data-element_type=\"column\" data-e-type=\"column\">\n\t\t\t<div class=\"elementor-widget-wrap\">\n\t\t\t\t\t\t\t<\/div>\n\t\t<\/div>\n\t\t\t\t\t<\/div>\n\t\t<\/section>\n\t\t\t\t<section class=\"elementor-section elementor-top-section elementor-element elementor-element-e18cf51 elementor-section-boxed elementor-section-height-default elementor-section-height-default\" data-id=\"e18cf51\" data-element_type=\"section\" data-e-type=\"section\">\n\t\t\t\t\t\t<div class=\"elementor-container elementor-column-gap-default\">\n\t\t\t\t\t<div class=\"elementor-column elementor-col-100 elementor-top-column elementor-element elementor-element-622e684\" data-id=\"622e684\" data-element_type=\"column\" data-e-type=\"column\">\n\t\t\t<div class=\"elementor-widget-wrap elementor-element-populated\">\n\t\t\t\t\t\t<div class=\"elementor-element elementor-element-01047f0 elementor-widget elementor-widget-text-editor\" data-id=\"01047f0\" data-element_type=\"widget\" data-e-type=\"widget\" data-widget_type=\"text-editor.default\">\n\t\t\t\t<div class=\"elementor-widget-container\">\n\t\t\t\t\t\t\t\t\t<p><strong class=\"userFormat1\">Comitato di Rignano sull\u2019Arno<\/strong><br \/><span>Progetto: Anziani all togheter<\/span><br \/><span>Sede: Piazza dei Martiri della Libert\u00e0 &#8211; Rignano sull&#8217;Arno<\/span><br \/><strong class=\"userFormat1\">Posti: 3<\/strong><\/p><p><a href=\"https:\/\/cri.it\/toscana\/wp-content\/uploads\/sites\/18\/2021\/11\/SCR_SCHEDA_PROGETTO_CRI_RIGNANO.pdf\" class=\"mtli_attachment mtli_pdf\">SCHEDA_PROGETTO_CRI_RIGNANO<\/a><\/p><p><a href=\"https:\/\/cri.it\/toscana\/wp-content\/uploads\/sites\/18\/2021\/11\/selezione-rignano.pdf\" class=\"mtli_attachment mtli_pdf\">Selezione CRI Rignano<\/a><\/p><p><a href=\"https:\/\/cri.it\/toscana\/wp-content\/uploads\/sites\/18\/2021\/11\/Graduatoria_RIGNANO.pdf\" class=\"mtli_attachment mtli_pdf\">Graduatoria_RIGNANO<\/a><\/p>\t\t\t\t\t\t\t\t<\/div>\n\t\t\t\t<\/div>\n\t\t\t\t\t<\/div>\n\t\t<\/div>\n\t\t\t\t\t<\/div>\n\t\t<\/section>\n\t\t\t\t<section class=\"elementor-section elementor-top-section elementor-element elementor-element-78a9b86 elementor-section-boxed elementor-section-height-default elementor-section-height-default\" data-id=\"78a9b86\" data-element_type=\"section\" data-e-type=\"section\">\n\t\t\t\t\t\t<div class=\"elementor-container elementor-column-gap-default\">\n\t\t\t\t\t<div class=\"elementor-column elementor-col-100 elementor-top-column elementor-element elementor-element-2af0d08\" data-id=\"2af0d08\" data-element_type=\"column\" data-e-type=\"column\">\n\t\t\t<div class=\"elementor-widget-wrap\">\n\t\t\t\t\t\t\t<\/div>\n\t\t<\/div>\n\t\t\t\t\t<\/div>\n\t\t<\/section>\n\t\t\t\t<section class=\"elementor-section elementor-top-section elementor-element elementor-element-7660676 elementor-section-boxed elementor-section-height-default elementor-section-height-default\" data-id=\"7660676\" data-element_type=\"section\" data-e-type=\"section\">\n\t\t\t\t\t\t<div class=\"elementor-container elementor-column-gap-default\">\n\t\t\t\t\t<div class=\"elementor-column elementor-col-100 elementor-top-column elementor-element elementor-element-cb029c3\" data-id=\"cb029c3\" data-element_type=\"column\" data-e-type=\"column\">\n\t\t\t<div class=\"elementor-widget-wrap elementor-element-populated\">\n\t\t\t\t\t\t<div class=\"elementor-element elementor-element-060f6d7 elementor-widget elementor-widget-text-editor\" data-id=\"060f6d7\" data-element_type=\"widget\" data-e-type=\"widget\" data-widget_type=\"text-editor.default\">\n\t\t\t\t<div class=\"elementor-widget-container\">\n\t\t\t\t\t\t\t\t\t<p><strong class=\"userFormat1\">Comitato di Scandicci<\/strong><br \/><span>Progetto: SALUTE: FAVORIAMO LA CULTURA DEL MIGLIORAMENTO<\/span><br \/><span>Sede : Via Dupr\u00e8, 26 \u2013 Scandicci<\/span><br \/><strong class=\"userFormat1\">Posti: 8<\/strong><\/p><p><a href=\"https:\/\/cri.it\/toscana\/wp-content\/uploads\/sites\/18\/2021\/11\/SCR_SCHEDA_PROGETTO_SCANDICCI.pdf\" class=\"mtli_attachment mtli_pdf\">SCHEDA_PROGETTO_SCANDICCI<\/a><\/p><p><a href=\"https:\/\/cri.it\/toscana\/wp-content\/uploads\/sites\/18\/2021\/11\/selezione-scandicci.pdf\" class=\"mtli_attachment mtli_pdf\">Selezione CRI Scandicci<\/a><\/p><p><a href=\"https:\/\/cri.it\/toscana\/wp-content\/uploads\/sites\/18\/2021\/11\/Graduatoria_SCANDICCI.pdf\" class=\"mtli_attachment mtli_pdf\">Graduatoria di merito CRI SCANDICCI<\/a><\/p>\t\t\t\t\t\t\t\t<\/div>\n\t\t\t\t<\/div>\n\t\t\t\t\t<\/div>\n\t\t<\/div>\n\t\t\t\t\t<\/div>\n\t\t<\/section>\n\t\t\t\t<section class=\"elementor-section elementor-top-section elementor-element elementor-element-c9e34fa elementor-section-boxed elementor-section-height-default elementor-section-height-default\" data-id=\"c9e34fa\" data-element_type=\"section\" data-e-type=\"section\">\n\t\t\t\t\t\t<div class=\"elementor-container elementor-column-gap-default\">\n\t\t\t\t\t<div class=\"elementor-column elementor-col-100 elementor-top-column elementor-element elementor-element-dcac843\" data-id=\"dcac843\" data-element_type=\"column\" data-e-type=\"column\">\n\t\t\t<div class=\"elementor-widget-wrap\">\n\t\t\t\t\t\t\t<\/div>\n\t\t<\/div>\n\t\t\t\t\t<\/div>\n\t\t<\/section>\n\t\t\t\t<\/div>\n\t\t","protected":false},"excerpt":{"rendered":"<p>CHI PU\u00d2 PRESENTARE DOMANDA Possono presentare la propria candidatura i giovani che, alla data di presentazione della domanda:&#8211; siano regolarmente residenti o domiciliati in Toscana per motivi di studio propri o per motivi di studio o di lavoro di almeno uno dei genitori;&#8211; siano in et\u00e0 compresa fra i 18 [&hellip;]<\/p>\n","protected":false},"author":106,"featured_media":1691,"parent":0,"menu_order":0,"comment_status":"closed","ping_status":"closed","template":"","meta":{"_themeisle_gutenberg_block_has_review":false,"footnotes":""},"categories":[],"tags":[],"class_list":["post-1690","page","type-page","status-publish","has-post-thumbnail","hentry"],"_links":{"self":[{"href":"https:\/\/cri.it\/toscana\/wp-json\/wp\/v2\/pages\/1690","targetHints":{"allow":["GET"]}}],"collection":[{"href":"https:\/\/cri.it\/toscana\/wp-json\/wp\/v2\/pages"}],"about":[{"href":"https:\/\/cri.it\/toscana\/wp-json\/wp\/v2\/types\/page"}],"author":[{"embeddable":true,"href":"https:\/\/cri.it\/toscana\/wp-json\/wp\/v2\/users\/106"}],"replies":[{"embeddable":true,"href":"https:\/\/cri.it\/toscana\/wp-json\/wp\/v2\/comments?post=1690"}],"version-history":[{"count":3,"href":"https:\/\/cri.it\/toscana\/wp-json\/wp\/v2\/pages\/1690\/revisions"}],"predecessor-version":[{"id":1726,"href":"https:\/\/cri.it\/toscana\/wp-json\/wp\/v2\/pages\/1690\/revisions\/1726"}],"wp:featuredmedia":[{"embeddable":true,"href":"https:\/\/cri.it\/toscana\/wp-json\/wp\/v2\/media\/1691"}],"wp:attachment":[{"href":"https:\/\/cri.it\/toscana\/wp-json\/wp\/v2\/media?parent=1690"}],"wp:term":[{"taxonomy":"category","embeddable":true,"href":"https:\/\/cri.it\/toscana\/wp-json\/wp\/v2\/categories?post=1690"},{"taxonomy":"post_tag","embeddable":true,"href":"https:\/\/cri.it\/toscana\/wp-json\/wp\/v2\/tags?post=1690"}],"curies":[{"name":"wp","href":"https:\/\/api.w.org\/{rel}","templated":true}]}}