{"id":3482,"date":"2023-01-23T12:44:04","date_gmt":"2023-01-23T11:44:04","guid":{"rendered":"https:\/\/cri.it\/lazio\/?page_id=3482"},"modified":"2023-01-23T13:43:05","modified_gmt":"2023-01-23T12:43:05","slug":"bando-servizio-civile-2022","status":"publish","type":"page","link":"https:\/\/cri.it\/lazio\/bando-servizio-civile-2022\/","title":{"rendered":"Bando Servizio Civile 2022"},"content":{"rendered":"\t\t<div data-elementor-type=\"wp-page\" data-elementor-id=\"3482\" class=\"elementor elementor-3482\">\n\t\t\t\t\t\t<section class=\"elementor-section elementor-top-section elementor-element elementor-element-d8f7b37 elementor-section-boxed elementor-section-height-default elementor-section-height-default\" data-id=\"d8f7b37\" data-element_type=\"section\" data-e-type=\"section\">\n\t\t\t\t\t\t<div class=\"elementor-container elementor-column-gap-default\">\n\t\t\t\t\t<div class=\"elementor-column elementor-col-100 elementor-top-column elementor-element elementor-element-f02fc90\" data-id=\"f02fc90\" data-element_type=\"column\" data-e-type=\"column\">\n\t\t\t<div class=\"elementor-widget-wrap elementor-element-populated\">\n\t\t\t\t\t\t<div class=\"elementor-element elementor-element-06f66ac elementor-widget elementor-widget-text-editor\" data-id=\"06f66ac\" data-element_type=\"widget\" data-e-type=\"widget\" data-widget_type=\"text-editor.default\">\n\t\t\t\t<div class=\"elementor-widget-container\">\n\t\t\t\t\t\t\t\t\t<p style=\"font-weight: 400;\"><span style=\"text-decoration: underline;\"><b><strong>Bando Ordinario Servizio Civile Universale 2022<\/strong><\/b><\/span><\/p><p>La Presidenza del Consiglio dei Ministri &#8211; Dipartimento per le Politiche Giovanili e il Servizio Civile Universale &#8211; ha pubblicato il bando per la selezione di 71.500 Operatori Volontari da impiegare in progetti afferenti a programmi di intervento di Servizio Civile Universale da realizzarsi in Italia e all&#8217;estero.<\/p>\t\t\t\t\t\t\t\t<\/div>\n\t\t\t\t<\/div>\n\t\t\t\t<div class=\"elementor-element elementor-element-5aea68e elementor-widget elementor-widget-text-editor\" data-id=\"5aea68e\" data-element_type=\"widget\" data-e-type=\"widget\" data-widget_type=\"text-editor.default\">\n\t\t\t\t<div class=\"elementor-widget-container\">\n\t\t\t\t\t\t\t\t\t<p><strong><u>Perch\u00e8 partecipare al Bando?<\/u><\/strong><\/p><p>Partecipare significa impegnarsi in un progetto finalizzato alla difesa, non armata e nonviolenta, della Patria, all\u2019educazione, alla pace tra i popoli e alla promozione dei valori fondativi della Repubblica italiana, con azioni concrete per le comunit\u00e0 e per il territorio. E\u2019 un impegno per gli altri, \u00e8 una partecipazione di responsabilit\u00e0, \u00e8 una occasione per crescere confrontandosi, \u00e8 un modo per conoscere diverse realt\u00e0, per capire e condividere, \u00e8 una crescita professionale, \u00e8 uno strumento di pace e di integrazione, \u00e8 una forma di aiuto a chi vive in disagio o ha minori opportunit\u00e0, \u00e8 un atto di amore e di solidariet\u00e0 verso gli altri, \u00e8 una occasione di confronto con altre culture, \u00e8 una risorsa per il Paese, \u00e8 una esperienza utile per avvicinarsi al mondo del lavoro.<\/p><p>Per ogni approfondimento<span>\u00a0<\/span><a href=\"https:\/\/www.politichegiovanili.gov.it\/faq\/volontari\/\" rel=\"noopener\" target=\"_blank\">visita il sito del Dipartimento per le Politiche Giovanili e il Servizio Civile Universale<\/a> \u00a0<\/p>\t\t\t\t\t\t\t\t<\/div>\n\t\t\t\t<\/div>\n\t\t\t\t\t<\/div>\n\t\t<\/div>\n\t\t\t\t\t<\/div>\n\t\t<\/section>\n\t\t\t\t<section class=\"elementor-section elementor-top-section elementor-element elementor-element-3fe308e elementor-section-boxed elementor-section-height-default elementor-section-height-default\" data-id=\"3fe308e\" data-element_type=\"section\" data-e-type=\"section\">\n\t\t\t\t\t\t<div class=\"elementor-container elementor-column-gap-default\">\n\t\t\t\t\t<div class=\"elementor-column elementor-col-100 elementor-top-column elementor-element elementor-element-a06fda2\" data-id=\"a06fda2\" data-element_type=\"column\" data-e-type=\"column\">\n\t\t\t<div class=\"elementor-widget-wrap elementor-element-populated\">\n\t\t\t\t\t\t<div class=\"elementor-element elementor-element-4b643fa elementor-widget elementor-widget-text-editor\" data-id=\"4b643fa\" data-element_type=\"widget\" data-e-type=\"widget\" data-widget_type=\"text-editor.default\">\n\t\t\t\t<div class=\"elementor-widget-container\">\n\t\t\t\t\t\t\t\t\t<p><strong><u>Chi pu\u00f2 partecipare?<\/u><\/strong><\/p><p style=\"font-weight: 400;\">Per l\u2019ammissione alla selezione \u00e8 richiesto il possesso dei seguenti requisiti:<\/p><ul><li style=\"font-weight: 400;\"><span>\u00a0<\/span>cittadinanza italiana, oppure di uno degli altri Stati membri dell\u2019Unione Europea, oppure di un Paese extra Unione Europea purch\u00e9 il candidato sia regolarmente soggiornante in Italia;<\/li><li style=\"font-weight: 400;\"><span><\/span>aver compiuto il diciottesimo anno di et\u00e0 e non aver superato il ventottesimo anno di et\u00e0 (28 anni e 364 giorni) alla data di presentazione della domanda;<\/li><li style=\"font-weight: 400;\"><span><\/span>non aver riportato condanna, anche non definitiva, alla pena della reclusione superiore ad un anno per delitto non colposo oppure ad una pena, anche di entit\u00e0 inferiore, per un delitto contro la persona o concernente detenzione, uso, porto, trasporto, importazione o esportazione illecita di armi o materie esplodenti, oppure per delitti riguardanti l\u2019appartenenza o il favoreggiamento a gruppi eversivi, terroristici o di criminalit\u00e0 organizzata.<\/li><\/ul><p style=\"font-weight: 400;\">\u00a0I requisiti di partecipazione devono essere posseduti alla data di presentazione della domanda e, ad eccezione del limite di et\u00e0, mantenuti sino al termine del servizio, a pena di esclusione della procedura.<\/p><p style=\"font-weight: 400;\">\u00a0<b><strong>Non possono presentare domanda<\/strong><\/b>\u00a0i giovani che:<\/p><p style=\"font-weight: 400;\"><\/p><ul><li style=\"font-weight: 400;\"><span><\/span>appartengono ai corpi militari e alle forze di polizia;<\/li><li style=\"font-weight: 400;\"><span><\/span>abbiano interrotto un progetto di servizio civile nazionale, universale o finanziato dal PON-IOG \u201cGaranzia Giovani\u201d prima della scadenza prevista ed intendano nuovamente candidarsi ad uno dei progetti contemplati nel presente bando<\/li><li style=\"font-weight: 400;\"><span><\/span>intrattengano, all\u2019atto della pubblicazione del presente bando, con l\u2019ente titolare del progetto rapporti di lavoro\/di collaborazione retribuita a qualunque titolo, oppure abbiano avuto tali rapporti di durata superiore a tre mesi nei 12 mesi precedenti la data di pubblicazione del bando; in tali fattispecie sono ricompresi anche gli stage retribuiti.<\/li><\/ul><p style=\"font-weight: 400;\"><b><strong>Non costituiscono cause ostative alla presentazione della domanda<\/strong><\/b>\u00a0di servizio civile:<\/p><p style=\"font-weight: 400;\"><\/p><ul><li style=\"font-weight: 400;\"><span><\/span>nel corso del 2020\/2021, a causa degli effetti delle situazioni di rischio legate all\u2019emergenza epidemiologica da Covid-19 e\/o legate alla sicurezza di alcuni Paesi esteri di destinazione, abbiano interrotto il servizio volontariamente o perch\u00e9 il progetto in cui erano impegnati \u00e8 stato definitivamente interrotto dall\u2019ente a condizione che il periodo del servizio prestato non sia stato superiore a sei mesi;<\/li><li style=\"font-weight: 400;\"><span><\/span>abbiano interrotto il Servizio civile a conclusione di un procedimento sanzionatorio a carico dell\u2019ente che ha causato la revoca del progetto, oppure a causa di chiusura del progetto o della sede di attuazione su richiesta motivata dell\u2019ente, a condizione che, in tutti i casi, il periodo del servizio prestato non sia stato superiore a sei mesi;<\/li><li style=\"font-weight: 400;\"><span><\/span>abbiano interrotto il Servizio civile nazionale o universale a causa del superamento dei giorni di malattia previsti, a condizione che il periodo del servizio prestato non sia stato superiore a sei mesi;<\/li><li style=\"font-weight: 400;\"><span><\/span>abbiano gi\u00e0 prestato servizio in passato in un progetto finanziato dal PON-IOG \u201cGaranzia Giovani\u201d ed intendano presentare la propria candidatura per gli altri progetti di servizio civile universale e servizio civile digitale;<\/li><li style=\"font-weight: 400;\"><span><\/span>abbiano gi\u00e0 prestato servizio in un progetto finanziato dal PON-IOG &#8220;Garanzia Giovani&#8221;. L&#8217;avvio in servizio per lo svolgimento del nuovo progetto \u00e8 subordinato all&#8217;aver regolarmente concluso il progetto finanziato dal PON-IOG &#8220;Garanzia Giovani&#8221;;<\/li><li style=\"font-weight: 400;\"><span><\/span>abbiano gi\u00e0 svolto il Servizio civile nell\u2019ambito del progetto sperimentale europeo International Volunteering Opportunities for All e nell\u2019ambito dei progetti per i Corpi civili di pace;<\/li><li style=\"font-weight: 400;\"><span><\/span>abbiano gi\u00e0 svolto il \u201cservizio civile regionale\u201d ossia un servizio istituito con una legge regionale o di una provincia autonoma;<\/li><li style=\"font-weight: 400;\"><span><\/span>nel corso del 2021 siano stati avviati in servizio per la partecipazione ad un progetto finanziato dal PON-IOG \u201cGaranzia Giovani\u201d e successivamente, a seguito di verifiche effettuate dal Dipartimento, esclusi per mancanza del possesso dei requisiti aggiuntivi.<\/li><\/ul><p style=\"font-weight: 400;\">\u00a0Possono inoltre presentare domanda di Servizio le operatrici volontarie ammesse al Servizio civile in occasione di precedenti selezioni e successivamente poste in astensione per gravidanza e maternit\u00e0, che non hanno completato i sei mesi di servizio, al netto del periodo di astensione, purch\u00e9 in possesso dei requisiti di cui ai precedenti articoli.<\/p><p style=\"font-weight: 400;\"><\/p><p style=\"font-weight: 400;\"><b><strong>Ciascun giovane, a pena di esclusione dalla procedura, pu\u00f2 presentare una sola domanda di partecipazione al bando e per un solo progetto tra quelli indicati negli allegati al Bando.<\/strong><\/b><\/p><p><\/p>\t\t\t\t\t\t\t\t<\/div>\n\t\t\t\t<\/div>\n\t\t\t\t\t<\/div>\n\t\t<\/div>\n\t\t\t\t\t<\/div>\n\t\t<\/section>\n\t\t\t\t<section class=\"elementor-section elementor-top-section elementor-element elementor-element-529f6ab elementor-section-boxed elementor-section-height-default elementor-section-height-default\" data-id=\"529f6ab\" data-element_type=\"section\" data-e-type=\"section\">\n\t\t\t\t\t\t<div class=\"elementor-container elementor-column-gap-default\">\n\t\t\t\t\t<div class=\"elementor-column elementor-col-100 elementor-top-column elementor-element elementor-element-a70d064\" data-id=\"a70d064\" data-element_type=\"column\" data-e-type=\"column\">\n\t\t\t<div class=\"elementor-widget-wrap elementor-element-populated\">\n\t\t\t\t\t\t<div class=\"elementor-element elementor-element-a2aa64a elementor-widget elementor-widget-text-editor\" data-id=\"a2aa64a\" data-element_type=\"widget\" data-e-type=\"widget\" data-widget_type=\"text-editor.default\">\n\t\t\t\t<div class=\"elementor-widget-container\">\n\t\t\t\t\t\t\t\t\t<p><strong><u>Come presentare la domanda?<\/u><\/strong><\/p><p>La domanda si pu\u00f2 presentare, <strong>entro e non oltre le ore 14:00 del 10 febbraio 2023,<\/strong> esclusivamente tramite la<span>\u00a0<\/span><strong><a href=\"https:\/\/domandaonline.serviziocivile.it\/\" rel=\"noopener\" target=\"_blank\">piattaforma DOL<\/a><\/strong><span>\u00a0<\/span>raggiungibile<span> all&#8217;indirizzo<\/span><b><strong>\u00a0<\/strong><\/b><a href=\"https:\/\/domandaonline.serviziocivile.it\/\" target=\"_blank\" rel=\"noopener\"><b><strong>https:\/\/domandaonline.serviziocivile.it<\/strong><\/b><\/a><b><strong>\u00a0<\/strong><\/b><\/p><ol><li style=\"list-style-type: none;\"><ol><\/ol><\/li><\/ol>\t\t\t\t\t\t\t\t<\/div>\n\t\t\t\t<\/div>\n\t\t\t\t\t<\/div>\n\t\t<\/div>\n\t\t\t\t\t<\/div>\n\t\t<\/section>\n\t\t\t\t<section class=\"elementor-section elementor-top-section elementor-element elementor-element-33f15aa elementor-section-boxed elementor-section-height-default elementor-section-height-default\" data-id=\"33f15aa\" data-element_type=\"section\" data-e-type=\"section\">\n\t\t\t\t\t\t<div class=\"elementor-container elementor-column-gap-default\">\n\t\t\t\t\t<div class=\"elementor-column elementor-col-100 elementor-top-column elementor-element elementor-element-475d6d9\" data-id=\"475d6d9\" data-element_type=\"column\" data-e-type=\"column\">\n\t\t\t<div class=\"elementor-widget-wrap elementor-element-populated\">\n\t\t\t\t\t\t\t<\/div>\n\t\t<\/div>\n\t\t\t\t\t<\/div>\n\t\t<\/section>\n\t\t\t\t<section class=\"elementor-section elementor-top-section elementor-element elementor-element-3f10563 elementor-section-boxed elementor-section-height-default elementor-section-height-default\" data-id=\"3f10563\" data-element_type=\"section\" data-e-type=\"section\">\n\t\t\t\t\t\t<div class=\"elementor-container elementor-column-gap-default\">\n\t\t\t\t\t<div class=\"elementor-column elementor-col-100 elementor-top-column elementor-element elementor-element-6819a86\" data-id=\"6819a86\" data-element_type=\"column\" data-e-type=\"column\">\n\t\t\t<div class=\"elementor-widget-wrap elementor-element-populated\">\n\t\t\t\t\t\t<div class=\"elementor-element elementor-element-865c9ba elementor-widget elementor-widget-image\" data-id=\"865c9ba\" data-element_type=\"widget\" data-e-type=\"widget\" data-widget_type=\"image.default\">\n\t\t\t\t<div class=\"elementor-widget-container\">\n\t\t\t\t\t\t\t\t\t\t\t\t\t\t\t<img fetchpriority=\"high\" decoding=\"async\" width=\"1536\" height=\"157\" src=\"https:\/\/cri.it\/lazio\/wp-content\/uploads\/sites\/9\/2022\/02\/Banner-Sito-Sangue-CRILAZIO-3-1536x157.png\" class=\"attachment-1536x1536 size-1536x1536 wp-image-2902\" alt=\"\" srcset=\"https:\/\/cri.it\/lazio\/wp-content\/uploads\/sites\/9\/2022\/02\/Banner-Sito-Sangue-CRILAZIO-3-1536x157.png 1536w, https:\/\/cri.it\/lazio\/wp-content\/uploads\/sites\/9\/2022\/02\/Banner-Sito-Sangue-CRILAZIO-3-300x31.png 300w, https:\/\/cri.it\/lazio\/wp-content\/uploads\/sites\/9\/2022\/02\/Banner-Sito-Sangue-CRILAZIO-3-1024x105.png 1024w, https:\/\/cri.it\/lazio\/wp-content\/uploads\/sites\/9\/2022\/02\/Banner-Sito-Sangue-CRILAZIO-3-768x79.png 768w, https:\/\/cri.it\/lazio\/wp-content\/uploads\/sites\/9\/2022\/02\/Banner-Sito-Sangue-CRILAZIO-3-1280x131.png 1280w, https:\/\/cri.it\/lazio\/wp-content\/uploads\/sites\/9\/2022\/02\/Banner-Sito-Sangue-CRILAZIO-3.png 2000w\" sizes=\"(max-width: 1536px) 100vw, 1536px\" \/>\t\t\t\t\t\t\t\t\t\t\t\t\t\t\t<\/div>\n\t\t\t\t<\/div>\n\t\t\t\t\t<\/div>\n\t\t<\/div>\n\t\t\t\t\t<\/div>\n\t\t<\/section>\n\t\t\t\t<section class=\"elementor-section elementor-top-section elementor-element elementor-element-dad45fe elementor-section-boxed elementor-section-height-default elementor-section-height-default\" data-id=\"dad45fe\" data-element_type=\"section\" data-e-type=\"section\">\n\t\t\t\t\t\t<div class=\"elementor-container elementor-column-gap-default\">\n\t\t\t\t\t<div class=\"elementor-column elementor-col-100 elementor-top-column elementor-element elementor-element-6ac84bd\" data-id=\"6ac84bd\" data-element_type=\"column\" data-e-type=\"column\">\n\t\t\t<div class=\"elementor-widget-wrap elementor-element-populated\">\n\t\t\t\t\t\t<div class=\"elementor-element elementor-element-b4428a0 elementor-widget elementor-widget-text-editor\" data-id=\"b4428a0\" data-element_type=\"widget\" data-e-type=\"widget\" data-widget_type=\"text-editor.default\">\n\t\t\t\t<div class=\"elementor-widget-container\">\n\t\t\t\t\t\t\t\t\t<p>\n<table id=\"tablepress-17\" class=\"tablepress tablepress-id-17\">\n<thead>\n<tr class=\"row-1\">\n\t<th class=\"column-1\">Progetto<\/th><th class=\"column-2\">Codice Progetto<\/th><th class=\"column-3\">Comitato<\/th><th class=\"column-4\">Sede<\/th><th class=\"column-5\">Codice Sede<\/th><th class=\"column-6\">Comune Sede<\/th><th class=\"column-7\">N. posti<\/th><th class=\"column-8\">Info<\/th>\n<\/tr>\n<\/thead>\n<tbody class=\"row-striping row-hover\">\n<tr class=\"row-2\">\n\t<td class=\"column-1\"><a href=\"https:\/\/cri.it\/lazio\/wp-content\/uploads\/sites\/9\/2023\/01\/19_EDUCAZIONE-ALLA-SALUTE-NEL-SUD-ITALIA.pdf\" class=\"mtli_attachment mtli_pdf\">EDUCAZIONE ALLA SALUTE NEL SUD ITALIA<\/a><\/td><td class=\"column-2\">PTCSU0022422012633NMTX<\/td><td class=\"column-3\">Comitato Regionale Lazio<\/td><td class=\"column-4\">Comitato Regionale Lazio<\/td><td class=\"column-5\">184113<\/td><td class=\"column-6\">ROMA<\/td><td class=\"column-7\">2<\/td><td class=\"column-8\">lazio@cri.it<\/td>\n<\/tr>\n<tr class=\"row-3\">\n\t<td class=\"column-1\"><a href=\"https:\/\/cri.it\/lazio\/wp-content\/uploads\/sites\/9\/2023\/01\/3_IN-PRIMA-LINEA-CON-LA-PROTEZIONE-CIVILE.pdf\" class=\"mtli_attachment mtli_pdf\">IN PRIMA LINEA CON LA PROTEZIONE CIVILE<\/a><\/td><td class=\"column-2\">PTCSU0022422012649NMTX<\/td><td class=\"column-3\">Comitato Regionale Lazio<\/td><td class=\"column-4\">Comitato Regionale Lazio<\/td><td class=\"column-5\">184113<\/td><td class=\"column-6\">ROMA<\/td><td class=\"column-7\">2<\/td><td class=\"column-8\">lazio@cri.it<\/td>\n<\/tr>\n<tr class=\"row-4\">\n\t<td class=\"column-1\"><a href=\"https:\/\/cri.it\/lazio\/wp-content\/uploads\/sites\/9\/2023\/01\/3_IN-PRIMA-LINEA-CON-LA-PROTEZIONE-CIVILE.pdf\" class=\"mtli_attachment mtli_pdf\">IN PRIMA LINEA CON LA PROTEZIONE CIVILE<\/a><\/td><td class=\"column-2\">PTCSU0022422012649NMTX<\/td><td class=\"column-3\">CRI Comitato di Ciampino<\/td><td class=\"column-4\">C.R.I. Ciampino 4<\/td><td class=\"column-5\">208909<\/td><td class=\"column-6\">CIAMPINO<\/td><td class=\"column-7\">6<\/td><td class=\"column-8\">ciampino@cri.it<\/td>\n<\/tr>\n<tr class=\"row-5\">\n\t<td class=\"column-1\"><a href=\"https:\/\/cri.it\/lazio\/wp-content\/uploads\/sites\/9\/2023\/01\/6_ASSISTENZA-E-UGUAGLIANZA-PER-TUTTI-CENTRO-ITALIA_NUOVO.pdf\" class=\"mtli_attachment mtli_pdf\">ASSISTENZA E UGUAGLIANZA PER TUTTI IN CENTRO ITALIA<\/a><\/td><td class=\"column-2\">PTCSU0022422012646NMTX<\/td><td class=\"column-3\">CRI Comitato di Fiumicino<\/td><td class=\"column-4\">CRI &#8211; Comitato di Fiumicino<\/td><td class=\"column-5\">208834<\/td><td class=\"column-6\">FIUMICINO<\/td><td class=\"column-7\">3<\/td><td class=\"column-8\">fiumicino@cri.it<\/td>\n<\/tr>\n<tr class=\"row-6\">\n\t<td class=\"column-1\"><a href=\"https:\/\/cri.it\/lazio\/wp-content\/uploads\/sites\/9\/2023\/01\/21_SALUTE-E-SERVIZI-DI-TRASPORTO-NEL-SUD-ITALIA.pdf\" class=\"mtli_attachment mtli_pdf\">SALUTE E SERVIZI DI TRASPORTO NEL SUD ITALIA<\/a><\/td><td class=\"column-2\">PTCSU0022422012631NMTX<\/td><td class=\"column-3\">CRI Comitato di Fiumicino<\/td><td class=\"column-4\">CRI &#8211; Comitato di Fiumicino<\/td><td class=\"column-5\">208834<\/td><td class=\"column-6\">FIUMICINO<\/td><td class=\"column-7\">3<\/td><td class=\"column-8\">fiumicino@cri.it<\/td>\n<\/tr>\n<tr class=\"row-7\">\n\t<td class=\"column-1\"><a href=\"https:\/\/cri.it\/lazio\/wp-content\/uploads\/sites\/9\/2023\/01\/7_ASSISTENZA-SANITARIA-PER-TUTTI-IN-CENTRO-ITALIA_NUOVO.pdf\" class=\"mtli_attachment mtli_pdf\">ASSISTENZA SANITARIA PER TUTTI IN CENTRO ITALIA<\/a><\/td><td class=\"column-2\">PTCSU0022422012647NMTX<\/td><td class=\"column-3\">CRI Comitato di Piglio<\/td><td class=\"column-4\">CRI &#8211; Comitato di Piglio<\/td><td class=\"column-5\">209306<\/td><td class=\"column-6\">PIGLIO<\/td><td class=\"column-7\">2<\/td><td class=\"column-8\">piglio@cri.it<\/td>\n<\/tr>\n<tr class=\"row-8\">\n\t<td class=\"column-1\"><a href=\"https:\/\/cri.it\/lazio\/wp-content\/uploads\/sites\/9\/2023\/01\/15_PRESIDI-SOLIDALI-PER-LA-RESILIENZA.pdf\" class=\"mtli_attachment mtli_pdf\">PRESIDI SOLIDALI PER LA RESILIENZA<\/a><\/td><td class=\"column-2\">PTCSU0022422012634NMTX<\/td><td class=\"column-3\">CRI Comitato di Piglio<\/td><td class=\"column-4\">CRI &#8211; Comitato di Piglio<\/td><td class=\"column-5\">209306<\/td><td class=\"column-6\">PIGLIO<\/td><td class=\"column-7\">2<\/td><td class=\"column-8\">piglio@cri.it<\/td>\n<\/tr>\n<tr class=\"row-9\">\n\t<td class=\"column-1\"><a href=\"https:\/\/cri.it\/lazio\/wp-content\/uploads\/sites\/9\/2023\/01\/18_SALUTE-E-SERVIZI-DI-TRASPORTO-IN-NORD-ITALIA.pdf\" class=\"mtli_attachment mtli_pdf\">SALUTE E SERVIZI DI TRASPORTO IN NORD ITALIA<\/a><\/td><td class=\"column-2\">PTCSU0022422012627NMTX<\/td><td class=\"column-3\">CRI Comitato di Piglio<\/td><td class=\"column-4\">CRI &#8211; Comitato di Piglio<\/td><td class=\"column-5\">209306<\/td><td class=\"column-6\">PIGLIO<\/td><td class=\"column-7\">2<\/td><td class=\"column-8\">piglio@cri.it<\/td>\n<\/tr>\n<tr class=\"row-10\">\n\t<td class=\"column-1\"><a href=\"https:\/\/cri.it\/lazio\/wp-content\/uploads\/sites\/9\/2023\/01\/7_ASSISTENZA-SANITARIA-PER-TUTTI-IN-CENTRO-ITALIA_NUOVO.pdf\" class=\"mtli_attachment mtli_pdf\">ASSISTENZA SANITARIA PER TUTTI IN CENTRO ITALIA<\/a><\/td><td class=\"column-2\">PTCSU0022422012647NMTX<\/td><td class=\"column-3\">CRI Comitato Municipi 8-11-12  di Roma<\/td><td class=\"column-4\">CRI &#8211; Comitato di Roma Municipio 8-11-12<\/td><td class=\"column-5\">208902<\/td><td class=\"column-6\">ROMA<\/td><td class=\"column-7\">2<\/td><td class=\"column-8\">roma8-11-12@cri.it<\/td>\n<\/tr>\n<tr class=\"row-11\">\n\t<td class=\"column-1\"><a href=\"https:\/\/cri.it\/lazio\/wp-content\/uploads\/sites\/9\/2023\/01\/3_IN-PRIMA-LINEA-CON-LA-PROTEZIONE-CIVILE.pdf\" class=\"mtli_attachment mtli_pdf\">IN PRIMA LINEA CON LA PROTEZIONE CIVILE<\/a><\/td><td class=\"column-2\">PTCSU0022422012649NMTX<\/td><td class=\"column-3\">CRI Comitato Municipi 8-11-12  di Roma<\/td><td class=\"column-4\">CRI &#8211; Comitato di Roma Municipio 8-11-12<\/td><td class=\"column-5\">208902<\/td><td class=\"column-6\">ROMA<\/td><td class=\"column-7\">2<\/td><td class=\"column-8\">roma8-11-12@cri.it<\/td>\n<\/tr>\n<tr class=\"row-12\">\n\t<td class=\"column-1\"><a href=\"https:\/\/cri.it\/lazio\/wp-content\/uploads\/sites\/9\/2023\/01\/21_SALUTE-E-SERVIZI-DI-TRASPORTO-NEL-SUD-ITALIA.pdf\" class=\"mtli_attachment mtli_pdf\">SALUTE E SERVIZI DI TRASPORTO NEL SUD ITALIA<\/a><\/td><td class=\"column-2\">PTCSU0022422012631NMTX<\/td><td class=\"column-3\">CRI Comitato Municipi 8-11-12  di Roma<\/td><td class=\"column-4\">CRI &#8211; Comitato di Roma Municipio 8-11-12<\/td><td class=\"column-5\">208902<\/td><td class=\"column-6\">ROMA<\/td><td class=\"column-7\">2<\/td><td class=\"column-8\">roma8-11-12@cri.it<\/td>\n<\/tr>\n<tr class=\"row-13\">\n\t<td class=\"column-1\"><a href=\"https:\/\/cri.it\/lazio\/wp-content\/uploads\/sites\/9\/2023\/01\/8_BENESSERE-E-PROTEZIONE-CIVILE-PER-TUTTI-IN-CENTRO-ITALIA_NUOVO.pdf\" class=\"mtli_attachment mtli_pdf\">BENESSERE E PROTEZIONE CIVILE PER TUTTI IN CENTRO ITALIA<\/a><\/td><td class=\"column-2\">PTCSU0022422012648NMTX<\/td><td class=\"column-3\">CRI Comitato di Valle del Sacco<\/td><td class=\"column-4\">CRI &#8211; Comitato di Valle del Sacco<\/td><td class=\"column-5\">208922<\/td><td class=\"column-6\">COLLEFERRO<\/td><td class=\"column-7\">2<\/td><td class=\"column-8\">valledelsacco@cri.it<\/td>\n<\/tr>\n<tr class=\"row-14\">\n\t<td class=\"column-1\"><a href=\"https:\/\/cri.it\/lazio\/wp-content\/uploads\/sites\/9\/2023\/01\/16_RESILIENZA-E-PROTEZIONE-CIVILE.pdf\" class=\"mtli_attachment mtli_pdf\">RESILIENZA E PROTEZIONE CIVILE<\/a><\/td><td class=\"column-2\">PTCSU0022422012635NMTX<\/td><td class=\"column-3\">CRI Comitato di Valle del Sacco<\/td><td class=\"column-4\">CRI &#8211; Comitato di Valle del Sacco<\/td><td class=\"column-5\">208922<\/td><td class=\"column-6\">COLLEFERRO<\/td><td class=\"column-7\">1<\/td><td class=\"column-8\">valledelsacco@cri.it<\/td>\n<\/tr>\n<tr class=\"row-15\">\n\t<td class=\"column-1\"><a href=\"https:\/\/cri.it\/lazio\/wp-content\/uploads\/sites\/9\/2023\/01\/26_RESILIENZA-E-PROTEZIONE-CIVILE-SCU-2022.pdf\" class=\"mtli_attachment mtli_pdf\">RESILIENZA E PROTEZIONE CIVILE SCU 2022<\/a><\/td><td class=\"column-2\">PTCSU0022422013061NMTX<\/td><td class=\"column-3\">CRI Comitato di Valle del Sacco<\/td><td class=\"column-4\">CRI &#8211; Comitato di Valle del Sacco<\/td><td class=\"column-5\">208922<\/td><td class=\"column-6\">COLLEFERRO<\/td><td class=\"column-7\">1<\/td><td class=\"column-8\">valledelsacco@cri.it<\/td>\n<\/tr>\n<tr class=\"row-16\">\n\t<td class=\"column-1\"><a href=\"https:\/\/cri.it\/lazio\/wp-content\/uploads\/sites\/9\/2023\/01\/6_ASSISTENZA-E-UGUAGLIANZA-PER-TUTTI-CENTRO-ITALIA_NUOVO.pdf\" class=\"mtli_attachment mtli_pdf\">ASSISTENZA E UGUAGLIANZA PER TUTTI IN CENTRO ITALIA<\/a><\/td><td class=\"column-2\">PTCSU0022422012646NMTX<\/td><td class=\"column-3\">CRI Comitato Municipio 10 di Roma<\/td><td class=\"column-4\">CRI &#8211; Comitato Municipio 10 di Roma<\/td><td class=\"column-5\">209308<\/td><td class=\"column-6\">ROMA<\/td><td class=\"column-7\">3<\/td><td class=\"column-8\">roma10@cri.it<\/td>\n<\/tr>\n<tr class=\"row-17\">\n\t<td class=\"column-1\"><a href=\"https:\/\/cri.it\/lazio\/wp-content\/uploads\/sites\/9\/2023\/01\/1_CITTADINANZA-ITALIANA-ATTIVA-CONTRO-LE-DISUGUAGLIANZE.pdf\" class=\"mtli_attachment mtli_pdf\">CITTADINANZA ATTIVA CONTRO LE CITTADINANZE<\/a><br \/>\n<\/td><td class=\"column-2\">PTCSU0022422012651NMTX<\/td><td class=\"column-3\">CRI Comitato Municipio 10 di Roma<\/td><td class=\"column-4\">CRI &#8211; Comitato Municipio 10 di Roma<\/td><td class=\"column-5\">209308<\/td><td class=\"column-6\">ROMA<\/td><td class=\"column-7\">3<\/td><td class=\"column-8\">roma10@cri.it<\/td>\n<\/tr>\n<tr class=\"row-18\">\n\t<td class=\"column-1\"><a href=\"https:\/\/cri.it\/lazio\/wp-content\/uploads\/sites\/9\/2023\/01\/1_CITTADINANZA-ITALIANA-ATTIVA-CONTRO-LE-DISUGUAGLIANZE.pdf\" class=\"mtli_attachment mtli_pdf\">CITTADINANZA ATTIVA CONTRO LE CITTADINANZE<\/a><\/td><td class=\"column-2\">PTCSU0022422012651NMTX<\/td><td class=\"column-3\">CRI Comitato Municipio 9 di Roma<\/td><td class=\"column-4\">CRI &#8211; Comitato Municipio 9 di Roma<\/td><td class=\"column-5\">208861<\/td><td class=\"column-6\">ROMA<\/td><td class=\"column-7\">1<\/td><td class=\"column-8\">roma9@cri.it<\/td>\n<\/tr>\n<tr class=\"row-19\">\n\t<td class=\"column-1\"><a href=\"https:\/\/cri.it\/lazio\/wp-content\/uploads\/sites\/9\/2023\/01\/15_PRESIDI-SOLIDALI-PER-LA-RESILIENZA.pdf\" class=\"mtli_attachment mtli_pdf\">PRESIDI SOLIDALI PER LA RESILIENZA<\/a><\/td><td class=\"column-2\">PTCSU0022422012634NMTX<\/td><td class=\"column-3\">CRI Comitato Municipio 9 di Roma<\/td><td class=\"column-4\">CRI &#8211; Comitato Municipio 9 di Roma<\/td><td class=\"column-5\">208861<\/td><td class=\"column-6\">ROMA<\/td><td class=\"column-7\">1<\/td><td class=\"column-8\">roma9@cri.it<\/td>\n<\/tr>\n<tr class=\"row-20\">\n\t<td class=\"column-1\"><a href=\"https:\/\/cri.it\/lazio\/wp-content\/uploads\/sites\/9\/2023\/01\/1_CITTADINANZA-ITALIANA-ATTIVA-CONTRO-LE-DISUGUAGLIANZE.pdf\" class=\"mtli_attachment mtli_pdf\">CITTADINANZA ATTIVA CONTRO LE CITTADINANZE<\/a><\/td><td class=\"column-2\">PTCSU0022422012651NMTX<\/td><td class=\"column-3\">CRI Comitato Municipio 9 di Roma<\/td><td class=\"column-4\">CRI &#8211; Comitato Municipio 9 di Roma SEDE OPERATIVA<\/td><td class=\"column-5\">208862<\/td><td class=\"column-6\">ROMA<\/td><td class=\"column-7\">1<\/td><td class=\"column-8\">roma9@cri.it<\/td>\n<\/tr>\n<tr class=\"row-21\">\n\t<td class=\"column-1\"><a href=\"https:\/\/cri.it\/lazio\/wp-content\/uploads\/sites\/9\/2023\/01\/15_PRESIDI-SOLIDALI-PER-LA-RESILIENZA.pdf\" class=\"mtli_attachment mtli_pdf\">PRESIDI SOLIDALI PER LA RESILIENZA<\/a><\/td><td class=\"column-2\">PTCSU0022422012634NMTX<\/td><td class=\"column-3\">CRI Comitato Municipio 9 di Roma<\/td><td class=\"column-4\">CRI &#8211; Comitato Municipio 9 di Roma SEDE OPERATIVA<\/td><td class=\"column-5\">208862<\/td><td class=\"column-6\">ROMA<\/td><td class=\"column-7\">1<\/td><td class=\"column-8\">roma9@cri.it<\/td>\n<\/tr>\n<tr class=\"row-22\">\n\t<td class=\"column-1\"><a href=\"https:\/\/cri.it\/lazio\/wp-content\/uploads\/sites\/9\/2023\/01\/20_PROTEZIONE-CIVILE-E-SALUTE-NEL-SUD-ITALIA.pdf\" class=\"mtli_attachment mtli_pdf\">PROTEZIONE CIVILE E SALUTE NEL SUD ITALIA<\/a><\/td><td class=\"column-2\">PTCSU0022422012632NMTX<\/td><td class=\"column-3\">CRI Comitato Municipio 9 di Roma<\/td><td class=\"column-4\">CRI &#8211; Comitato Municipio 9 di Roma SEDE OPERATIVA<\/td><td class=\"column-5\">208862<\/td><td class=\"column-6\">ROMA<\/td><td class=\"column-7\">2<\/td><td class=\"column-8\">roma9@cri.it<\/td>\n<\/tr>\n<tr class=\"row-23\">\n\t<td class=\"column-1\"><a href=\"https:\/\/cri.it\/lazio\/wp-content\/uploads\/sites\/9\/2023\/01\/8_BENESSERE-E-PROTEZIONE-CIVILE-PER-TUTTI-IN-CENTRO-ITALIA_NUOVO.pdf\" class=\"mtli_attachment mtli_pdf\">BENESSERE E PROTEZIONE CIVILE PER TUTTI IN CENTRO ITALIA<\/a><\/td><td class=\"column-2\">PTCSU0022422012648NMTX<\/td><td class=\"column-3\">CRI Comitato di Rieti<\/td><td class=\"column-4\">Croce Rossa Italiana Comitato di Rieti<\/td><td class=\"column-5\">184365<\/td><td class=\"column-6\">CITTADUCALE<\/td><td class=\"column-7\">4<\/td><td class=\"column-8\">rieti@cri.it<\/td>\n<\/tr>\n<tr class=\"row-24\">\n\t<td class=\"column-1\"><a href=\"https:\/\/cri.it\/lazio\/wp-content\/uploads\/sites\/9\/2023\/01\/20_PROTEZIONE-CIVILE-E-SALUTE-NEL-SUD-ITALIA.pdf\" class=\"mtli_attachment mtli_pdf\">PROTEZIONE CIVILE E SALUTE NEL SUD ITALIA<\/a><\/td><td class=\"column-2\">PTCSU0022422012632NMTX<\/td><td class=\"column-3\">CRI Comitato di Rieti<\/td><td class=\"column-4\">Croce Rossa Italiana Comitato di Rieti<\/td><td class=\"column-5\">184365<\/td><td class=\"column-6\">CITTADUCALE<\/td><td class=\"column-7\">2<\/td><td class=\"column-8\">rieti@cri.it<\/td>\n<\/tr>\n<tr class=\"row-25\">\n\t<td class=\"column-1\"><a href=\"https:\/\/cri.it\/lazio\/wp-content\/uploads\/sites\/9\/2023\/01\/8_BENESSERE-E-PROTEZIONE-CIVILE-PER-TUTTI-IN-CENTRO-ITALIA_NUOVO.pdf\" class=\"mtli_attachment mtli_pdf\">BENESSERE E PROTEZIONE CIVILE PER TUTTI IN CENTRO ITALIA<\/a><\/td><td class=\"column-2\">PTCSU0022422012648NMTX<\/td><td class=\"column-3\">CRI Comitato di Rieti<\/td><td class=\"column-4\">Croce Rossa Italiana &#8211; Unita&#8217; Territoriale di Contigliano<\/td><td class=\"column-5\">184155<\/td><td class=\"column-6\">CONTIGLIANO<\/td><td class=\"column-7\">3<\/td><td class=\"column-8\">rieti@cri.it<\/td>\n<\/tr>\n<tr class=\"row-26\">\n\t<td class=\"column-1\"><a href=\"https:\/\/cri.it\/lazio\/wp-content\/uploads\/sites\/9\/2023\/01\/20_PROTEZIONE-CIVILE-E-SALUTE-NEL-SUD-ITALIA.pdf\" class=\"mtli_attachment mtli_pdf\">PROTEZIONE CIVILE E SALUTE NEL SUD ITALIA<\/a><\/td><td class=\"column-2\">PTCSU0022422012632NMTX<\/td><td class=\"column-3\">CRI Comitato di Rieti<\/td><td class=\"column-4\">Croce Rossa Italiana &#8211; Unita&#8217; Territoriale di Contigliano<\/td><td class=\"column-5\">184155<\/td><td class=\"column-6\">CONTIGLIANO<\/td><td class=\"column-7\">3<\/td><td class=\"column-8\">rieti@cri.it<\/td>\n<\/tr>\n<tr class=\"row-27\">\n\t<td class=\"column-1\"><a href=\"https:\/\/cri.it\/lazio\/wp-content\/uploads\/sites\/9\/2023\/01\/8_BENESSERE-E-PROTEZIONE-CIVILE-PER-TUTTI-IN-CENTRO-ITALIA_NUOVO.pdf\" class=\"mtli_attachment mtli_pdf\">BENESSERE E PROTEZIONE CIVILE PER TUTTI IN CENTRO ITALIA<\/a><\/td><td class=\"column-2\">PTCSU0022422012648NMTX<\/td><td class=\"column-3\">CRI Comitato di Rieti<\/td><td class=\"column-4\">Croce Rossa Italiana &#8211; Unita&#8217; Territoriale di Poggio Moiano<\/td><td class=\"column-5\">184163<\/td><td class=\"column-6\">POGGIO MOIANO<\/td><td class=\"column-7\">4<\/td><td class=\"column-8\">rieti@cri.it<\/td>\n<\/tr>\n<tr class=\"row-28\">\n\t<td class=\"column-1\"><a href=\"https:\/\/cri.it\/lazio\/wp-content\/uploads\/sites\/9\/2023\/01\/20_PROTEZIONE-CIVILE-E-SALUTE-NEL-SUD-ITALIA.pdf\" class=\"mtli_attachment mtli_pdf\">PROTEZIONE CIVILE E SALUTE NEL SUD ITALIA<\/a><\/td><td class=\"column-2\">PTCSU0022422012632NMTX<\/td><td class=\"column-3\">CRI Comitato di Rieti<\/td><td class=\"column-4\">Croce Rossa Italiana &#8211; Unita&#8217; Territoriale di Poggio Moiano<\/td><td class=\"column-5\">184163<\/td><td class=\"column-6\">POGGIO MOIANO<\/td><td class=\"column-7\">2<\/td><td class=\"column-8\">rieti@cri.it<\/td>\n<\/tr>\n<tr class=\"row-29\">\n\t<td class=\"column-1\"><a href=\"https:\/\/cri.it\/lazio\/wp-content\/uploads\/sites\/9\/2023\/01\/6_ASSISTENZA-E-UGUAGLIANZA-PER-TUTTI-CENTRO-ITALIA_NUOVO.pdf\" class=\"mtli_attachment mtli_pdf\">ASSISTENZA E UGUAGLIANZA PER TUTTI IN CENTRO ITALIA<\/a><\/td><td class=\"column-2\">PTCSU0022422012646NMTX<\/td><td class=\"column-3\">CRI Comitato Municipio 6 di Roma<\/td><td class=\"column-4\">Croce Rossa Italiana Comitato  Municipio 6 di Roma &#8211; Amm<\/td><td class=\"column-5\">183789<\/td><td class=\"column-6\">ROMA<\/td><td class=\"column-7\">2<\/td><td class=\"column-8\">roma6@cri.it<\/td>\n<\/tr>\n<tr class=\"row-30\">\n\t<td class=\"column-1\"><a href=\"https:\/\/cri.it\/lazio\/wp-content\/uploads\/sites\/9\/2023\/01\/21_SALUTE-E-SERVIZI-DI-TRASPORTO-NEL-SUD-ITALIA.pdf\" class=\"mtli_attachment mtli_pdf\">SALUTE E SERVIZI DI TRASPORTO NEL SUD ITALIA<\/a><\/td><td class=\"column-2\">PTCSU0022422012631NMTX<\/td><td class=\"column-3\">CRI Comitato Municipio 6 di Roma<\/td><td class=\"column-4\">Croce Rossa Italiana Comitato  Municipio 6 di Roma &#8211; Amm<\/td><td class=\"column-5\">183789<\/td><td class=\"column-6\">ROMA<\/td><td class=\"column-7\">2<\/td><td class=\"column-8\">roma6@cri.it<\/td>\n<\/tr>\n<tr class=\"row-31\">\n\t<td class=\"column-1\"><a href=\"https:\/\/cri.it\/lazio\/wp-content\/uploads\/sites\/9\/2023\/01\/19_EDUCAZIONE-ALLA-SALUTE-NEL-SUD-ITALIA.pdf\" class=\"mtli_attachment mtli_pdf\">EDUCAZIONE ALLA SALUTE NEL SUD ITALIA<\/a><\/td><td class=\"column-2\">PTCSU0022422012633NMTX<\/td><td class=\"column-3\">CRI Comitato Area Metropolitana di Roma Capitale<\/td><td class=\"column-4\">Croce Rossa Italiana Comitato Area Metropolitana di Roma Capitale &#8211; Campo Ramazzini<\/td><td class=\"column-5\">183792<\/td><td class=\"column-6\">ROMA<\/td><td class=\"column-7\">4<\/td><td class=\"column-8\">romacapitale@cri.it<\/td>\n<\/tr>\n<tr class=\"row-32\">\n\t<td class=\"column-1\"><a href=\"https:\/\/cri.it\/lazio\/wp-content\/uploads\/sites\/9\/2023\/01\/18_SALUTE-E-SERVIZI-DI-TRASPORTO-IN-NORD-ITALIA.pdf\" class=\"mtli_attachment mtli_pdf\">SALUTE E SERVIZI DI TRASPORTO IN NORD ITALIA<\/a><\/td><td class=\"column-2\">PTCSU0022422012627NMTX<\/td><td class=\"column-3\">CRI Comitato Area Metropolitana di Roma Capitale<\/td><td class=\"column-4\">Croce Rossa Italiana Comitato Area Metropolitana di Roma Capitale &#8211; Campo Ramazzini<\/td><td class=\"column-5\">183792<\/td><td class=\"column-6\">ROMA<\/td><td class=\"column-7\">8<\/td><td class=\"column-8\">romacapitale@cri.it<\/td>\n<\/tr>\n<tr class=\"row-33\">\n\t<td class=\"column-1\"><a href=\"https:\/\/cri.it\/lazio\/wp-content\/uploads\/sites\/9\/2023\/01\/1_CITTADINANZA-ITALIANA-ATTIVA-CONTRO-LE-DISUGUAGLIANZE.pdf\" class=\"mtli_attachment mtli_pdf\">CITTADINANZA ATTIVA CONTRO LE CITTADINANZE<\/a><\/td><td class=\"column-2\">PTCSU0022422012651NMTX<\/td><td class=\"column-3\">CRI Comitato Area Metropolitana di Roma Capitale<\/td><td class=\"column-4\">Croce Rossa Italiana Comitato Area Metropolitana di Roma Capitale &#8211; Centro Archimede (Penelope)<\/td><td class=\"column-5\">183793<\/td><td class=\"column-6\">ROMA<\/td><td class=\"column-7\">4<\/td><td class=\"column-8\">romacapitale@cri.it<\/td>\n<\/tr>\n<tr class=\"row-34\">\n\t<td class=\"column-1\"><a href=\"https:\/\/cri.it\/lazio\/wp-content\/uploads\/sites\/9\/2023\/01\/2_INCLUSIONE-SOCIALE-CONTRO-LE-DISUGUAGLIANZE.pdf\" class=\"mtli_attachment mtli_pdf\">INCLUSIONE SOCIALE CONTRO LE DISUGUAGLIANZE<\/a><\/td><td class=\"column-2\">PTCSU0022422012650NMTX<\/td><td class=\"column-3\">CRI Comitato Area Metropolitana di Roma Capitale<\/td><td class=\"column-4\">Croce Rossa Italiana Comitato Area Metropolitana di Roma Capitale -Villa Maraini (IX Centro)<\/td><td class=\"column-5\">183797<\/td><td class=\"column-6\">ROMA<\/td><td class=\"column-7\">4<\/td><td class=\"column-8\">romacapitale@cri.it<\/td>\n<\/tr>\n<tr class=\"row-35\">\n\t<td class=\"column-1\"><a href=\"https:\/\/cri.it\/lazio\/wp-content\/uploads\/sites\/9\/2023\/01\/7_ASSISTENZA-SANITARIA-PER-TUTTI-IN-CENTRO-ITALIA_NUOVO.pdf\" class=\"mtli_attachment mtli_pdf\">ASSISTENZA SANITARIA PER TUTTI IN CENTRO ITALIA<\/a><\/td><td class=\"column-2\">PTCSU0022422012647NMTX<\/td><td class=\"column-3\">CRI Comitato della Bassa Sabina<\/td><td class=\"column-4\">Croce Rossa Italiana Comitato della Bassa Sabina<\/td><td class=\"column-5\">183799<\/td><td class=\"column-6\">FARA IN SABINA<\/td><td class=\"column-7\">6<\/td><td class=\"column-8\">bassasabina@cri.it<\/td>\n<\/tr>\n<tr class=\"row-36\">\n\t<td class=\"column-1\"><a href=\"https:\/\/cri.it\/lazio\/wp-content\/uploads\/sites\/9\/2023\/01\/21_SALUTE-E-SERVIZI-DI-TRASPORTO-NEL-SUD-ITALIA.pdf\" class=\"mtli_attachment mtli_pdf\">SALUTE E SERVIZI DI TRASPORTO NEL SUD ITALIA<\/a><\/td><td class=\"column-2\">PTCSU0022422012631NMTX<\/td><td class=\"column-3\">CRI Comitato della Bassa Sabina<\/td><td class=\"column-4\">Croce Rossa Italiana Comitato della Bassa Sabina &#8211; Sede di Toffia<\/td><td class=\"column-5\">183800<\/td><td class=\"column-6\">TOFFIA<\/td><td class=\"column-7\">3<\/td><td class=\"column-8\">bassasabina@cri.it<\/td>\n<\/tr>\n<tr class=\"row-37\">\n\t<td class=\"column-1\"><a href=\"https:\/\/cri.it\/lazio\/wp-content\/uploads\/sites\/9\/2023\/01\/21_SALUTE-E-SERVIZI-DI-TRASPORTO-NEL-SUD-ITALIA.pdf\" class=\"mtli_attachment mtli_pdf\">SALUTE E SERVIZI DI TRASPORTO NEL SUD ITALIA<\/a><\/td><td class=\"column-2\">PTCSU0022422012631NMTX<\/td><td class=\"column-3\">CRI Comitato della Bassa Sabina<\/td><td class=\"column-4\">Croce Rossa Italiana Comitato della Bassa Sabina &#8211; sede di Torri in Sabina<\/td><td class=\"column-5\">183801<\/td><td class=\"column-6\">TORRI IN SABINA<\/td><td class=\"column-7\">3<\/td><td class=\"column-8\">bassasabina@cri.it<\/td>\n<\/tr>\n<tr class=\"row-38\">\n\t<td class=\"column-1\"><a href=\"https:\/\/cri.it\/lazio\/wp-content\/uploads\/sites\/9\/2023\/01\/6_ASSISTENZA-E-UGUAGLIANZA-PER-TUTTI-CENTRO-ITALIA_NUOVO.pdf\" class=\"mtli_attachment mtli_pdf\">ASSISTENZA E UGUAGLIANZA PER TUTTI IN CENTRO ITALIA<\/a><\/td><td class=\"column-2\">PTCSU0022422012646NMTX<\/td><td class=\"column-3\">CRI Comitato di Bellegra<\/td><td class=\"column-4\">Croce Rossa Italiana Comitato di Bellegra<\/td><td class=\"column-5\">183818<\/td><td class=\"column-6\">BELLEGRA<\/td><td class=\"column-7\">3<\/td><td class=\"column-8\">bellegra@cri.it<\/td>\n<\/tr>\n<tr class=\"row-39\">\n\t<td class=\"column-1\"><a href=\"https:\/\/cri.it\/lazio\/wp-content\/uploads\/sites\/9\/2023\/01\/15_PRESIDI-SOLIDALI-PER-LA-RESILIENZA.pdf\" class=\"mtli_attachment mtli_pdf\">PRESIDI SOLIDALI PER LA RESILIENZA<\/a><\/td><td class=\"column-2\">PTCSU0022422012634NMTX<\/td><td class=\"column-3\">CRI Comitato di Bellegra<\/td><td class=\"column-4\">Croce Rossa Italiana Comitato di Bellegra<\/td><td class=\"column-5\">183818<\/td><td class=\"column-6\">BELLEGRA<\/td><td class=\"column-7\">2<\/td><td class=\"column-8\">bellegra@cri.it<\/td>\n<\/tr>\n<tr class=\"row-40\">\n\t<td class=\"column-1\"><a href=\"https:\/\/cri.it\/lazio\/wp-content\/uploads\/sites\/9\/2023\/01\/17_PROTEZIONE-CIVILE-E-SALUTE-IN-NORD-ITALIA.pdf\" class=\"mtli_attachment mtli_pdf\">PROTEZIONE CIVILE E SALUTE IN NORD ITALIA<\/a><\/td><td class=\"column-2\">PTCSU0022422012628NMTX<\/td><td class=\"column-3\">CRI Comitato di Bellegra<\/td><td class=\"column-4\">Croce Rossa Italiana Comitato di Bellegra<\/td><td class=\"column-5\">183818<\/td><td class=\"column-6\">BELLEGRA<\/td><td class=\"column-7\">3<\/td><td class=\"column-8\">bellegra@cri.it<\/td>\n<\/tr>\n<tr class=\"row-41\">\n\t<td class=\"column-1\"><a href=\"https:\/\/cri.it\/lazio\/wp-content\/uploads\/sites\/9\/2023\/01\/16_RESILIENZA-E-PROTEZIONE-CIVILE.pdf\" class=\"mtli_attachment mtli_pdf\">RESILIENZA E PROTEZIONE CIVILE<\/a><\/td><td class=\"column-2\">PTCSU0022422012635NMTX<\/td><td class=\"column-3\">CRI Comitato di Bellegra<\/td><td class=\"column-4\">Croce Rossa Italiana Comitato di Bellegra<\/td><td class=\"column-5\">183818<\/td><td class=\"column-6\">BELLEGRA<\/td><td class=\"column-7\">3<\/td><td class=\"column-8\">bellegra@cri.it<\/td>\n<\/tr>\n<tr class=\"row-42\">\n\t<td class=\"column-1\"><a href=\"https:\/\/cri.it\/lazio\/wp-content\/uploads\/sites\/9\/2023\/01\/26_RESILIENZA-E-PROTEZIONE-CIVILE-SCU-2022.pdf\" class=\"mtli_attachment mtli_pdf\">RESILIENZA E PROTEZIONE CIVILE SCU 2022<\/a><\/td><td class=\"column-2\">PTCSU0022422013061NMTX<\/td><td class=\"column-3\">CRI Comitato di Bellegra<\/td><td class=\"column-4\">Croce Rossa Italiana Comitato di Bellegra<\/td><td class=\"column-5\">183818<\/td><td class=\"column-6\">BELLEGRA<\/td><td class=\"column-7\">1<\/td><td class=\"column-8\">bellegra@cri.it<\/td>\n<\/tr>\n<tr class=\"row-43\">\n\t<td class=\"column-1\"><a href=\"https:\/\/cri.it\/lazio\/wp-content\/uploads\/sites\/9\/2023\/01\/6_ASSISTENZA-E-UGUAGLIANZA-PER-TUTTI-CENTRO-ITALIA_NUOVO.pdf\" class=\"mtli_attachment mtli_pdf\">ASSISTENZA E UGUAGLIANZA PER TUTTI IN CENTRO ITALIA<\/a><\/td><td class=\"column-2\">PTCSU0022422012646NMTX<\/td><td class=\"column-3\">CRI Comitato di Bellegra<\/td><td class=\"column-4\">Croce Rossa Italiana Comitato di Bellegra &#8211; Sede di Olevano Romano<\/td><td class=\"column-5\">183820<\/td><td class=\"column-6\">OLEVANO ROMANO<\/td><td class=\"column-7\">2<\/td><td class=\"column-8\">bellegra@cri.it<\/td>\n<\/tr>\n<tr class=\"row-44\">\n\t<td class=\"column-1\"><a href=\"https:\/\/cri.it\/lazio\/wp-content\/uploads\/sites\/9\/2023\/01\/15_PRESIDI-SOLIDALI-PER-LA-RESILIENZA.pdf\" class=\"mtli_attachment mtli_pdf\">PRESIDI SOLIDALI PER LA RESILIENZA<\/a><\/td><td class=\"column-2\">PTCSU0022422012634NMTX<\/td><td class=\"column-3\">CRI Comitato di Bellegra<\/td><td class=\"column-4\">Croce Rossa Italiana Comitato di Bellegra &#8211; Sede di Olevano Romano<\/td><td class=\"column-5\">183820<\/td><td class=\"column-6\">OLEVANO ROMANO<\/td><td class=\"column-7\">2<\/td><td class=\"column-8\">bellegra@cri.it<\/td>\n<\/tr>\n<tr class=\"row-45\">\n\t<td class=\"column-1\"><a href=\"https:\/\/cri.it\/lazio\/wp-content\/uploads\/sites\/9\/2023\/01\/20_PROTEZIONE-CIVILE-E-SALUTE-NEL-SUD-ITALIA.pdf\" class=\"mtli_attachment mtli_pdf\">PROTEZIONE CIVILE E SALUTE NEL SUD ITALIA<\/a><\/td><td class=\"column-2\">PTCSU0022422012632NMTX<\/td><td class=\"column-3\">CRI Comitato di Bellegra<\/td><td class=\"column-4\">Croce Rossa Italiana Comitato di Bellegra &#8211; Sede di Olevano Romano<\/td><td class=\"column-5\">183820<\/td><td class=\"column-6\">OLEVANO ROMANO<\/td><td class=\"column-7\">2<\/td><td class=\"column-8\">bellegra@cri.it<\/td>\n<\/tr>\n<tr class=\"row-46\">\n\t<td class=\"column-1\"><a href=\"https:\/\/cri.it\/lazio\/wp-content\/uploads\/sites\/9\/2023\/01\/7_ASSISTENZA-SANITARIA-PER-TUTTI-IN-CENTRO-ITALIA_NUOVO.pdf\" class=\"mtli_attachment mtli_pdf\">ASSISTENZA SANITARIA PER TUTTI IN CENTRO ITALIA<\/a><\/td><td class=\"column-2\">PTCSU0022422012647NMTX<\/td><td class=\"column-3\">CRI Comitato di Ciampino<\/td><td class=\"column-4\">Croce Rossa Italiana Comitato di Ciampino 1<\/td><td class=\"column-5\">183843<\/td><td class=\"column-6\">CIAMPINO<\/td><td class=\"column-7\">2<\/td><td class=\"column-8\">ciampino@cri.it<\/td>\n<\/tr>\n<tr class=\"row-47\">\n\t<td class=\"column-1\"><a href=\"https:\/\/cri.it\/lazio\/wp-content\/uploads\/sites\/9\/2023\/01\/15_PRESIDI-SOLIDALI-PER-LA-RESILIENZA.pdf\" class=\"mtli_attachment mtli_pdf\">PRESIDI SOLIDALI PER LA RESILIENZA<\/a><\/td><td class=\"column-2\">PTCSU0022422012634NMTX<\/td><td class=\"column-3\">CRI Comitato di Ciampino<\/td><td class=\"column-4\">Croce Rossa Italiana Comitato di Ciampino 1<\/td><td class=\"column-5\">183843<\/td><td class=\"column-6\">CIAMPINO<\/td><td class=\"column-7\">2<\/td><td class=\"column-8\">ciampino@cri.it<\/td>\n<\/tr>\n<tr class=\"row-48\">\n\t<td class=\"column-1\"><a href=\"https:\/\/cri.it\/lazio\/wp-content\/uploads\/sites\/9\/2023\/01\/21_SALUTE-E-SERVIZI-DI-TRASPORTO-NEL-SUD-ITALIA.pdf\" class=\"mtli_attachment mtli_pdf\">SALUTE E SERVIZI DI TRASPORTO NEL SUD ITALIA<\/a><\/td><td class=\"column-2\">PTCSU0022422012631NMTX<\/td><td class=\"column-3\">CRI Comitato di Ciampino<\/td><td class=\"column-4\">Croce Rossa Italiana Comitato di Ciampino 1<\/td><td class=\"column-5\">183843<\/td><td class=\"column-6\">CIAMPINO<\/td><td class=\"column-7\">2<\/td><td class=\"column-8\">ciampino@cri.it<\/td>\n<\/tr>\n<tr class=\"row-49\">\n\t<td class=\"column-1\"><a href=\"https:\/\/cri.it\/lazio\/wp-content\/uploads\/sites\/9\/2023\/01\/6_ASSISTENZA-E-UGUAGLIANZA-PER-TUTTI-CENTRO-ITALIA_NUOVO.pdf\" class=\"mtli_attachment mtli_pdf\">ASSISTENZA E UGUAGLIANZA PER TUTTI IN CENTRO ITALIA<\/a><\/td><td class=\"column-2\">PTCSU0022422012646NMTX<\/td><td class=\"column-3\">CRI Comitato di Civitavecchia<\/td><td class=\"column-4\">Croce Rossa Italiana Comitato di Civitavecchia<\/td><td class=\"column-5\">183849<\/td><td class=\"column-6\">CIVITAVECCHIA<\/td><td class=\"column-7\">3<\/td><td class=\"column-8\">civitavecchia@cri.it<\/td>\n<\/tr>\n<tr class=\"row-50\">\n\t<td class=\"column-1\"><a href=\"https:\/\/cri.it\/lazio\/wp-content\/uploads\/sites\/9\/2023\/01\/2_INCLUSIONE-SOCIALE-CONTRO-LE-DISUGUAGLIANZE.pdf\" class=\"mtli_attachment mtli_pdf\">INCLUSIONE SOCIALE CONTRO LE DISUGUAGLIANZE<\/a><\/td><td class=\"column-2\">PTCSU0022422012650NMTX<\/td><td class=\"column-3\">CRI Comitato di Civitavecchia<\/td><td class=\"column-4\">Croce Rossa Italiana Comitato di Civitavecchia<\/td><td class=\"column-5\">183849<\/td><td class=\"column-6\">CIVITAVECCHIA<\/td><td class=\"column-7\">2<\/td><td class=\"column-8\">civitavecchia@cri.it<\/td>\n<\/tr>\n<tr class=\"row-51\">\n\t<td class=\"column-1\"><a href=\"https:\/\/cri.it\/lazio\/wp-content\/uploads\/sites\/9\/2023\/01\/27_INCLUSIONE-SOCIALE-CONTRO-LE-DISUGUAGLIANZE-SCU-2022_NUOVO.pdf\" class=\"mtli_attachment mtli_pdf\">INCLUSIONE SOCIALE CONTRO LE DISUGUAGLIANZE SCU 2022<\/a><\/td><td class=\"column-2\">PTCSU0022422013049NMTX<\/td><td class=\"column-3\">CRI Comitato di Civitavecchia<\/td><td class=\"column-4\">Croce Rossa Italiana Comitato di Civitavecchia<\/td><td class=\"column-5\">183849<\/td><td class=\"column-6\">CIVITAVECCHIA<\/td><td class=\"column-7\">1<\/td><td class=\"column-8\">civitavecchia@cri.it<\/td>\n<\/tr>\n<tr class=\"row-52\">\n\t<td class=\"column-1\"><a href=\"https:\/\/cri.it\/lazio\/wp-content\/uploads\/sites\/9\/2023\/01\/7_ASSISTENZA-SANITARIA-PER-TUTTI-IN-CENTRO-ITALIA_NUOVO.pdf\" class=\"mtli_attachment mtli_pdf\">ASSISTENZA SANITARIA PER TUTTI IN CENTRO ITALIA<\/a><\/td><td class=\"column-2\">PTCSU0022422012647NMTX<\/td><td class=\"column-3\">CRI Comitato di Civitavecchia<\/td><td class=\"column-4\">Croce Rossa Italiana Comitato di Civitavecchia &#8211; autoparco<\/td><td class=\"column-5\">183850<\/td><td class=\"column-6\">CIVITAVECCHIA<\/td><td class=\"column-7\">3<\/td><td class=\"column-8\">civitavecchia@cri.it<\/td>\n<\/tr>\n<tr class=\"row-53\">\n\t<td class=\"column-1\"><a href=\"https:\/\/cri.it\/lazio\/wp-content\/uploads\/sites\/9\/2023\/01\/21_SALUTE-E-SERVIZI-DI-TRASPORTO-NEL-SUD-ITALIA.pdf\" class=\"mtli_attachment mtli_pdf\">SALUTE E SERVIZI DI TRASPORTO NEL SUD ITALIA<\/a><\/td><td class=\"column-2\">PTCSU0022422012631NMTX<\/td><td class=\"column-3\">CRI Comitato di Civitavecchia<\/td><td class=\"column-4\">Croce Rossa Italiana Comitato di Civitavecchia &#8211; autoparco<\/td><td class=\"column-5\">183850<\/td><td class=\"column-6\">CIVITAVECCHIA<\/td><td class=\"column-7\">3<\/td><td class=\"column-8\">civitavecchia@cri.it<\/td>\n<\/tr>\n<tr class=\"row-54\">\n\t<td class=\"column-1\"><a href=\"https:\/\/cri.it\/lazio\/wp-content\/uploads\/sites\/9\/2023\/01\/6_ASSISTENZA-E-UGUAGLIANZA-PER-TUTTI-CENTRO-ITALIA_NUOVO.pdf\" class=\"mtli_attachment mtli_pdf\">ASSISTENZA E UGUAGLIANZA PER TUTTI IN CENTRO ITALIA<\/a><\/td><td class=\"column-2\">PTCSU0022422012646NMTX<\/td><td class=\"column-3\">CRI Comitato di Civitavecchia<\/td><td class=\"column-4\">Croce Rossa Italiana Comitato di Civitavecchia &#8211; sede distribuzione<\/td><td class=\"column-5\">183852<\/td><td class=\"column-6\">CIVITAVECCHIA<\/td><td class=\"column-7\">3<\/td><td class=\"column-8\">civitavecchia@cri.it<\/td>\n<\/tr>\n<tr class=\"row-55\">\n\t<td class=\"column-1\"><a href=\"https:\/\/cri.it\/lazio\/wp-content\/uploads\/sites\/9\/2023\/01\/15_PRESIDI-SOLIDALI-PER-LA-RESILIENZA.pdf\" class=\"mtli_attachment mtli_pdf\">PRESIDI SOLIDALI PER LA RESILIENZA<\/a><\/td><td class=\"column-2\">PTCSU0022422012634NMTX<\/td><td class=\"column-3\">CRI Comitato di Civitavecchia<\/td><td class=\"column-4\">Croce Rossa Italiana Comitato di Civitavecchia &#8211; sede distribuzione<\/td><td class=\"column-5\">183852<\/td><td class=\"column-6\">CIVITAVECCHIA<\/td><td class=\"column-7\">2<\/td><td class=\"column-8\">civitavecchia@cri.it<\/td>\n<\/tr>\n<tr class=\"row-56\">\n\t<td class=\"column-1\"><a href=\"https:\/\/cri.it\/lazio\/wp-content\/uploads\/sites\/9\/2023\/01\/28_PRESIDI-SOLIDALI-PER-LA-RESILIENZA-SCU-2022_NUOVO.pdf\" class=\"mtli_attachment mtli_pdf\">PRESIDI SOLIDALI PER LA RESILIENZA SCU 2022<\/a><\/td><td class=\"column-2\">PTCSU0022422013050NMTX<\/td><td class=\"column-3\">CRI Comitato di Civitavecchia<\/td><td class=\"column-4\">Croce Rossa Italiana Comitato di Civitavecchia &#8211; sede distribuzione<\/td><td class=\"column-5\">183852<\/td><td class=\"column-6\">CIVITAVECCHIA<\/td><td class=\"column-7\">1<\/td><td class=\"column-8\">civitavecchia@cri.it<\/td>\n<\/tr>\n<tr class=\"row-57\">\n\t<td class=\"column-1\"><a href=\"https:\/\/cri.it\/lazio\/wp-content\/uploads\/sites\/9\/2023\/01\/6_ASSISTENZA-E-UGUAGLIANZA-PER-TUTTI-CENTRO-ITALIA_NUOVO.pdf\" class=\"mtli_attachment mtli_pdf\">ASSISTENZA E UGUAGLIANZA PER TUTTI IN CENTRO ITALIA<\/a><\/td><td class=\"column-2\">PTCSU0022422012646NMTX<\/td><td class=\"column-3\">CRI Comitato di Colli Albani<\/td><td class=\"column-4\">Croce Rossa Italiana Comitato di Colli Albani<\/td><td class=\"column-5\">205110<\/td><td class=\"column-6\">MARINO<\/td><td class=\"column-7\">5<\/td><td class=\"column-8\">collialbani@cri.it<\/td>\n<\/tr>\n<tr class=\"row-58\">\n\t<td class=\"column-1\"><a href=\"https:\/\/cri.it\/lazio\/wp-content\/uploads\/sites\/9\/2023\/01\/29_ASSISTENZA-E-UGUAGLIANZA-PER-TUTTI-IN-CENTRO-ITALIA-SCU-2022_NUOVO.pdf\" class=\"mtli_attachment mtli_pdf\">ASSISTENZA E UGUAGLIANZA PER TUTTI IN CENTRO ITALIA SCU 2022<\/a><\/td><td class=\"column-2\">PTCSU0022422013052NMTX<\/td><td class=\"column-3\">CRI Comitato di Colli Albani<\/td><td class=\"column-4\">Croce Rossa Italiana Comitato di Colli Albani<\/td><td class=\"column-5\">205110<\/td><td class=\"column-6\">MARINO<\/td><td class=\"column-7\">1<\/td><td class=\"column-8\">collialbani@cri.it<\/td>\n<\/tr>\n<tr class=\"row-59\">\n\t<td class=\"column-1\"><a href=\"https:\/\/cri.it\/lazio\/wp-content\/uploads\/sites\/9\/2023\/01\/6_ASSISTENZA-E-UGUAGLIANZA-PER-TUTTI-CENTRO-ITALIA_NUOVO.pdf\" class=\"mtli_attachment mtli_pdf\">ASSISTENZA E UGUAGLIANZA PER TUTTI IN CENTRO ITALIA<\/a><\/td><td class=\"column-2\">PTCSU0022422012646NMTX<\/td><td class=\"column-3\">CRI Comitato di Guidonia<\/td><td class=\"column-4\">Croce Rossa Italiana Comitato di Guidonia Montecelio &#8211; sede operativa<\/td><td class=\"column-5\">183876<\/td><td class=\"column-6\">GUIDONIA MONTECELIO<\/td><td class=\"column-7\">2<\/td><td class=\"column-8\">guidonia@cri.it<\/td>\n<\/tr>\n<tr class=\"row-60\">\n\t<td class=\"column-1\"><a href=\"https:\/\/cri.it\/lazio\/wp-content\/uploads\/sites\/9\/2023\/01\/7_ASSISTENZA-SANITARIA-PER-TUTTI-IN-CENTRO-ITALIA_NUOVO.pdf\" class=\"mtli_attachment mtli_pdf\">ASSISTENZA SANITARIA PER TUTTI IN CENTRO ITALIA<\/a><\/td><td class=\"column-2\">PTCSU0022422012647NMTX<\/td><td class=\"column-3\">CRI Comitato di Guidonia<\/td><td class=\"column-4\">Croce Rossa Italiana Comitato di Guidonia Montecelio &#8211; sede operativa<\/td><td class=\"column-5\">183876<\/td><td class=\"column-6\">GUIDONIA MONTECELIO<\/td><td class=\"column-7\">2<\/td><td class=\"column-8\">guidonia@cri.it<\/td>\n<\/tr>\n<tr class=\"row-61\">\n\t<td class=\"column-1\"><a href=\"https:\/\/cri.it\/lazio\/wp-content\/uploads\/sites\/9\/2023\/01\/6_ASSISTENZA-E-UGUAGLIANZA-PER-TUTTI-CENTRO-ITALIA_NUOVO.pdf\" class=\"mtli_attachment mtli_pdf\">ASSISTENZA E UGUAGLIANZA PER TUTTI IN CENTRO ITALIA<\/a><\/td><td class=\"column-2\">PTCSU0022422012646NMTX<\/td><td class=\"column-3\">CRI Comitato di Sabatino<\/td><td class=\"column-4\">Croce Rossa Italiana Comitato di Sabatino<\/td><td class=\"column-5\">184376<\/td><td class=\"column-6\">ANGUILLARA SABAZIA<\/td><td class=\"column-7\">1<\/td><td class=\"column-8\">sabatino@cri.it<\/td>\n<\/tr>\n<tr class=\"row-62\">\n\t<td class=\"column-1\"><a href=\"https:\/\/cri.it\/lazio\/wp-content\/uploads\/sites\/9\/2023\/01\/7_ASSISTENZA-SANITARIA-PER-TUTTI-IN-CENTRO-ITALIA_NUOVO.pdf\" class=\"mtli_attachment mtli_pdf\">ASSISTENZA SANITARIA PER TUTTI IN CENTRO ITALIA<\/a><\/td><td class=\"column-2\">PTCSU0022422012647NMTX<\/td><td class=\"column-3\">CRI Comitato di Sabatino<\/td><td class=\"column-4\">Croce Rossa Italiana Comitato di Sabatino<\/td><td class=\"column-5\">184376<\/td><td class=\"column-6\">ANGUILLARA SABAZIA<\/td><td class=\"column-7\">2<\/td><td class=\"column-8\">sabatino@cri.it<\/td>\n<\/tr>\n<tr class=\"row-63\">\n\t<td class=\"column-1\"><a href=\"https:\/\/cri.it\/lazio\/wp-content\/uploads\/sites\/9\/2023\/01\/21_SALUTE-E-SERVIZI-DI-TRASPORTO-NEL-SUD-ITALIA.pdf\" class=\"mtli_attachment mtli_pdf\">SALUTE E SERVIZI DI TRASPORTO NEL SUD ITALIA<\/a><\/td><td class=\"column-2\">PTCSU0022422012631NMTX<\/td><td class=\"column-3\">CRI Comitato di Sabatino<\/td><td class=\"column-4\">Croce Rossa Italiana Comitato di Sabatino<\/td><td class=\"column-5\">184376<\/td><td class=\"column-6\">ANGUILLARA SABAZIA<\/td><td class=\"column-7\">3<\/td><td class=\"column-8\">sabatino@cri.it<\/td>\n<\/tr>\n<tr class=\"row-64\">\n\t<td class=\"column-1\"><a href=\"https:\/\/cri.it\/lazio\/wp-content\/uploads\/sites\/9\/2023\/01\/6_ASSISTENZA-E-UGUAGLIANZA-PER-TUTTI-CENTRO-ITALIA_NUOVO.pdf\" class=\"mtli_attachment mtli_pdf\">ASSISTENZA E UGUAGLIANZA PER TUTTI IN CENTRO ITALIA<\/a><\/td><td class=\"column-2\">PTCSU0022422012646NMTX<\/td><td class=\"column-3\">CRI Comitato di Sabatino<\/td><td class=\"column-4\">Croce Rossa Italiana Comitato di Manziana<\/td><td class=\"column-5\">184314<\/td><td class=\"column-6\">MANZIANA<\/td><td class=\"column-7\">1<\/td><td class=\"column-8\">sabatino@cri.it<\/td>\n<\/tr>\n<tr class=\"row-65\">\n\t<td class=\"column-1\"><a href=\"https:\/\/cri.it\/lazio\/wp-content\/uploads\/sites\/9\/2023\/01\/7_ASSISTENZA-SANITARIA-PER-TUTTI-IN-CENTRO-ITALIA_NUOVO.pdf\" class=\"mtli_attachment mtli_pdf\">ASSISTENZA SANITARIA PER TUTTI IN CENTRO ITALIA<\/a><\/td><td class=\"column-2\">PTCSU0022422012647NMTX<\/td><td class=\"column-3\">CRI Comitato di Sabatino<\/td><td class=\"column-4\">Croce Rossa Italiana Comitato di Manziana<\/td><td class=\"column-5\">184314<\/td><td class=\"column-6\">MANZIANA<\/td><td class=\"column-7\">2<\/td><td class=\"column-8\">sabatino@cri.it<\/td>\n<\/tr>\n<tr class=\"row-66\">\n\t<td class=\"column-1\"><a href=\"https:\/\/cri.it\/lazio\/wp-content\/uploads\/sites\/9\/2023\/01\/21_SALUTE-E-SERVIZI-DI-TRASPORTO-NEL-SUD-ITALIA.pdf\" class=\"mtli_attachment mtli_pdf\">SALUTE E SERVIZI DI TRASPORTO NEL SUD ITALIA<\/a><\/td><td class=\"column-2\">PTCSU0022422012631NMTX<\/td><td class=\"column-3\">CRI Comitato di Sabatino<\/td><td class=\"column-4\">Croce Rossa Italiana Comitato di Manziana<\/td><td class=\"column-5\">184314<\/td><td class=\"column-6\">MANZIANA<\/td><td class=\"column-7\">3<\/td><td class=\"column-8\">sabatino@cri.it<\/td>\n<\/tr>\n<tr class=\"row-67\">\n\t<td class=\"column-1\"><a href=\"https:\/\/cri.it\/lazio\/wp-content\/uploads\/sites\/9\/2023\/01\/15_PRESIDI-SOLIDALI-PER-LA-RESILIENZA.pdf\" class=\"mtli_attachment mtli_pdf\">PRESIDI SOLIDALI PER LA RESILIENZA<\/a><\/td><td class=\"column-2\">PTCSU0022422012634NMTX<\/td><td class=\"column-3\">CRI Comitato di Orte<\/td><td class=\"column-4\">Croce Rossa Italiana Comitato di Orte<\/td><td class=\"column-5\">183905<\/td><td class=\"column-6\">ORTE<\/td><td class=\"column-7\">6<\/td><td class=\"column-8\">orte@cri.it<\/td>\n<\/tr>\n<tr class=\"row-68\">\n\t<td class=\"column-1\"><a href=\"https:\/\/cri.it\/lazio\/wp-content\/uploads\/sites\/9\/2023\/01\/21_SALUTE-E-SERVIZI-DI-TRASPORTO-NEL-SUD-ITALIA.pdf\" class=\"mtli_attachment mtli_pdf\">SALUTE E SERVIZI DI TRASPORTO NEL SUD ITALIA<\/a><\/td><td class=\"column-2\">PTCSU0022422012631NMTX<\/td><td class=\"column-3\">CRI Comitato di Orte<\/td><td class=\"column-4\">Croce Rossa Italiana Comitato di Orte<\/td><td class=\"column-5\">183905<\/td><td class=\"column-6\">ORTE<\/td><td class=\"column-7\">6<\/td><td class=\"column-8\">orte@cri.it<\/td>\n<\/tr>\n<tr class=\"row-69\">\n\t<td class=\"column-1\"><a href=\"https:\/\/cri.it\/lazio\/wp-content\/uploads\/sites\/9\/2023\/01\/6_ASSISTENZA-E-UGUAGLIANZA-PER-TUTTI-CENTRO-ITALIA_NUOVO.pdf\" class=\"mtli_attachment mtli_pdf\">ASSISTENZA E UGUAGLIANZA PER TUTTI IN CENTRO ITALIA<\/a><\/td><td class=\"column-2\">PTCSU0022422012646NMTX<\/td><td class=\"column-3\">CRI Comitato di Paliano<\/td><td class=\"column-4\">Croce Rossa Italiana Comitato di Paliano<\/td><td class=\"column-5\">183907<\/td><td class=\"column-6\">PALIANO<\/td><td class=\"column-7\">2<\/td><td class=\"column-8\">paliano@cri.it<\/td>\n<\/tr>\n<tr class=\"row-70\">\n\t<td class=\"column-1\"><a href=\"https:\/\/cri.it\/lazio\/wp-content\/uploads\/sites\/9\/2023\/01\/15_PRESIDI-SOLIDALI-PER-LA-RESILIENZA.pdf\" class=\"mtli_attachment mtli_pdf\">PRESIDI SOLIDALI PER LA RESILIENZA<\/a><\/td><td class=\"column-2\">PTCSU0022422012634NMTX<\/td><td class=\"column-3\">CRI Comitato di Paliano<\/td><td class=\"column-4\">Croce Rossa Italiana Comitato di Paliano<\/td><td class=\"column-5\">183907<\/td><td class=\"column-6\">PALIANO<\/td><td class=\"column-7\">2<\/td><td class=\"column-8\">paliano@cri.it<\/td>\n<\/tr>\n<tr class=\"row-71\">\n\t<td class=\"column-1\"><a href=\"https:\/\/cri.it\/lazio\/wp-content\/uploads\/sites\/9\/2023\/01\/21_SALUTE-E-SERVIZI-DI-TRASPORTO-NEL-SUD-ITALIA.pdf\" class=\"mtli_attachment mtli_pdf\">SALUTE E SERVIZI DI TRASPORTO NEL SUD ITALIA<\/a><\/td><td class=\"column-2\">PTCSU0022422012631NMTX<\/td><td class=\"column-3\">CRI Comitato di Paliano<\/td><td class=\"column-4\">Croce Rossa Italiana Comitato di Paliano<\/td><td class=\"column-5\">183907<\/td><td class=\"column-6\">PALIANO<\/td><td class=\"column-7\">2<\/td><td class=\"column-8\">paliano@cri.it<\/td>\n<\/tr>\n<tr class=\"row-72\">\n\t<td class=\"column-1\"><a href=\"https:\/\/cri.it\/lazio\/wp-content\/uploads\/sites\/9\/2023\/01\/6_ASSISTENZA-E-UGUAGLIANZA-PER-TUTTI-CENTRO-ITALIA_NUOVO.pdf\" class=\"mtli_attachment mtli_pdf\">ASSISTENZA E UGUAGLIANZA PER TUTTI IN CENTRO ITALIA<\/a><\/td><td class=\"column-2\">PTCSU0022422012646NMTX<\/td><td class=\"column-3\">CRI Comitato di Ronciglione<\/td><td class=\"column-4\">Croce Rossa Italiana Comitato di Ronciglione<\/td><td class=\"column-5\">183919<\/td><td class=\"column-6\">RONCIGLIONE<\/td><td class=\"column-7\">3<\/td><td class=\"column-8\">ronciglione@cri.it<\/td>\n<\/tr>\n<tr class=\"row-73\">\n\t<td class=\"column-1\"><a href=\"https:\/\/cri.it\/lazio\/wp-content\/uploads\/sites\/9\/2023\/01\/21_SALUTE-E-SERVIZI-DI-TRASPORTO-NEL-SUD-ITALIA.pdf\" class=\"mtli_attachment mtli_pdf\">SALUTE E SERVIZI DI TRASPORTO NEL SUD ITALIA<\/a><\/td><td class=\"column-2\">PTCSU0022422012631NMTX<\/td><td class=\"column-3\">CRI Comitato di Ronciglione<\/td><td class=\"column-4\">Croce Rossa Italiana Comitato di Ronciglione<\/td><td class=\"column-5\">183919<\/td><td class=\"column-6\">RONCIGLIONE<\/td><td class=\"column-7\">3<\/td><td class=\"column-8\">ronciglione@cri.it<\/td>\n<\/tr>\n<tr class=\"row-74\">\n\t<td class=\"column-1\"><a href=\"https:\/\/cri.it\/lazio\/wp-content\/uploads\/sites\/9\/2023\/01\/6_ASSISTENZA-E-UGUAGLIANZA-PER-TUTTI-CENTRO-ITALIA_NUOVO.pdf\" class=\"mtli_attachment mtli_pdf\">ASSISTENZA E UGUAGLIANZA PER TUTTI IN CENTRO ITALIA<\/a><\/td><td class=\"column-2\">PTCSU0022422012646NMTX<\/td><td class=\"column-3\">CRI Comitato di Santa Severa &#8211; Santa Marinella<\/td><td class=\"column-4\">Croce Rossa Italiana Comitato di Santa Severa &#8211; Santa Marinella<\/td><td class=\"column-5\">183927<\/td><td class=\"column-6\">SANTA MARINELLA<\/td><td class=\"column-7\">3<\/td><td class=\"column-8\">santasevera@cri.it <\/td>\n<\/tr>\n<tr class=\"row-75\">\n\t<td class=\"column-1\"><a href=\"https:\/\/cri.it\/lazio\/wp-content\/uploads\/sites\/9\/2023\/01\/15_PRESIDI-SOLIDALI-PER-LA-RESILIENZA.pdf\" class=\"mtli_attachment mtli_pdf\">PRESIDI SOLIDALI PER LA RESILIENZA<\/a><\/td><td class=\"column-2\">PTCSU0022422012634NMTX<\/td><td class=\"column-3\">CRI Comitato di Santa Severa &#8211; Santa Marinella<\/td><td class=\"column-4\">Croce Rossa Italiana Comitato di Santa Severa &#8211; Santa Marinella<\/td><td class=\"column-5\">183927<\/td><td class=\"column-6\">SANTA MARINELLA<\/td><td class=\"column-7\">3<\/td><td class=\"column-8\">santasevera@cri.it <\/td>\n<\/tr>\n<tr class=\"row-76\">\n\t<td class=\"column-1\"><a href=\"https:\/\/cri.it\/lazio\/wp-content\/uploads\/sites\/9\/2023\/01\/21_SALUTE-E-SERVIZI-DI-TRASPORTO-NEL-SUD-ITALIA.pdf\" class=\"mtli_attachment mtli_pdf\">SALUTE E SERVIZI DI TRASPORTO NEL SUD ITALIA<\/a><\/td><td class=\"column-2\">PTCSU0022422012631NMTX<\/td><td class=\"column-3\">CRI Comitato di Tusculum<\/td><td class=\"column-4\">Croce Rossa Italiana Comitato di Tusculum<\/td><td class=\"column-5\">183940<\/td><td class=\"column-6\">MONTE PORZIO CATONE<\/td><td class=\"column-7\">5<\/td><td class=\"column-8\">tusculum@cri.it<\/td>\n<\/tr>\n<tr class=\"row-77\">\n\t<td class=\"column-1\"><a href=\"https:\/\/cri.it\/lazio\/wp-content\/uploads\/sites\/9\/2023\/01\/1_CITTADINANZA-ITALIANA-ATTIVA-CONTRO-LE-DISUGUAGLIANZE.pdf\" class=\"mtli_attachment mtli_pdf\">CITTADINANZA ATTIVA CONTRO LE CITTADINANZE<\/a><\/td><td class=\"column-2\">PTCSU0022422012651NMTX<\/td><td class=\"column-3\">CRI Comitato di Tusculum<\/td><td class=\"column-4\">Croce Rossa Italiana Comitato di Tusculum &#8211; sede di Grottaferrata<\/td><td class=\"column-5\">183942<\/td><td class=\"column-6\">GROTTAFERRATA<\/td><td class=\"column-7\">3<\/td><td class=\"column-8\">tusculum@cri.it<\/td>\n<\/tr>\n<tr class=\"row-78\">\n\t<td class=\"column-1\"><a href=\"https:\/\/cri.it\/lazio\/wp-content\/uploads\/sites\/9\/2023\/01\/16_RESILIENZA-E-PROTEZIONE-CIVILE.pdf\" class=\"mtli_attachment mtli_pdf\">RESILIENZA E PROTEZIONE CIVILE<\/a><\/td><td class=\"column-2\">PTCSU0022422012635NMTX<\/td><td class=\"column-3\">CRI Comitato di Tusculum<\/td><td class=\"column-4\">Croce Rossa Italiana Comitato di Tusculum &#8211; sede di San Cesareo<\/td><td class=\"column-5\">183943<\/td><td class=\"column-6\">SAN CESAREO<\/td><td class=\"column-7\">3<\/td><td class=\"column-8\">tusculum@cri.it<\/td>\n<\/tr>\n<tr class=\"row-79\">\n\t<td class=\"column-1\"><a href=\"https:\/\/cri.it\/lazio\/wp-content\/uploads\/sites\/9\/2023\/01\/26_RESILIENZA-E-PROTEZIONE-CIVILE-SCU-2022.pdf\" class=\"mtli_attachment mtli_pdf\">RESILIENZA E PROTEZIONE CIVILE SCU 2022<\/a><\/td><td class=\"column-2\">PTCSU0022422013061NMTX<\/td><td class=\"column-3\">CRI Comitato di Tusculum<\/td><td class=\"column-4\">Croce Rossa Italiana Comitato di Tusculum &#8211; sede di San Cesareo<\/td><td class=\"column-5\">183943<\/td><td class=\"column-6\">SAN CESAREO<\/td><td class=\"column-7\">1<\/td><td class=\"column-8\">tusculum@cri.it<\/td>\n<\/tr>\n<tr class=\"row-80\">\n\t<td class=\"column-1\"><a href=\"https:\/\/cri.it\/lazio\/wp-content\/uploads\/sites\/9\/2023\/01\/6_ASSISTENZA-E-UGUAGLIANZA-PER-TUTTI-CENTRO-ITALIA_NUOVO.pdf\" class=\"mtli_attachment mtli_pdf\">ASSISTENZA E UGUAGLIANZA PER TUTTI IN CENTRO ITALIA<\/a><\/td><td class=\"column-2\">PTCSU0022422012646NMTX<\/td><td class=\"column-3\">CRI Comitato di Valle del Tevere<\/td><td class=\"column-4\">Croce Rossa Italiana Comitato di Valle del Tevere<\/td><td class=\"column-5\">204240<\/td><td class=\"column-6\">FIANO ROMANO<\/td><td class=\"column-7\">2<\/td><td class=\"column-8\">valledeltevere@cri.it<\/td>\n<\/tr>\n<tr class=\"row-81\">\n\t<td class=\"column-1\"><a href=\"https:\/\/cri.it\/lazio\/wp-content\/uploads\/sites\/9\/2023\/01\/21_SALUTE-E-SERVIZI-DI-TRASPORTO-NEL-SUD-ITALIA.pdf\" class=\"mtli_attachment mtli_pdf\">SALUTE E SERVIZI DI TRASPORTO NEL SUD ITALIA<\/a><\/td><td class=\"column-2\">PTCSU0022422012631NMTX<\/td><td class=\"column-3\">CRI Comitato di Valle del Tevere<\/td><td class=\"column-4\">Croce Rossa Italiana Comitato di Valle del Tevere<\/td><td class=\"column-5\">204240<\/td><td class=\"column-6\">FIANO ROMANO<\/td><td class=\"column-7\">2<\/td><td class=\"column-8\">valledeltevere@cri.it<\/td>\n<\/tr>\n<tr class=\"row-82\">\n\t<td class=\"column-1\"><a href=\"https:\/\/cri.it\/lazio\/wp-content\/uploads\/sites\/9\/2023\/01\/7_ASSISTENZA-SANITARIA-PER-TUTTI-IN-CENTRO-ITALIA_NUOVO.pdf\" class=\"mtli_attachment mtli_pdf\">ASSISTENZA SANITARIA PER TUTTI IN CENTRO ITALIA<\/a><\/td><td class=\"column-2\">PTCSU0022422012647NMTX<\/td><td class=\"column-3\">CRI Comitato di Viterbo<\/td><td class=\"column-4\">Croce Rossa Italiana Comitato di Viterbo<\/td><td class=\"column-5\">183963<\/td><td class=\"column-6\">VITERBO<\/td><td class=\"column-7\">3<\/td><td class=\"column-8\">viterbo@cri.it<\/td>\n<\/tr>\n<tr class=\"row-83\">\n\t<td class=\"column-1\"><a href=\"https:\/\/cri.it\/lazio\/wp-content\/uploads\/sites\/9\/2023\/01\/21_SALUTE-E-SERVIZI-DI-TRASPORTO-NEL-SUD-ITALIA.pdf\" class=\"mtli_attachment mtli_pdf\">SALUTE E SERVIZI DI TRASPORTO NEL SUD ITALIA<\/a><\/td><td class=\"column-2\">PTCSU0022422012631NMTX<\/td><td class=\"column-3\">CRI Comitato di Viterbo<\/td><td class=\"column-4\">Croce Rossa Italiana Comitato di Viterbo<\/td><td class=\"column-5\">183963<\/td><td class=\"column-6\">VITERBO<\/td><td class=\"column-7\">3<\/td><td class=\"column-8\">viterbo@cri.it<\/td>\n<\/tr>\n<tr class=\"row-84\">\n\t<td class=\"column-1\"><a href=\"https:\/\/cri.it\/lazio\/wp-content\/uploads\/sites\/9\/2023\/01\/20_PROTEZIONE-CIVILE-E-SALUTE-NEL-SUD-ITALIA.pdf\" class=\"mtli_attachment mtli_pdf\">PROTEZIONE CIVILE E SALUTE NEL SUD ITALIA<\/a><\/td><td class=\"column-2\">PTCSU0022422012632NMTX<\/td><td class=\"column-3\">CRI Municipi 2 &#8211; 3 di Roma<\/td><td class=\"column-4\">Croce Rossa Italiana Municipi 2 e 3 di Roma &#8211; Via dei campani<\/td><td class=\"column-5\">183979<\/td><td class=\"column-6\">ROMA<\/td><td class=\"column-7\">2<\/td><td class=\"column-8\">roma2-3@cri.it<\/td>\n<\/tr>\n<tr class=\"row-85\">\n\t<td class=\"column-1\"><a href=\"https:\/\/cri.it\/lazio\/wp-content\/uploads\/sites\/9\/2023\/01\/6_ASSISTENZA-E-UGUAGLIANZA-PER-TUTTI-CENTRO-ITALIA_NUOVO.pdf\" class=\"mtli_attachment mtli_pdf\">ASSISTENZA E UGUAGLIANZA PER TUTTI IN CENTRO ITALIA<\/a><\/td><td class=\"column-2\">PTCSU0022422012646NMTX<\/td><td class=\"column-3\">CRI Municipi 2 &#8211; 3 di Roma<\/td><td class=\"column-4\">Croce Rossa Italiana Municipi 2 e 3 di Roma &#8211; Via Monte Berico<\/td><td class=\"column-5\">183980<\/td><td class=\"column-6\">ROMA<\/td><td class=\"column-7\">2<\/td><td class=\"column-8\">roma2-3@cri.it<\/td>\n<\/tr>\n<tr class=\"row-86\">\n\t<td class=\"column-1\"><a href=\"https:\/\/cri.it\/lazio\/wp-content\/uploads\/sites\/9\/2023\/01\/15_PRESIDI-SOLIDALI-PER-LA-RESILIENZA.pdf\" class=\"mtli_attachment mtli_pdf\">PRESIDI SOLIDALI PER LA RESILIENZA<\/a><\/td><td class=\"column-2\">PTCSU0022422012634NMTX<\/td><td class=\"column-3\">CRI Municipi 2 &#8211; 3 di Roma<\/td><td class=\"column-4\">Croce Rossa Italiana Municipi 2 e 3 di Roma &#8211; Via Monte Berico<\/td><td class=\"column-5\">183980<\/td><td class=\"column-6\">ROMA<\/td><td class=\"column-7\">2<\/td><td class=\"column-8\">roma2-3@cri.it<\/td>\n<\/tr>\n<tr class=\"row-87\">\n\t<td class=\"column-1\"><a href=\"https:\/\/cri.it\/lazio\/wp-content\/uploads\/sites\/9\/2023\/01\/6_ASSISTENZA-E-UGUAGLIANZA-PER-TUTTI-CENTRO-ITALIA_NUOVO.pdf\" class=\"mtli_attachment mtli_pdf\">ASSISTENZA E UGUAGLIANZA PER TUTTI IN CENTRO ITALIA<\/a><\/td><td class=\"column-2\">PTCSU0022422012646NMTX<\/td><td class=\"column-3\">CRI Comitato di Pomezia<\/td><td class=\"column-4\">Croce Rossa Italiana Pomezia<\/td><td class=\"column-5\">183981<\/td><td class=\"column-6\">POMEZIA<\/td><td class=\"column-7\">2<\/td><td class=\"column-8\">pomezia@cri.it<\/td>\n<\/tr>\n<tr class=\"row-88\">\n\t<td class=\"column-1\"><a href=\"https:\/\/cri.it\/lazio\/wp-content\/uploads\/sites\/9\/2023\/01\/8_BENESSERE-E-PROTEZIONE-CIVILE-PER-TUTTI-IN-CENTRO-ITALIA_NUOVO.pdf\" class=\"mtli_attachment mtli_pdf\">BENESSERE E PROTEZIONE CIVILE PER TUTTI IN CENTRO ITALIA<\/a><\/td><td class=\"column-2\">PTCSU0022422012648NMTX<\/td><td class=\"column-3\">CRI Comitato di Pomezia<\/td><td class=\"column-4\">Croce Rossa Italiana Pomezia<\/td><td class=\"column-5\">183981<\/td><td class=\"column-6\">POMEZIA<\/td><td class=\"column-7\">2<\/td><td class=\"column-8\">pomezia@cri.it<\/td>\n<\/tr>\n<tr class=\"row-89\">\n\t<td class=\"column-1\"><a href=\"https:\/\/cri.it\/lazio\/wp-content\/uploads\/sites\/9\/2023\/01\/6_ASSISTENZA-E-UGUAGLIANZA-PER-TUTTI-CENTRO-ITALIA_NUOVO.pdf\" class=\"mtli_attachment mtli_pdf\">ASSISTENZA E UGUAGLIANZA PER TUTTI IN CENTRO ITALIA<\/a><\/td><td class=\"column-2\">PTCSU0022422012646NMTX<\/td><td class=\"column-3\">CRI Comitato dei Comuni dell&#8217;Appia<\/td><td class=\"column-4\">Croce Rossa Italiana Comitato dei Comuni dell&#8217;Appia<\/td><td class=\"column-5\">183798<\/td><td class=\"column-6\">ARICCIA<\/td><td class=\"column-7\">5<\/td><td class=\"column-8\">appia@cri.it<\/td>\n<\/tr>\n<tr class=\"row-90\">\n\t<td class=\"column-1\"><a href=\"https:\/\/cri.it\/lazio\/wp-content\/uploads\/sites\/9\/2023\/01\/29_ASSISTENZA-E-UGUAGLIANZA-PER-TUTTI-IN-CENTRO-ITALIA-SCU-2022_NUOVO.pdf\" class=\"mtli_attachment mtli_pdf\">ASSISTENZA E UGUAGLIANZA PER TUTTI IN CENTRO ITALIA SCU 2022<\/a><\/td><td class=\"column-2\">PTCSU0022422013052NMTX<\/td><td class=\"column-3\">CRI Comitato dei Comuni dell&#8217;Appia<\/td><td class=\"column-4\">Croce Rossa Italiana Comitato dei Comuni dell&#8217;Appia<\/td><td class=\"column-5\">183798<\/td><td class=\"column-6\">ARICCIA<\/td><td class=\"column-7\">1<\/td><td class=\"column-8\">appia@cri.it<\/td>\n<\/tr>\n<tr class=\"row-91\">\n\t<td class=\"column-1\"><a href=\"https:\/\/cri.it\/lazio\/wp-content\/uploads\/sites\/9\/2023\/01\/16_RESILIENZA-E-PROTEZIONE-CIVILE.pdf\" class=\"mtli_attachment mtli_pdf\">RESILIENZA E PROTEZIONE CIVILE<\/a><\/td><td class=\"column-2\">PTCSU0022422012635NMTX<\/td><td class=\"column-3\">Croce Rossa Italiana Comitato di Anzio &#8211; Nettuno<\/td><td class=\"column-4\">Croce Rossa Italiana Comitato di Anzio &#8211; Nettuno<\/td><td class=\"column-5\">183810<\/td><td class=\"column-6\">ANZIO<\/td><td class=\"column-7\">3<\/td><td class=\"column-8\">anzio@cri.it<\/td>\n<\/tr>\n<tr class=\"row-92\">\n\t<td class=\"column-1\"><a href=\"https:\/\/cri.it\/lazio\/wp-content\/uploads\/sites\/9\/2023\/01\/26_RESILIENZA-E-PROTEZIONE-CIVILE-SCU-2022.pdf\" class=\"mtli_attachment mtli_pdf\">RESILIENZA E PROTEZIONE CIVILE SCU 2022<\/a><\/td><td class=\"column-2\">PTCSU0022422013061NMTX<\/td><td class=\"column-3\">Croce Rossa Italiana Comitato di Anzio &#8211; Nettuno<\/td><td class=\"column-4\">Croce Rossa Italiana Comitato di Anzio &#8211; Nettuno<\/td><td class=\"column-5\">183810<\/td><td class=\"column-6\">ANZIO<\/td><td class=\"column-7\">1<\/td><td class=\"column-8\">anzio@cri.it<\/td>\n<\/tr>\n<\/tbody>\n<\/table>\n<!-- #tablepress-17 from cache --><\/p>\t\t\t\t\t\t\t\t<\/div>\n\t\t\t\t<\/div>\n\t\t\t\t\t<\/div>\n\t\t<\/div>\n\t\t\t\t\t<\/div>\n\t\t<\/section>\n\t\t\t\t<\/div>\n\t\t","protected":false},"excerpt":{"rendered":"<p>Bando Ordinario Servizio Civile Universale 2022 La Presidenza del Consiglio dei Ministri &#8211; Dipartimento per le Politiche Giovanili e il Servizio Civile Universale &#8211; ha pubblicato il bando per la selezione di 71.500 Operatori Volontari da impiegare in progetti afferenti a programmi di intervento di Servizio Civile Universale da realizzarsi [&hellip;]<\/p>\n","protected":false},"author":54,"featured_media":0,"parent":0,"menu_order":0,"comment_status":"closed","ping_status":"closed","template":"page-templates\/template-pagebuilder-full-width.php","meta":{"_themeisle_gutenberg_block_has_review":false,"footnotes":""},"categories":[],"tags":[],"class_list":["post-3482","page","type-page","status-publish","hentry"],"_links":{"self":[{"href":"https:\/\/cri.it\/lazio\/wp-json\/wp\/v2\/pages\/3482","targetHints":{"allow":["GET"]}}],"collection":[{"href":"https:\/\/cri.it\/lazio\/wp-json\/wp\/v2\/pages"}],"about":[{"href":"https:\/\/cri.it\/lazio\/wp-json\/wp\/v2\/types\/page"}],"author":[{"embeddable":true,"href":"https:\/\/cri.it\/lazio\/wp-json\/wp\/v2\/users\/54"}],"replies":[{"embeddable":true,"href":"https:\/\/cri.it\/lazio\/wp-json\/wp\/v2\/comments?post=3482"}],"version-history":[{"count":4,"href":"https:\/\/cri.it\/lazio\/wp-json\/wp\/v2\/pages\/3482\/revisions"}],"predecessor-version":[{"id":4388,"href":"https:\/\/cri.it\/lazio\/wp-json\/wp\/v2\/pages\/3482\/revisions\/4388"}],"wp:attachment":[{"href":"https:\/\/cri.it\/lazio\/wp-json\/wp\/v2\/media?parent=3482"}],"wp:term":[{"taxonomy":"category","embeddable":true,"href":"https:\/\/cri.it\/lazio\/wp-json\/wp\/v2\/categories?post=3482"},{"taxonomy":"post_tag","embeddable":true,"href":"https:\/\/cri.it\/lazio\/wp-json\/wp\/v2\/tags?post=3482"}],"curies":[{"name":"wp","href":"https:\/\/api.w.org\/{rel}","templated":true}]}}